{"id":836,"date":"2013-11-05T20:22:50","date_gmt":"2013-11-05T20:22:50","guid":{"rendered":"http:\/\/www.lecturavertical.com\/?page_id=836"},"modified":"2021-03-19T19:30:41","modified_gmt":"2021-03-19T19:30:41","slug":"como-funciona","status":"publish","type":"page","link":"https:\/\/www.lecturavertical.com\/es\/in-company_\/la-lectura-vertical\/como-funciona\/","title":{"rendered":"Como funciona"},"content":{"rendered":"<div style=\"padding: 5px 10px 10px 0px; width: 525px; float: left;\">\n<p align=\"LEFT\"><span style=\"font-family: Times New Roman,serif;\"><span style=\"font-size: medium;\"><img decoding=\"async\" loading=\"lazy\" class=\"alignnone size-full wp-image-211\" alt=\"rubik4\" src=\"http:\/\/www.lecturavertical.com\/wp-content\/uploads\/2013\/10\/rubik4-e1383641477478.jpg\" width=\"449\" height=\"159\" srcset=\"https:\/\/www.lecturavertical.com\/wp-content\/uploads\/2013\/10\/rubik4-e1383641477478.jpg 449w, https:\/\/www.lecturavertical.com\/wp-content\/uploads\/2013\/10\/rubik4-e1383641477478-300x106.jpg 300w\" sizes=\"(max-width: 449px) 100vw, 449px\" \/><br \/> <\/span><\/span><\/p>\n<p align=\"LEFT\"><span style=\"color: #808080;\"><strong>ESTE CURSO ES EMINENTEMENTE PR\u00c1CTICO Y PARTICIPATIVO<\/strong><\/span><\/p>\n<p><span style=\"color: #808080;\">Se desarrolla como un<strong> juego <\/strong>estimulante.<\/span><\/p>\n<p><span style=\"color: #808080;\">A trav\u00e9s del <strong>trabajo mental<\/strong> realizado con unos textos cortos y diferentes para cada sesi\u00f3n, se incide en aspectos emocionales, psicol\u00f3gicos e intelectuales de la personalidad de los participantes.<\/span><\/p>\n<p><span style=\"color: #ff9900;\"><b>Emocionales:<\/b><b> <\/b><\/span>La b\u00fasqueda del mismo objectivo realizada en com\u00fan, en peque\u00f1os grupos, libera la \u00abm\u00e1scara\u00bb social o profesional, y favorece la <strong>expresi\u00f3n espont\u00e1nea de los participantes,<\/strong> creando una sinton\u00eda de grupo (comunicaci\u00f3n emp\u00e1tica) a la vez que facilita el conocimiento interpersonal.<\/p>\n<p><span style=\"color: #ff9900;\"><b>Psicol\u00f3gicos:<\/b><\/span><b> <\/b>el esfuerzo de concentraci\u00f3n que implican los ejercicios mentales efectuados con la Lectura Vertical, tiene una <strong>funci\u00f3n anti-estr\u00e9s<\/strong> para los participantes sometidos a trabajos directivos de responsabilidad y una <strong>funci\u00f3n estimulante<\/strong> y<strong> motivadora<\/strong> para aquellos participantes que ejercen trabajos rutinarios y mon\u00f3tonos.<\/p>\n<p><span style=\"color: #ff9900;\"><b>Intelectuales:<\/b><b> <\/b><\/span>el trabajo con el lenguaje as\u00ed como la resoluci\u00f3n del \u00abconflicto-texto\u00bb con un esquema sint\u00e9tico, ayuda a <strong>estructurar la mente<\/strong> y a <strong>mejorar la expresi\u00f3n escrita.<\/strong><\/p>\n<p><span style=\"color: #ff9900;\"><b>El grupo:<\/b><\/span><b> <\/b>Este m\u00e9todo, asequible a todo el mundo, permite incluir, en un mismo grupo, diferentes categor\u00edas profesionales o laborales, <strong>eliminando barreras<\/strong> que dificultan las relaciones interpersonales. El \u00e9xito viene dado por la colaboraci\u00f3n y por la escucha activa entre las diferentes personas que forman el grupo.<\/p>\n<p><span style=\"color: #ff9900;\"><b>La creatividad: <\/b><\/span>La resoluci\u00f3n final del texto pone en juego y estimula la capacidad creativa. Es el resultado de la suma: \u00ab<strong>observaci\u00f3n + iniciativa + imaginaci\u00f3n<\/strong>\u00ab.<\/p>\n<p align=\"LEFT\"><span style=\"color: #808080;\">\u2028\u2028El curso se desarrolla en<strong> la propia empresa<\/strong> y siempre dentro del horario laboral. Se realiza <strong>en peque\u00f1os grupos<\/strong>. El n\u00famero ideal de participantes es <strong>entre 10 y 12 personas <\/strong><\/span><span style=\"color: #808080;\">pero podemos adaptarnos a las necesidades de cada organizaci\u00f3n. Las sesiones son de <strong>dos horas<\/strong>. <br \/>El trabajo es progresivo y se extiende a un total de<\/span><span style=\"color: #808080;\"> <strong>8 sesiones<\/strong>.<\/span><\/p>\n<p><span style=\"color: #808080;\">Podemos modificar la duraci\u00f3n del curso en funci\u00f3n de la disponibilidad de los participantes.<\/span><\/p>\n<div style=\"padding: 5px 10px; width: 380px; float: left;\">\n<div style=\"border: 1px solid #FF950E; padding: 5px 10px; width: 363px;\">Para organizar esta formaci\u00f3n en su empresa<br \/> <span style=\"color: #808080;\"> contacte con nosostros por e-mail\u00a0<\/span><br \/><a href=\"mailto:zeneida.sarda@gmail.com\">zeneida.sarda@gmail.com<\/a>\u00a0<span style=\"color: #808080;\">o<\/span><br \/> <span style=\"color: #808080;\"> por tel\u00e9fono al +34 699 455 946 (Barcelona).<\/span><\/div>\n<\/div>\n<div style=\"padding: 30px 10px 0px 10px; width: 132px; float: right; text-align: center;\"><a href=\"http:\/\/www.lecturavertical.com\/wp-content\/uploads\/2013\/10\/L.V._en_5_puntos.pdf\"><img decoding=\"async\" loading=\"lazy\" class=\"alignnone size-full wp-image-620\" alt=\"PDF\" src=\"http:\/\/www.lecturavertical.com\/wp-content\/uploads\/2013\/10\/PDF-e1383566097345.png\" width=\"40\" height=\"40\" \/><\/a><span style=\"float: right; width: 55px; line-height: 16px; margin-top: 10px; margin-left: 0px;\"><a href=\"http:\/\/www.lecturavertical.com\/wp-content\/uploads\/2013\/10\/L.V._en_5_puntos.pdf\">L.V. en 5 puntos<\/a><\/span><\/div>\n<style type=\"text\/css\"><!--\nP { margin-bottom: 0.21cm; }\n--><\/style>\n<\/div>\n<div id=\"gtx-trans\" style=\"position: absolute; left: 11px; top: 1121.14px;\">\u00a0<\/div>\n","protected":false},"excerpt":{"rendered":"<p>ESTE CURSO ES EMINENTEMENTE PR\u00c1CTICO Y PARTICIPATIVO Se desarrolla como un juego estimulante. A trav\u00e9s del trabajo mental realizado con unos textos cortos y diferentes para cada sesi\u00f3n, se incide en aspectos emocionales, psicol\u00f3gicos e intelectuales de la personalidad de los participantes. Emocionales: La b\u00fasqueda del mismo objectivo realizada en com\u00fan, en peque\u00f1os grupos, libera [&hellip;]<\/p>\n","protected":false},"author":2,"featured_media":0,"parent":816,"menu_order":0,"comment_status":"closed","ping_status":"closed","template":"","meta":[],"_links":{"self":[{"href":"https:\/\/www.lecturavertical.com\/es\/wp-json\/wp\/v2\/pages\/836"}],"collection":[{"href":"https:\/\/www.lecturavertical.com\/es\/wp-json\/wp\/v2\/pages"}],"about":[{"href":"https:\/\/www.lecturavertical.com\/es\/wp-json\/wp\/v2\/types\/page"}],"author":[{"embeddable":true,"href":"https:\/\/www.lecturavertical.com\/es\/wp-json\/wp\/v2\/users\/2"}],"replies":[{"embeddable":true,"href":"https:\/\/www.lecturavertical.com\/es\/wp-json\/wp\/v2\/comments?post=836"}],"version-history":[{"count":29,"href":"https:\/\/www.lecturavertical.com\/es\/wp-json\/wp\/v2\/pages\/836\/revisions"}],"predecessor-version":[{"id":5181,"href":"https:\/\/www.lecturavertical.com\/es\/wp-json\/wp\/v2\/pages\/836\/revisions\/5181"}],"up":[{"embeddable":true,"href":"https:\/\/www.lecturavertical.com\/es\/wp-json\/wp\/v2\/pages\/816"}],"wp:attachment":[{"href":"https:\/\/www.lecturavertical.com\/es\/wp-json\/wp\/v2\/media?parent=836"}],"curies":[{"name":"wp","href":"https:\/\/api.w.org\/{rel}","templated":true}]}}