{"id":845,"date":"2013-11-05T21:16:08","date_gmt":"2013-11-05T21:16:08","guid":{"rendered":"http:\/\/www.lecturavertical.com\/?page_id=845"},"modified":"2013-12-16T13:20:52","modified_gmt":"2013-12-16T13:20:52","slug":"objetivos","status":"publish","type":"page","link":"https:\/\/www.lecturavertical.com\/es\/in-company_\/la-lectura-vertical\/objetivos\/","title":{"rendered":"Objetivos"},"content":{"rendered":"<p><img decoding=\"async\" loading=\"lazy\" class=\"alignnone size-full wp-image-197\" alt=\"skyscraper\" src=\"http:\/\/www.lecturavertical.com\/wp-content\/uploads\/2013\/10\/skyscraper-e1383654535426.jpg\" width=\"450\" height=\"168\" srcset=\"https:\/\/www.lecturavertical.com\/wp-content\/uploads\/2013\/10\/skyscraper-e1383654535426.jpg 450w, https:\/\/www.lecturavertical.com\/wp-content\/uploads\/2013\/10\/skyscraper-e1383654535426-300x112.jpg 300w\" sizes=\"(max-width: 450px) 100vw, 450px\" \/><\/p>\n<p>&nbsp;<\/p>\n<div id=\"Layer1\">\n<style type=\"text\/css\"><!--\nP { margin-bottom: 0.21cm; }\n--><\/style>\n<p><strong style=\"color: #808080; line-height: 1.5;\">EXPLICITACI\u00d3N DE LOS OBJECTIVOS:<\/strong><\/p>\n<p><span style=\"color: #808080;\">La consecusi\u00f3n de los objectivos conlleva la adquisici\u00f3n de las<\/span><br \/> <span style=\"color: #808080;\"> habilidades intelectuales y\u00a0 emocionales necesarias e<\/span><br \/> <span style=\"color: #808080;\"> indispensables que ha de tener todo responsable de equipo.<\/span><\/p>\n<p><strong><span style=\"color: #ff9900;\">\u00a0OBJETIVOS A NIVEL PSICOL\u00d2GICO<br \/> <\/span><\/strong><\/p>\n<ul>\n<li><span style=\"color: #808080;\"><strong>Descargar <\/strong><\/span><span style=\"color: #808080;\"><strong>la tensi\u00f3n mental y disminuir el estr\u00e9s laboral<\/strong>.<\/span><\/li>\n<\/ul>\n<p><span style=\"color: #808080;\">La t\u00e9cnica de la Lectura Vertical permite el vaciado de los pensamientos<br \/> obsesivos o preocupantes liberando de tensiones y estr\u00e9s al<br \/> participante al curso.<\/span><\/p>\n<ul>\n<li><strong>Atenuar la sensaci\u00f3n de rutina o monoton\u00eda en el trabajo.<\/strong><\/li>\n<\/ul>\n<\/div>\n<div>La participaci\u00f3n activa genera la liberaci\u00f3n de la sensaci\u00f3n de rutina y<strong><\/strong><br \/> <span style=\"color: #808080;\"> monoton\u00eda que conlleva inevitablemente el trabajo del d\u00eda a d\u00eda.<\/span><\/p>\n<ul>\n<li><span style=\"color: #808080;\"><strong>Aumentar la fuerza psicol\u00f3gica.<\/strong><\/span><\/li>\n<\/ul>\n<p><span style=\"color: #808080;\"> La fuerza psicol\u00f3gica permite la toma de decisiones claras y eficaces. Se<br \/> transmite, genera confianza y seguridad en los dem\u00e1s.<br \/> <\/span><\/p>\n<ul>\n<li><span style=\"color: #808080;\"><strong>Crear distensi\u00f3n y buen humor.<\/strong><\/span><\/li>\n<\/ul>\n<p><span style=\"color: #808080;\"> Siempre se ha conseguido crear en los cursos un clima favorable a la<br \/> distensi\u00f3n y se han generado momentos de verdaderas explosiones de <\/span><span style=\"color: #808080;\">risa terap\u00e9uticas.<br \/> <\/span><\/p>\n<ul>\n<li><span style=\"color: #808080;\"><span style=\"color: #808080;\"><span style=\"color: #808080;\"><strong>Potenciar la asertividad.<\/strong><\/span><\/span><\/span>\n<p>&nbsp;<\/p>\n<\/li>\n<\/ul>\n<p><strong><span style=\"color: #ff9900;\">OBJETIVOS DESDE EL PUNTO DE VISTA DE LA GESTI\u00d3N EMOCIONAL<br \/> <\/span><\/strong><\/p>\n<p><span style=\"color: #808080;\">Los objetivos que se consiguen a nivel individual tienen una clara<br \/> repercusi\u00f3n a nivel de la comunicaci\u00f3n emp\u00e1tica interpersonal.<br \/> <\/span><\/p>\n<ul>\n<li><span style=\"color: #808080;\"><strong>Aumentar el nivel de autocontrol.<\/strong><\/span><\/li>\n<\/ul>\n<p><span style=\"color: #808080;\"><strong><\/strong>Se trata de una cualidad importante puesto que permite mantener<br \/> unas relaciones interpersonales emocionalmente estables (no hay altos y<br \/> bajos). La regularidad emocional se transmite a los dem\u00e1s e infunde<br \/> tranquilidad de \u00e1nimo y bienestar a los colaboradores.<br \/> <\/span><\/p>\n<ul>\n<li><span style=\"color: #808080;\"><strong>Consolidar el autoestima.<\/strong><\/span><\/li>\n<\/ul>\n<p><span style=\"color: #808080;\"> Una parte importante de los problemas emocionales conllevan una<br \/> disminuci\u00f3n del autoestima. Consolidar o recuperar este autoestima es<br \/> fundamental. El directivo con una fuerte autoestima no tiene miedo de<br \/> estimular la capacidad de innovaci\u00f3n de sus colaboradores. Esto crea<br \/> sentimientos positivos hacia el directivo a la vez que despierta una<br \/> mezcla de respeto, admiraci\u00f3n y entusiasmo hacia su personalidad que se<br \/> convierte en muy atractiva para todos.<\/span><\/p>\n<ul>\n<li><strong>Liberarse de la \u201cm\u00e1scara social\u201d<\/strong> lo cual implica un descubrimiento<span style=\"color: #808080;\"><br \/> <\/span>y una <strong>aceptaci\u00f3n del propio \u201cyo\u201d.<\/strong><\/li>\n<\/ul>\n<p><span style=\"color: #808080;\"> La persona que consigue liberarse de su \u201cm\u00e1scara social\u201d se vuelve m\u00e1s<br \/> sensible a los sentimientos de los dem\u00e1s. Est\u00e1 emocionalmente preparada<br \/> para afrontar los conflictos de las personas que le rodean, ya sean<br \/> compa\u00f1eros de trabajo o subordinados.<br \/> <\/span><\/p>\n<ul>\n<li><strong><strong>Aumentar el sentimiento de pertenencia.<\/strong><\/strong>\n<p>&nbsp;<\/p>\n<\/li>\n<\/ul>\n<p><strong><span style=\"color: #ff9900;\">OBJETIVOS A NIVEL INTELECTUAL<br \/> <\/span><\/strong><\/p>\n<ul>\n<li><strong>Conseguir una comunicaci\u00f3n estructurada.<\/strong><\/li>\n<\/ul>\n<p><span style=\"font-family: Georgia,Times New Roman,Times,serif; color: #808080;\"> Hablar sin un gui\u00f3n mental previo bien estructurado y sin una idea clara<br \/> de lo que se quiere expresar conlleva una falta de comprensi\u00f3n entre los<br \/> interlocutores. Esto repercute inevitablemente tanto en el trabajo que no<br \/> se realiza como se esperaba, como en las relaciones interpersonales<br \/> donde caben malas interpretaciones y susceptibilidades.<\/span><span style=\"color: #ff0000;\"><br \/> <\/span><\/p>\n<ul>\n<li><span style=\"color: #808080;\"><span style=\"font-family: Georgia,Times New Roman,Times,serif;\"><strong>Dominar el lenguaje:<\/strong><\/span><\/span><\/li>\n<\/ul>\n<p><span style=\"color: #808080;\"><span style=\"font-family: Georgia,Times New Roman,Times,serif;\"> El trabajo activo y continuado que se realiza en un curso de Lectura<br \/> Vertical facilita el dominio del lenguaje. Esto aumenta la capacidad de<br \/> expresi\u00f3n, tanto a nivel oral como escrito. A su vez, aumenta la<br \/> capacidad de elaborar conceptos y la capacidad de s\u00edntesis, dos<br \/> cualidades indispensables para todo directivo que quiera motivar<br \/> equipos, solucionar conflictos, dinamizar una reuni\u00f3n o delegar con<br \/> acierto.<br \/> <\/span><\/span><\/p>\n<ul>\n<li><span style=\"color: #808080;\"><span style=\"font-family: Georgia,Times New Roman,Times,serif;\"><strong>Gestionar el tiempo:<\/strong><\/span><\/span><\/li>\n<\/ul>\n<p><span style=\"color: #808080;\"><span style=\"font-family: Georgia,Times New Roman,Times,serif;\"> El aumento de la capacidad de expresi\u00f3n a trav\u00e9s del dominio del<br \/> lenguaje, la habilidad que se adquiere de centrar ideas y de sintetizar los<br \/> puntos de vista es la mejor manera de gestionar el tiempo que<br \/> habitualmente se pierde divagando con argumentos vagos y poco<br \/> substanciales.<\/span><\/span><\/p>\n<p>&nbsp;<\/p>\n<\/div>\n","protected":false},"excerpt":{"rendered":"<p>&nbsp; EXPLICITACI\u00d3N DE LOS OBJECTIVOS: La consecusi\u00f3n de los objectivos conlleva la adquisici\u00f3n de las habilidades intelectuales y\u00a0 emocionales necesarias e indispensables que ha de tener todo responsable de equipo. \u00a0OBJETIVOS A NIVEL PSICOL\u00d2GICO Descargar la tensi\u00f3n mental y disminuir el estr\u00e9s laboral. La t\u00e9cnica de la Lectura Vertical permite el vaciado de los pensamientos [&hellip;]<\/p>\n","protected":false},"author":2,"featured_media":0,"parent":816,"menu_order":0,"comment_status":"closed","ping_status":"closed","template":"","meta":[],"_links":{"self":[{"href":"https:\/\/www.lecturavertical.com\/es\/wp-json\/wp\/v2\/pages\/845"}],"collection":[{"href":"https:\/\/www.lecturavertical.com\/es\/wp-json\/wp\/v2\/pages"}],"about":[{"href":"https:\/\/www.lecturavertical.com\/es\/wp-json\/wp\/v2\/types\/page"}],"author":[{"embeddable":true,"href":"https:\/\/www.lecturavertical.com\/es\/wp-json\/wp\/v2\/users\/2"}],"replies":[{"embeddable":true,"href":"https:\/\/www.lecturavertical.com\/es\/wp-json\/wp\/v2\/comments?post=845"}],"version-history":[{"count":7,"href":"https:\/\/www.lecturavertical.com\/es\/wp-json\/wp\/v2\/pages\/845\/revisions"}],"predecessor-version":[{"id":1425,"href":"https:\/\/www.lecturavertical.com\/es\/wp-json\/wp\/v2\/pages\/845\/revisions\/1425"}],"up":[{"embeddable":true,"href":"https:\/\/www.lecturavertical.com\/es\/wp-json\/wp\/v2\/pages\/816"}],"wp:attachment":[{"href":"https:\/\/www.lecturavertical.com\/es\/wp-json\/wp\/v2\/media?parent=845"}],"curies":[{"name":"wp","href":"https:\/\/api.w.org\/{rel}","templated":true}]}}