{"id":858,"date":"2013-11-05T22:03:12","date_gmt":"2013-11-05T22:03:12","guid":{"rendered":"http:\/\/www.lecturavertical.com\/?page_id=858"},"modified":"2021-03-26T11:25:04","modified_gmt":"2021-03-26T11:25:04","slug":"escritura-emocional","status":"publish","type":"page","link":"https:\/\/www.lecturavertical.com\/es\/in-company_\/escritura-emocional\/","title":{"rendered":"Escritura Terap\u00e9utica"},"content":{"rendered":"<p><span style=\"color: #808080;\"><strong>\u00bfESCRITURA TERAP\u00c9UTICA? <br \/>\u00bfPOR QU\u00c9?<\/strong><\/span><\/p>\n<p><strong><span style=\"color: #ff9900;\">Para revalorizar nuestra autoestima, estabilizar nuestro equilibrio <br \/>emocional y mejorar nuestras relaciones interpersonales.<\/span><\/strong><\/p>\n<p><span style=\"color: #ff9900;\"><strong><span style=\"color: #808080;\">La transcripci\u00f3n sobre el papel de las emociones perturbadoras<\/span><\/strong><br \/><strong><span style=\"color: #808080;\"> aten\u00faa su intensidad, permite concienciarnos de las alteraciones<\/span><\/strong><br \/><strong><span style=\"color: #808080;\"> de nuestra situaci\u00f3n an\u00edmica y nos ayuda a regularlas.<\/span><\/strong><br \/> <\/span><\/p>\n<p><strong>*EL CURSO VA DIRIGIDO<br \/><\/strong><\/p>\n<ul>\n<li>a toda persona que quiera profundizar en el autoconocimiento y<br \/><strong>gestionar las emociones negativas<\/strong> que afectan su vida<br \/>familiar, social o laboral.<\/li>\n<li>a los profesionales que quieran adquirir la t\u00e9cnica para aplicarla<br \/>en sus centros de trabajo (psic\u00f3logos, docentes, educadores sociales&#8230;)<\/li>\n<\/ul>\n<p><span style=\"color: #808080;\"><strong>*LA TEOR\u00cdA<br \/><\/strong><\/span><span style=\"color: #808080;\">-Qu\u00e9 relaci\u00f3n existe entre escritura y emociones?<br \/><\/span><span style=\"color: #808080;\">-C\u00f3mo conseguimos, con la escritura, atenuar nuestras emociones perturbadoras?<br \/><\/span><span style=\"color: #808080;\">-Beneficios que conseguimos con la Escritura Terap\u00e9utica:<\/span><\/p>\n<ul>\n<li><span style=\"color: #808080;\">sobre la salud mental<\/span><\/li>\n<li><span style=\"color: #808080;\">sobre la salud f\u00edsica<\/span><\/li>\n<li><span style=\"color: #808080;\">a nivel psicol\u00f3gico<\/span><\/li>\n<\/ul>\n<p><span style=\"color: #808080;\"><strong>*LA PR\u00c0CTICA<br \/><\/strong><\/span><span style=\"color: #808080;\">Hacemos dos tipos de ejercicios de escritura:<\/span><\/p>\n<ul>\n<li><span style=\"color: #808080;\">ejercicios orientados a estimular l\u2019activitat del cerebro ejecutivo<\/span><\/li>\n<li><span style=\"color: #808080;\">ejercicios orientados a incidir directamente sobre el pensamiento<\/span><\/li>\n<\/ul>\n<p><strong>*EL OBJECTIVO DEL CURSO<br \/><\/strong>El objectivo esencial del curso es adquirir una t\u00e9cnica de escritura<br \/>que nos permita passar de la vivencia de la emoci\u00f3n perturbadora<br \/>a su transcripci\u00f3n sobre el paper con el fin de poderla gestionar.<\/p>\n<p><strong>Una vez\u00a0 adquirida la t\u00e9cnica, podremos <\/strong><strong>practicarla personalmente <br \/>siempre que lo necesitemos para <\/strong><strong>regular nuestra estabilidad emocional.<\/strong><\/p>\n<p><a href=\"https:\/\/www.youtube.com\/watch?v=N2uOhhFsrRU&amp;t=5s\">Escritura Terap\u00e9utica en EADA<br \/><\/a><a href=\"https:\/\/www.youtube.com\/watch?v=yzc3Rzd1xxs\">Escritura Terap\u00e9utica en YouTube<\/a><\/p>\n<p><span style=\"color: #808080;\"><strong>Curso de 10 sesiones<\/strong>, a raz\u00f3n de dos horas per sesi\u00f3n.<\/span><br \/> <span style=\"color: #808080;\"> <strong>N\u00famero de alumnos: <\/strong>de 15 a 20 por curso.<\/span><\/p>\n<div style=\"border-top: 1px solid #ff9900; border-bottom: 1px solid #ff9900; width: 525px; height: 196px; padding: 20px;\">\n<div style=\"float: left; width: 182px; height: 100px;\"><img decoding=\"async\" alt=\"\" src=\"http:\/\/www.lecturavertical.com\/wp-content\/uploads\/2013\/11\/ET-jazmin-150x150.jpg\" \/><\/div>\n<div style=\"float: left; width: 303px; height: 100px;\"><span style=\"color: #ff6600;\"><span style=\"color: #000000;\"><span style=\"color: #808080;\"><br \/> Para organizar este curso,<br \/> contacta con nosotros por e-mail\u00a0<\/span><strong><a href=\"mailto:info@lecturavertical.com\"><br \/><\/a><\/strong><\/span><a href=\"mailto:zeneida.sarda@gmail.com\">zeneida.sarda@gmail.com<\/a><br \/> <\/span><span style=\"color: #808080;\"> o por tel\u00e9fono al +34 699 455 946<\/span><\/div>\n<\/div>\n","protected":false},"excerpt":{"rendered":"<p>\u00bfESCRITURA TERAP\u00c9UTICA? \u00bfPOR QU\u00c9? Para revalorizar nuestra autoestima, estabilizar nuestro equilibrio emocional y mejorar nuestras relaciones interpersonales. La transcripci\u00f3n sobre el papel de las emociones perturbadoras aten\u00faa su intensidad, permite concienciarnos de las alteraciones de nuestra situaci\u00f3n an\u00edmica y nos ayuda a regularlas. *EL CURSO VA DIRIGIDO a toda persona que quiera profundizar en el [&hellip;]<\/p>\n","protected":false},"author":2,"featured_media":0,"parent":808,"menu_order":0,"comment_status":"open","ping_status":"closed","template":"","meta":[],"_links":{"self":[{"href":"https:\/\/www.lecturavertical.com\/es\/wp-json\/wp\/v2\/pages\/858"}],"collection":[{"href":"https:\/\/www.lecturavertical.com\/es\/wp-json\/wp\/v2\/pages"}],"about":[{"href":"https:\/\/www.lecturavertical.com\/es\/wp-json\/wp\/v2\/types\/page"}],"author":[{"embeddable":true,"href":"https:\/\/www.lecturavertical.com\/es\/wp-json\/wp\/v2\/users\/2"}],"replies":[{"embeddable":true,"href":"https:\/\/www.lecturavertical.com\/es\/wp-json\/wp\/v2\/comments?post=858"}],"version-history":[{"count":48,"href":"https:\/\/www.lecturavertical.com\/es\/wp-json\/wp\/v2\/pages\/858\/revisions"}],"predecessor-version":[{"id":5320,"href":"https:\/\/www.lecturavertical.com\/es\/wp-json\/wp\/v2\/pages\/858\/revisions\/5320"}],"up":[{"embeddable":true,"href":"https:\/\/www.lecturavertical.com\/es\/wp-json\/wp\/v2\/pages\/808"}],"wp:attachment":[{"href":"https:\/\/www.lecturavertical.com\/es\/wp-json\/wp\/v2\/media?parent=858"}],"curies":[{"name":"wp","href":"https:\/\/api.w.org\/{rel}","templated":true}]}}