{"id":887,"date":"2013-11-05T23:21:05","date_gmt":"2013-11-05T23:21:05","guid":{"rendered":"http:\/\/www.lecturavertical.com\/?page_id=887"},"modified":"2025-08-11T16:43:07","modified_gmt":"2025-08-11T16:43:07","slug":"agenda_","status":"publish","type":"page","link":"https:\/\/www.lecturavertical.com\/es\/agenda_\/","title":{"rendered":"Agenda"},"content":{"rendered":"<p><a name=\"inici\"><\/a><img decoding=\"async\" loading=\"lazy\" class=\"alignnone size-full wp-image-383\" src=\"http:\/\/www.lecturavertical.com\/wp-content\/uploads\/2013\/10\/10-coquelicot-copia-e1383669443546.png\" alt=\"10-coquelicot copia\" width=\"451\" height=\"158\" srcset=\"https:\/\/www.lecturavertical.com\/wp-content\/uploads\/2013\/10\/10-coquelicot-copia-e1383669443546.png 451w, https:\/\/www.lecturavertical.com\/wp-content\/uploads\/2013\/10\/10-coquelicot-copia-e1383669443546-300x105.png 300w\" sizes=\"(max-width: 451px) 100vw, 451px\" \/><\/p>\n<p><strong>NUESTRAS ACTIVIDADES<\/strong><\/p>\n<p><strong><span style=\"color: #808080;\">*Autoconeixement i Empatia: compet\u00e8ncies pel benestar emocional.<br \/>\n<\/span><\/strong><span style=\"color: #808080;\">Universitat de Barcelona<\/span><span style=\"color: #808080;\">&#8211;<a href=\"https:\/\/www.il3.ub.edu\/ca\/gaudir\/autoconeixement-empatia-dues-competencies-indispensables-benestar-emocional\"><span style=\"color: #ff9900;\">Institut de Formaci\u00f3 Cont\u00ednua-IL3<\/span><\/a><br \/>\n<\/span><span style=\"color: #808080;\">(1er Trimestre Any acad\u00e8mic 2025-2026)<\/span><\/p>\n<p><strong><span style=\"color: #808080;\">*Autoconeixement i Empatia: compet\u00e8ncies pel benestar emocional.<br \/>\n<\/span><\/strong><span style=\"color: #808080;\">Casa Elizalde &#8211; <\/span><span style=\"color: #808080;\"><span style=\"background-color: #ffffff; color: #ff9900;\"><a style=\"background-color: #ffffff; color: #ff9900;\" href=\"https:\/\/www.casaelizalde.com\/cursos-i-tallers\/autoconeixement-i-empatia-competencies-pel-benestar-emocional\/\">Tallers culturals<\/a><\/span><br \/>\n<\/span><span style=\"color: #808080;\">(1er Trimestre Any acad\u00e8mic 2025-2026)<\/span><\/p>\n<p><strong><span style=\"color: #808080;\">*La Felicitat: una garantia de salut ps\u00edquica i creixement personal.<br \/>\n<\/span><\/strong><span style=\"color: #808080;\">Universitat de Barcelona<\/span><strong><span style=\"color: #808080;\">&#8211;<\/span><\/strong><a href=\"https:\/\/www.il3.ub.edu\/ca\/gaudir\/la-felicitat-garantia-salut-psiquica-creixement-personal\"><span style=\"color: #808080;\"><span style=\"color: #ff9900;\">Institut de Formaci\u00f3 Cont\u00ednua-IL3<\/span><\/span><\/a><strong><span style=\"color: #808080;\"><br \/>\n<\/span><\/strong><span style=\"color: #808080;\">(3n Trimestre Any acad\u00e8mic 2024-2025)<\/span><\/p>\n<p><strong><span style=\"color: #808080;\">*La Felicitat: una garantia de salut ps\u00edquica i creixement personal.<br \/>\n<\/span><\/strong><span style=\"color: #808080;\">Casa Elizalde &#8211; <span style=\"background-color: #ffffff; color: #ff9900;\"><a style=\"background-color: #ffffff; color: #ff9900;\" href=\"https:\/\/www.casaelizalde.com\/cursos-i-tallers\/la-felicitat-garantia-de-salut-i-creixement-personal\/\">Tallers culturals<\/a><\/span><\/span><span style=\"color: #808080;\"><br \/>\n<\/span><span style=\"color: #808080;\">(3er Trimestre Any acad\u00e8mic 2024-2025)<\/span><\/p>\n<p><strong><span style=\"color: #808080;\">*L&#8217;Escriptura terap\u00e8utica: una eina per a la salut<br \/>\nemocional<br \/>\n<\/span><\/strong><span style=\"color: #808080;\">Universitat de Barcelona-<\/span><span style=\"color: #ff9900;\"><a style=\"color: #ff9900;\" href=\"https:\/\/www.il3.ub.edu\/ca\/gaudir\/escriptura-terapeutica-eina-per-salut-emocional\">Institut de Formaci\u00f3 Cont\u00ednua-IL3<\/a><\/span><strong><span style=\"color: #808080;\"><br \/>\n<\/span><\/strong><span style=\"color: #808080;\">(2n Trimestre Any acad\u00e8mic 2024-2025)<\/span><\/p>\n<p><strong><span style=\"color: #808080;\">*L&#8217;Escriptura terap\u00e8utica: una eina per a la salut<br \/>\nemocional<br \/>\n<\/span><\/strong><span style=\"color: #808080;\">Centre Cultural Casa Elizalde. <a href=\"https:\/\/www.casaelizalde.com\/cursos-i-tallers\/lescriptura-terapeutica-una-eina-per-a-la-salut-emocional\/\">Tallers culturals.<\/a><br \/>\n(2n Trimestre Any acad\u00e8mic 2024-2025).<\/span><\/p>\n<p><strong>*La Intel.lig\u00e8ncia emocional: la seva import\u00e0ncia per a<br \/>\nla vida di\u00e0ria.<br \/>\n<\/strong><span style=\"color: #808080;\">Centre Cultural Casa Elizalde.<\/span><strong><a href=\"https:\/\/www.casaelizalde.com\/cursos-i-tallers\/la-intel-ligencia-emocional-la-seva-importancia-per-a-la-vida-diaria\/\">Tallers culturals.<\/a><br \/>\n<\/strong><span style=\"color: #808080;\">(1er Trimestre Any acad\u00e8mic 2024-2025).<\/span><strong><br \/>\n<\/strong><\/p>\n<p><strong><span style=\"color: #808080;\">*L&#8217;Escriptura terap\u00e8utica: una eina per a la salut emocional.<\/span><br \/>\n<\/strong><span style=\"color: #808080;\">Universitat de Barcelona- <a href=\"https:\/\/www.il3.ub.edu\/ca\/gaudir\/escriptura-terapeutica-eina-per-salut-emocional\"><em>Institut de<\/em> <em>Formaci\u00f3 Cont\u00ednua-IL3<\/em><\/a><\/span><br \/>\n<span style=\"color: #808080;\">(2n Trimestre Any acad\u00e8mic 2023-2024)<\/span><\/p>\n<p><strong><span style=\"color: #808080;\">*L&#8217;art de l&#8217;escriptura i la creaci\u00f3 liter\u00e0ria:<br \/>\nDe Simone de Beauvoir a Thomas Bernhard.<br \/>\n<\/span><\/strong><span style=\"color: #808080;\">Universitat de Barcelona- <a href=\"https:\/\/www.il3.ub.edu\/ca\/gaudir\/l-art-escriptura-i-creacio-literaria-de-simone-de-beauvoir-a-thomas-bernhard\"><em>Institut de Formaci\u00f3 Cont\u00ednua-IL3<\/em><\/a><br \/>\n(2n Trimestre Any acad\u00e8mic 2023-2024)<\/span><\/p>\n<p><strong><span style=\"color: #808080;\">*L&#8217;Escriptura terap\u00e8utica: una eina per a la salut emocional.<br \/>\n<\/span><\/strong><span style=\"color: #808080;\">Casa Elizalde &#8211; <a href=\"https:\/\/www.casaelizalde.com\/cursos-i-tallers\/escriptura-terapeutica-una-eina-per-a-la-salut-emocional\/\">Tallers culturals<\/a><\/span><span style=\"color: #808080;\"><br \/>\n<\/span><span style=\"color: #808080;\">(2n Trimestre Any acad\u00e8mic 2023-2024)<\/span><\/p>\n<p><strong><span style=\"color: #808080;\">*El arte de la escritura y la creaci\u00f3n literaria:<br \/>\nDe Gustave Flaubert a E\u00e7a de Queir\u00f3s.<br \/>\n<\/span><\/strong><span style=\"color: #808080;\">Universitat de Barcelona- <a href=\"https:\/\/www.il3.ub.edu\/ca\/gaudir\/art-escriptura-creacio-lliteraria-de-flaubert-a-esa-de-queiros\"><em>Institut de<\/em> Formaci\u00f3 Cont\u00ednua-IL3<\/a><br \/>\n(1er Trimestre Any acad\u00e8mic 2023-2024)<\/span><\/p>\n<p><strong><span style=\"color: #808080;\">*Autoconocimiento y Empat\u00eda.<br \/>\n<\/span><\/strong><span style=\"color: #808080;\">Casa Elizalde &#8211; <a href=\"https:\/\/www.casaelizalde.com\/cursos-i-tallers\/autoconeixement-i-empatia-competencies-indispensables-pel-benestar-emocional\/\">Tallers culturals<\/a><\/span><span style=\"color: #808080;\"><br \/>\n<\/span><span style=\"color: #808080;\">(1er Trimestre Any acad\u00e8mic 2023-2024)<\/span><\/p>\n<p><strong><span style=\"color: #808080;\">*Autoconocimiento y Empat\u00eda.<\/span><br \/>\n<\/strong><span style=\"color: #808080;\">Universitat de Barcelona- <a href=\"https:\/\/www.il3.ub.edu\/ca\/gaudir\/autoconeixement-empatia-dues-competencies-indispensables-benestar-emocional\"><em>Institut de<\/em> Formaci\u00f3 Cont\u00ednua-IL3<\/a><\/span><br \/>\n<span style=\"color: #808080;\">(1er Trimestre Any acad\u00e8mic 2023-2024<\/span><\/p>\n<p><strong><span style=\"color: #808080;\">*La Felicidad: una garant\u00eda de salud ps\u00edquica y crecimiento personal.<\/span><br \/>\n<\/strong><span style=\"color: #808080;\">Casa Elizalde \u2013 Tallers culturals<\/span><br \/>\n<span style=\"color: #808080;\">(3er Trimestre Any acad\u00e8mic 2022-2023)<\/span><\/p>\n<p><strong><span style=\"color: #808080;\">*El arte de la escritura y la creaci\u00f3n literaria:<br \/>\nD&#8217;Ernest Hemingway a Gabriel Garc\u00eda M\u00e1rquez.<br \/>\n<\/span><\/strong><span style=\"color: #808080;\">Universitat de Barcelona- <em>Institut de<\/em> Formaci\u00f3 Cont\u00ednua-IL3<\/span><br \/>\n<a href=\"https:\/\/www.il3.ub.edu\/ca\/gaudir\/art-escriptura-creacio-literaria-ernest-hemingway-gabriel-garcia-marquez\">Gaudir UB<\/a> <span style=\"color: #808080;\">(3er Trimestre Any acad\u00e8mic 2022-2023)<\/span><\/p>\n<p><strong><span style=\"color: #808080;\">*La Felicidad: una garant\u00eda de salud ps\u00edquica y crecimiento personal.<\/span><br \/>\n<\/strong><span style=\"color: #808080;\">Universitat de Barcelona- <em>Institut de<\/em> Formaci\u00f3 Cont\u00ednua-IL3<\/span><br \/>\n<a href=\"https:\/\/www.il3.ub.edu\/ca\/gaudir\/felicitat-garantia-salut-psiquica-creixement-personal\">Gaudir UB<\/a> <span style=\"color: #808080;\">(3er Trimestre Any acad\u00e8mic 2022-2023)<\/span><\/p>\n<p><strong><span style=\"color: #808080;\">*Escritura terap\u00e9utica: una \u00abherramienta\u00bb para la salud emocional.<\/span><br \/>\n<\/strong><span style=\"color: #808080;\">Universitat de Barcelona- <em>Institut de<\/em> Formaci\u00f3 Cont\u00ednua-IL3<\/span><br \/>\n<a href=\"https:\/\/www.il3.ub.edu\/ca\/gaudir\/escriptura-terapeutica-eina-per-salut-emocional\">Gaudir UB<\/a> <span style=\"color: #808080;\">(2n Trimestre A\u00f1o acad\u00b4\u00e9mico 2022-2023)<\/span><\/p>\n<p><strong><span style=\"color: #808080;\">*Inteligencia Emocional:<br \/>\ncompetencias fundamentales para la vida diaria.<br \/>\n<\/span><\/strong><span style=\"color: #808080;\">Casa Elizalde &#8211; Tallers culturals<br \/>\n(2n Trimestre A\u00f1o acad\u00e9mico 2022-2023)<br \/>\n<a href=\"https:\/\/www.casaelizalde.com\/cursos-i-tallers\/intelligencia-emocional-competencies-fonamentals-per-a-la-vida-diaria\/\">Crecimiento personal.<\/a><\/span><\/p>\n<p><strong><span style=\"color: #808080;\">*El arte de la escritura y la creaci\u00f3n literaria:<br \/>\nDe Lawrence Durrell a Charles Baudelaire.<br \/>\n<\/span><\/strong><span style=\"color: #808080;\">Universitat de Barcelona- <em>Institut de<\/em> Formaci\u00f3 Cont\u00ednua-IL3<\/span><br \/>\n<a href=\"https:\/\/www.il3.ub.edu\/ca\/gaudir\/lart-escriptura-creacio-literaria-de-lawrence-durrell-a-charles-baudelaire\">Gaudir UB<\/a> <span style=\"color: #808080;\">(2n Trimestre A\u00f1o acad\u00e9mico 2022-2023)<\/span><\/p>\n<p><strong><span style=\"color: #808080;\">*Escritura terap\u00e9utica: una \u00abherramienta\u00bb para la salud emocional.<br \/>\n<\/span><\/strong><span style=\"color: #808080;\">Casa Elizalde &#8211; Talleres culturales<br \/>\n(1er Trimestre A\u00f1o acad\u00e9mico 2022-2023)<br \/>\n<a href=\"https:\/\/www.casaelizalde.com\/cursos-i-tallers\/escriptura-terapeutica-una-eina-per-a-la-salut-emocional\/\">Crecimiento personal.<\/a><br \/>\n<\/span><\/p>\n<p><strong><span style=\"color: #808080;\">*El arte de la escritura y la creaci\u00f3n literaria:<br \/>\nDe Gustave Flaubert a E\u00e7a de Queir\u00f3s<\/span><br \/>\n<\/strong><span style=\"color: #808080;\">Universitat de Barcelona- <em>Institut de<\/em> Formaci\u00f3 Cont\u00ednua-IL3<\/span><br \/>\n<a href=\"https:\/\/www.il3.ub.edu\/ca\/gaudir\/art-escriptura-creacio-lliteraria-de-flaubert-a-esa-de-queiros\">Gaudir UB<\/a> <span style=\"color: #808080;\">(1er Trimestre A\u00f1o acad\u00e9mico 2022-2023)<\/span><\/p>\n<p><strong><span style=\"color: #808080;\">*Autoconocimiento y Empat\u00eda.\u00a0<\/span><br \/>\n<\/strong><span style=\"color: #808080;\">Universitat de Barcelona- <em>Institut de<\/em> Formaci\u00f3 Cont\u00ednua-IL3<\/span><br \/>\n<a href=\"https:\/\/www.il3.ub.edu\/ca\/gaudir\/autoconeixement-empatia-dues-competencies-indispensables-benestar-emocional\">Gaudir UB<\/a> <span style=\"color: #808080;\">(1er Trimestre A\u00f1o acad\u00e9mico 2022-2023)<\/span><\/p>\n<p><strong>*El arte de la escritura y la creaci\u00f3n literaria.<br \/>\n<\/strong>Universitat de Barcelona- <em>Institut de<\/em> Formaci\u00f3 Cont\u00ednua-IL3<br \/>\n<a href=\"http:\/\/www.ub.edu\/gaudirub\/programacurs_es.php?url_retorn=cursos_area_es&amp;IdArea=49&amp;CodiCurs=1864&amp;AnyAcademic=2021&amp;Quatrimestre=3\">Gaudir UB<\/a> (3n Trimestre A\u00f1o acad\u00e9mic0 2021-2022)<\/p>\n<p><strong><span style=\"color: #808080;\">*La escritura terap\u00e9utica: una \u00abherramienta\u00bb para la salud emocional.<\/span><br \/>\n<\/strong><span style=\"color: #808080;\">Universitat de Barcelona- <em>Institut de<\/em> Formaci\u00f3 Cont\u00ednua-IL3<\/span><br \/>\n<a href=\"http:\/\/www.ub.edu\/gaudirub\/programacurs_es.php?url_retorn=cursos_area_es&amp;CodiCurs=1861&amp;AnyAcademic=2021&amp;Quatrimestre=3&amp;IdArea=51\">Gaudir UB<\/a> <span style=\"color: #808080;\">(3er Trimestre Any acad\u00e8mic 2021-2022)<\/span><\/p>\n<p><strong><span style=\"color: #808080;\">*Una nova manera de llegir que estimula l&#8217;alumne a la lectura<\/span><br \/>\n<\/strong><span style=\"color: #808080;\">Col.legi de Doctors i Llicenciats de Catalunya.<\/span><br \/>\n<a href=\"https:\/\/www.cdl.cat\/cursos-i-activitats?of=1356\">Escola d&#8217;Estiu<\/a> &#8211;<span style=\"color: #808080;\"> Juliol 2021<\/span><\/p>\n<p><strong>*Del plaer de la lectura a l&#8217;art de l&#8217;escriptura.<br \/>\n<\/strong>Universitat de Barcelona- <em>Institut de<\/em> Formaci\u00f3 Cont\u00ednua-IL3<br \/>\n<a href=\"http:\/\/www.ub.edu\/gaudirub\/programacurs_es.php?url_retorn=cursos_area_es&amp;IdArea=49&amp;CodiCurs=1628&amp;AnyAcademic=2020&amp;Quatrimestre=3\">Gaudir UB<\/a> (3n Trimestre Any acad\u00e8mic 2020-2021)<\/p>\n<p><strong>*La Felicitat: una garantia de salut ps\u00edquica i creixement personal<br \/>\n<\/strong>Universitat de Barcelona- <em>Institut de<\/em> Formaci\u00f3 Cont\u00ednua-IL3<br \/>\n<a href=\"http:\/\/www.ub.edu\/gaudirub\/programacurs_es.php?url_retorn=cursos_area&amp;CodiCurs=1659&amp;AnyAcademic=2020&amp;Quatrimestre=3&amp;IdArea=51\">Gaudir UB<\/a> (3er Trimestre Any acad\u00e8mic 2020-2021)<\/p>\n<p><strong>*Del plaer de la lectura a l&#8217;art de l&#8217;escriptura.<br \/>\n<\/strong>Universitat de Barcelona- <em>Institut de<\/em> Formaci\u00f3 Cont\u00ednua-IL3<br \/>\n<a href=\"http:\/\/www.ub.edu\/gaudirub\/programacurs_es.php?url_retorn=cursos_area&amp;CodiCurs=1562&amp;AnyAcademic=2020&amp;Quatrimestre=2&amp;IdArea=49\">Gaudir UB<\/a> (2n Trimestre Any acad\u00e8mic 2020-2021)<\/p>\n<p><strong>*L&#8217;escriptura terap\u00e8utica: una \u00abeina\u00bb per a la salut emocional<br \/>\n<\/strong>Universitat de Barcelona- <em>Institut de<\/em> Formaci\u00f3 Cont\u00ednua-IL3<br \/>\n<a href=\"http:\/\/www.ub.edu\/gaudirub\/programacurs_es.php?url_retorn=cursos_area_es&amp;IdArea=51&amp;CodiCurs=1604&amp;AnyAcademic=2020&amp;Quatrimestre=2\">Gaudir UB<\/a> (2n Trimestre Any acad\u00e8mic 2020-2021)<\/p>\n<p><strong>*Del plaer de la lectura a l&#8217;art de l&#8217;escriptura.<br \/>\n<\/strong>Universitat de Barcelona-<em> Institut de<\/em> Formaci\u00f3 Cont\u00ednua-IL3<br \/>\n<a href=\"http:\/\/www.ub.edu\/gaudirub\/programacurs.php?url_retorn=cursos_area&amp;IdArea=49&amp;CodiCurs=1484&amp;AnyAcademic=2020&amp;Quatrimestre=1\">Gaudir UB<\/a> (1er Trimestre Any acad\u00e8mic 2020-2021)<\/p>\n<p><strong>*Intel.lig\u00e8ncia Emocional: la seva import\u00e0ncia en la vida di\u00e0ria<br \/>\n<\/strong>Universitat de Barcelona- <em>Institut de<\/em> Formaci\u00f3 Cont\u00ednua-IL3<br \/>\n<a href=\"http:\/\/www.ub.edu\/gaudirub\/programacurs.php?url_retorn=cursos_area&amp;IdArea=51&amp;CodiCurs=1519&amp;AnyAcademic=2020&amp;Quatrimestre=1\">Gaudir UB<\/a> (1er Trimestre Any acad\u00e8mic 2020-2021)<\/p>\n<p><strong>*La Felicitat: una garantia de salut ps\u00edquica i creixement personal<br \/>\n<\/strong>Universitat de Barcelona- <em>Institut de<\/em> Formaci\u00f3 Cont\u00ednua-IL3<br \/>\n<a href=\"http:\/\/www.ub.edu\/gaudirub\/programacurs.php?url_retorn=cursos_area&amp;IdArea=51&amp;CodiCurs=1515&amp;AnyAcademic=2020&amp;Quatrimestre=1\">Gaudir UB <\/a>(1er Trimestre Any acad\u00e8mic 2020-2021)<\/p>\n<p><strong>*Una nova manera de llegir que estimula l&#8217;alumne a la lectura<br \/>\n<\/strong>Col.legi de Doctors i Llicenciats de Catalunya.<br \/>\n<a href=\"https:\/\/www.cdl.cat\/cursos-i-activitats?of=1100\">Escola d&#8217;Estiu<\/a> &#8211; Julio 2020<\/p>\n<p><strong>*La Felicitat: una garantia de salut ps\u00edquica i creixement personal<br \/>\n<\/strong>Universitat de Barcelona- \u00c2rea de Formaci\u00f3 Complement\u00e0ria<br \/>\nGaudir UB (3er Trimestre Any acad\u00e8mic 2019-2020)<br \/>\nAplazado al 1er Trimestre A\u00f1o acad\u00e9mico 2020-2021 por causa del coronavirus.<\/p>\n<p><strong>*Escriptura Terap\u00e8utica: una \u00abeina\u00bb per a la salut emocional.<\/strong><br \/>\nUniversitat de Barcelona\u00a0&#8211;<a href=\"http:\/\/www.ub.edu\/gaudirub\/programacurs.php?url_retorn=cursos_area&amp;IdArea=51&amp;CodiCurs=1359&amp;AnyAcademic=2019&amp;Quatrimestre=2\">\u00c0rea de Formaci\u00f3 Complement\u00e0ria.<\/a><a href=\"http:\/\/www.ub.edu\/gaudirub\/programacurs_es.php?url_retorn=cursos_area_es&amp;IdArea=26&amp;CodiCurs=937&amp;Quatrimestre=1\"><br \/>\n<\/a>Gaudir UB\u00a0(2n Trimestre-Any acad\u00e8mic \u00a02019-2020).<\/p>\n<p><strong>*La Lectura Vertical. \u00abPels camins de la creaci\u00f3 liter\u00e0ria\u00bb. <\/strong><br \/>\n<strong>De Franz Kafka a Gabriel Garc\u00eda M\u00e1rquez.<\/strong><br \/>\nUniversitat de Barcelona\u00a0&#8211;<a href=\"http:\/\/www.ub.edu\/gaudirub\/programacurs.php?url_retorn=cursos_area&amp;IdArea=49&amp;CodiCurs=1354&amp;AnyAcademic=2019&amp;Quatrimestre=2\">\u00c0rea de Formaci\u00f3 Complement\u00e0ria.<\/a><a href=\"http:\/\/www.ub.edu\/gaudirub\/programacurs_es.php?url_retorn=cursos_area_es&amp;IdArea=26&amp;CodiCurs=937&amp;Quatrimestre=1\"><br \/>\n<\/a>Gaudir UB\u00a0(2n Trimestre-Any acad\u00e8mic \u00a02019-2020).<\/p>\n<p><strong>*La Intel.lig\u00e8ncia Emocional: la seva import\u00e0ncia en la vida di\u00e0ria.<br \/>\n<\/strong>Institut del Teatre de Barcelona (Octubre-Desembre 2019)<\/p>\n<p><strong>*La Intel.lig\u00e8ncia Emocional: la seva import\u00e0ncia en la vida di\u00e0ria.<\/strong><br \/>\nUniversitat de Barcelona\u00a0-\u00c0rea de Formaci\u00f3 Complement\u00e0ria.<a href=\"http:\/\/www.ub.edu\/gaudirub\/programacurs_es.php?url_retorn=cursos_area_es&amp;IdArea=26&amp;CodiCurs=937&amp;Quatrimestre=1\"><br \/>\n<\/a>Gaudir UB\u00a0(1er Trimestre-Any acad\u00e8mic \u00a02019-2020).<\/p>\n<p><strong>*La Lectura Vertical. \u00abPels camins de la creaci\u00f3 liter\u00e0ria\u00bb.<br \/>\n<strong>De Lawrence Durrell a Charles Baudelaire.<br \/>\n<\/strong><\/strong>Universitat de Barcelona\u00a0-\u00c0rea de Formaci\u00f3 Complement\u00e0ria.<a href=\"http:\/\/www.ub.edu\/gaudirub\/programacurs_es.php?url_retorn=cursos_area_es&amp;IdArea=26&amp;CodiCurs=937&amp;Quatrimestre=1\"><br \/>\n<\/a>Gaudir UB\u00a0(1er Trimestre-Any acad\u00e8mic \u00a02019-2020).<\/p>\n<p><strong>*Escritura Terap\u00e9utica: una \u00abherramienta\u00bb para la salud emocional.<\/strong><br \/>\nUniversitat de Barcelona\u00a0&#8211;<a href=\"http:\/\/www.ub.edu\/gaudirub\/programacurs_es.php?url_retorn=cursos_area_es&amp;IdArea=25&amp;CodiCurs=1132&amp;Quatrimestre=3\">\u00c0rea de Formaci\u00f3 Complement\u00e0ria.<\/a><a href=\"http:\/\/www.ub.edu\/gaudirub\/programacurs_es.php?url_retorn=cursos_area_es&amp;IdArea=26&amp;CodiCurs=937&amp;Quatrimestre=1\"><br \/>\n<\/a>Gaudir UB\u00a0(3er Trimestre-A\u00f1o acad\u00e9mico \u00a02018-2019).<\/p>\n<p><strong>*La Lectura Vertical. \u00abPels camins de la creaci\u00f3 liter\u00e0ria\u00bb.\u00a0<\/strong><br \/>\nUniversitat de Barcelona\u00a0&#8211;<a href=\"http:\/\/www.ub.edu\/gaudirub\/programacurs_es.php?url_retorn=cursos_area_es&amp;IdArea=26&amp;CodiCurs=944&amp;Quatrimestre=3\">\u00c0rea de Formaci\u00f3 Complement\u00e0ria.<\/a><a href=\"http:\/\/www.ub.edu\/gaudirub\/programacurs_es.php?url_retorn=cursos_area_es&amp;IdArea=26&amp;CodiCurs=937&amp;Quatrimestre=1\"><br \/>\n<\/a>Gaudir UB\u00a0(3er Trimestre-A\u00f1o acad\u00e9mico \u00a02018-2019).<\/p>\n<p><strong>*Escritura Terap\u00e9utica: una \u00abherramienta\u00bb para la salud emocional.<\/strong><br \/>\nUniversitat de Barcelona (Sede de Badalona) &#8211;<a href=\"http:\/\/www.ub.edu\/gaudirub\/programacurs_es.php?url_retorn=cursos_area_es&amp;IdArea=25&amp;CodiCurs=1133&amp;Quatrimestre=3\">\u00c0rea de Formaci\u00f3 Complement\u00e0ria.<\/a><a href=\"http:\/\/www.ub.edu\/gaudirub\/programacurs_es.php?url_retorn=cursos_area_es&amp;IdArea=26&amp;CodiCurs=937&amp;Quatrimestre=1\"><br \/>\n<\/a>Gaudir UB\u00a0(3er Trimestre-A\u00f1o acad\u00e9mico \u00a02018-2019).<\/p>\n<p><strong>*Inteligencia Emocional y Escritura Terap\u00e9utica<\/strong><br \/>\nUniversitat de Barcelona\u00a0&#8211;<a href=\"http:\/\/www.ub.edu\/gaudirub\/programacurs.php?url_retorn=cursos_area&amp;IdArea=25&amp;CodiCurs=940&amp;Quatrimestre=2\">\u00c0rea de Formaci\u00f3 Complement\u00e0ria.<\/a><a href=\"http:\/\/www.ub.edu\/gaudirub\/programacurs_es.php?url_retorn=cursos_area_es&amp;IdArea=26&amp;CodiCurs=937&amp;Quatrimestre=1\"><br \/>\n<\/a>Gaudir UB\u00a0(2n Trimestre-A\u00f1o acad\u00e9mico \u00a02018-2019).<\/p>\n<p><strong>*La Lectura Vertical. \u00abPels camins de la creaci\u00f3 liter\u00e0ria\u00bb.\u00a0<\/strong><br \/>\nUniversitat de Barcelona\u00a0&#8211;<a href=\"http:\/\/www.ub.edu\/gaudirub\/programacurs.php?url_retorn=cursos_area&amp;IdArea=26&amp;CodiCurs=943&amp;Quatrimestre=2\">\u00c0rea de Formaci\u00f3 Complement\u00e0ria.<\/a><a href=\"http:\/\/www.ub.edu\/gaudirub\/programacurs_es.php?url_retorn=cursos_area_es&amp;IdArea=26&amp;CodiCurs=937&amp;Quatrimestre=1\"><br \/>\n<\/a>Gaudir UB\u00a0(2n Trimestre-A\u00f1o acad\u00e9mico \u00a02018-2019).<\/p>\n<p><strong>*La Inteligencia Emocional. Importancia para la vida diaria.<\/strong><br \/>\nUniversidad de Barcelona\u00a0&#8211;<a href=\"http:\/\/www.ub.edu\/gaudirub\/programacurs_es.php?url_retorn=cursos_area_es&amp;CodiCurs=938&amp;Quatrimestre=1&amp;IdArea=25\">\u00c0rea de Formaci\u00f3 Complement\u00e0ria.<\/a><a href=\"http:\/\/www.ub.edu\/gaudirub\/programacurs_es.php?url_retorn=cursos_area_es&amp;IdArea=26&amp;CodiCurs=937&amp;Quatrimestre=1\"><br \/>\n<\/a>Gaudir UB\u00a0(1er Trimestre-A\u00f1o acad\u00e9mico \u00a02018-2019).<\/p>\n<p><strong>*La Lectura Vertical. \u00abPels camins de la creaci\u00f3 liter\u00e0ria\u00bb.\u00a0<\/strong><br \/>\nUniversidad de Barcelona\u00a0&#8211;<a href=\"http:\/\/www.ub.edu\/gaudirub\/programacurs_es.php?url_retorn=cursos_area_es&amp;IdArea=26&amp;CodiCurs=937&amp;Quatrimestre=1\">\u00c0rea de Formaci\u00f3 Complement\u00e0ria.<\/a><a href=\"http:\/\/www.ub.edu\/gaudirub\/programacurs_es.php?url_retorn=cursos_area_es&amp;IdArea=26&amp;CodiCurs=937&amp;Quatrimestre=1\"><br \/>\n<\/a>Gaudir UB\u00a0(1er Trimestre-A\u00f1o acad\u00e9mico \u00a02018-2019).<\/p>\n<p><strong><strong>*<\/strong>Comunicaci\u00f3n Escrita.<br \/>\n<\/strong>Empresa PUMSA (Matar\u00f3)<br \/>\nOctubre-Diciembre 2018<\/p>\n<p><strong>*La Lectura Vertical.<br \/>\n<\/strong><a href=\"http:\/\/www.cdl.cat\/cursos-i-activitats?of=636\">Un \u00abjuego de pistas\u00bb que estimula el alumno a la lectura.<\/a><br \/>\nCol.legi de Doctors i Llicenciats de Catalunya.<br \/>\nEscuela de Verano (Intensivo: del 2 al 6 de julio)<\/p>\n<p><strong>*La Lectura Vertical.\u00a0<\/strong><br \/>\n<a href=\"https:\/\/www.jaimes.cat\/taller-literari-descobreix-el-secret-de-la-creacio-literaria\">Llibreria Jaimes.<\/a><br \/>\nMayo y Junio. Los lunes de 11h a 13h.<\/p>\n<p><strong>*La Lectura Vertical.\u00a0<\/strong>El \u00absecreto\u00bb de la creaci\u00f3n literaria.<br \/>\nUniversitat de Barcelona\u00a0&#8211;<a href=\"http:\/\/www.ub.edu\/gaudirub\/programacurs.php?url_retorn=llistat&amp;CodiCurs=763&amp;Quatrimestre=2\">\u00a0<\/a><a href=\"http:\/\/www.ub.edu\/gaudirub\/programacurs.php?url_retorn=cursos_area&amp;IdArea=26&amp;CodiCurs=800&amp;Quatrimestre=3\">\u00c0rea de Formaci\u00f3 Complement\u00e0ria.<\/a><br \/>\n(A\u00f1o acad\u00e9mico \u00a02017-2018).<\/p>\n<p><strong>*Inteligencia Emocional:\u00a0<\/strong>COFIDIS &#8211; 2017-2018<\/p>\n<p><strong>*<\/strong><strong>Inteligencia Emocional:\u00a0<\/strong>BRUNEAU<br \/>\nJunio-Julio 2017.<\/p>\n<p><strong>*La Lectura Vertical. <\/strong>El \u00absecreto\u00bb de los grandes textos literarios.<br \/>\nUniversitat de Barcelona &#8211;<a href=\"http:\/\/www.ub.edu\/gaudirub\/programacurs_es.php?url_retorn=cursos_area_es&amp;CodiCurs=581&amp;Quatrimestre=3&amp;IdArea=26\">\u00c0rea de Formaci\u00f3 Complement\u00e0ria.<\/a><br \/>\n(Tercer trimestre 2016-2017).<\/p>\n<p><strong>*La Lectura Vertical. <\/strong><br \/>\n<a href=\"http:\/\/www.jaimes.cat\/event\/563\/atelier-litteraire-decouvrez-le-secret-des-grands-textes-litteraires\">Librer\u00eda Jaimes<\/a>. Calle Valencia, 318 (entre Ll\u00faria y Bruc).<br \/>\nLos martes a las 19h (taller en franc\u00e9s)<br \/>\nInicio: Martes 7 de febrero 2017<\/p>\n<p><strong><strong>*La Lectura Vertical.\u00a0<\/strong><\/strong>El \u00absecreto\u00bb de los grandes textos literarios.<br \/>\nUniversitat de Barcelona &#8211;<a href=\"http:\/\/www.ub.edu\/gaudirub\/programacurs_es.php?url_retorn=cursos_area_es&amp;CodiCurs=548&amp;Quatrimestre=2&amp;IdArea=26\">\u00c0rea de Formaci\u00f3 Complement\u00e0ria.<\/a><br \/>\n(A\u00f1o acad\u00e9mico 2016 &#8211; 2017).<strong><br \/>\n<\/strong><\/p>\n<p><strong><strong>*Inteligencia Emocional:<\/strong> <\/strong>COFIDIS \u2013\u00a0 2016-2017<\/p>\n<p><strong>*Comunicaci\u00f3n Escrita.<br \/>\n<\/strong>Empresa Happy Punt (Matar\u00f3)<br \/>\nNoviembre 2016<\/p>\n<p><strong>*Inteligencia Emocional:<\/strong> JM BRUNEAU \u2013\u00a0 2016-2017<\/p>\n<p><strong>*Comunicaci\u00f3n Escrita:<\/strong> COFIDIS \u2013\u00a0 2016-2017<\/p>\n<p><strong>*La Lectura Vertical.<br \/>\n<\/strong>Col.legi Oficial de Doctors i Llicenciats de Catalunya.<br \/>\n<a href=\"http:\/\/www.cdl.cat\/cursos-i-activitats?of=209\">Escuela de Verano.<\/a><br \/>\nJulio 2016.<\/p>\n<p><strong>*La pr\u00e1ctica de la Escritura Terap\u00e9utica.<\/strong><br \/>\nUniversidad de Barcelona &#8211;<a href=\"http:\/\/www.ub.edu\/gaudirub\/programacurs_complet_es.php?url=llistat&amp;CodiCurs=366&amp;Quatrimestre=3\">\u00c1rea de Formaci\u00f3n Complementaria<\/a>.<br \/>\nTercer trimestre (A\u00f1o acad\u00e9mico 2015 &#8211; 2016).<\/p>\n<p><strong>*Lectura Vertical.\u00a0<\/strong>El \u00absecreto\u00bb de los grandes textos literarios.<br \/>\nUniversidad de Barcelona &#8211;<a href=\"http:\/\/www.ub.edu\/gaudirub\/programacurs_complet_es.php?url=llistat&amp;CodiCurs=354&amp;Quatrimestre=3\">\u00c1rea de Formaci\u00f3n Complementaria.<\/a><br \/>\nTercer trimestre (A\u00f1o acad\u00e9mico 2015 &#8211; 2016).<\/p>\n<p><strong>*Inteligencia Emocional.\u00a0<\/strong>De porqu\u00e9 nos interesa a como desarrollarla.<br \/>\nUniversidad de Barcelona &#8211;<a href=\"http:\/\/www.ub.edu\/gaudirub\/programacurs_es.php?url=area&amp;IdAreaTematica=7&amp;CodiCurs=298&amp;Quatrimestre=2\">\u00c1rea de Formaci\u00f3n Complementaria.<\/a><br \/>\nSegundo trimestre (A\u00f1o acad\u00e9mico 2015 &#8211; 2016).<\/p>\n<p><strong>*Lectura Vertical.\u00a0<\/strong>El \u00absecreto\u00bb de los grandes textos literarios.<br \/>\nUniversidad de Barcelona &#8211;<a href=\"http:\/\/www.ub.edu\/gaudirub\/programacurs_es.php?url=area&amp;IdAreaTematica=8&amp;CodiCurs=288&amp;Quatrimestre=2\">\u00c1rea de Formaci\u00f3n Complementaria.<\/a><br \/>\nSegundo trimestre (A\u00f1o acad\u00e9mico 2015 &#8211; 2016).<\/p>\n<p><strong>*Lectura Vertical.<\/strong> El \u00absecreto\u00bb de los grandes textos literarios.<br \/>\nUniversidad de Barcelona &#8211; <a href=\"http:\/\/www.ub.edu\/gaudirub\/programacurs_es.php?url=area&amp;IdAreaTematica=8&amp;CodiCurs=221\">\u00c1rea de Formaci\u00f3n Complementaria.<\/a><br \/>\nPrimer trimestre 2015 &#8211; 2016.<\/p>\n<p><strong>*Lectura Vertical.<\/strong> J&#8217;aime les classiques!<br \/>\nCurso en franc\u00e9s en la <a href=\"http:\/\/www.jaimes.cat\/ateliers-et-cours\">Llibreria Jaimes.<\/a><br \/>\nPrimer trimestre 2015-2016.<\/p>\n<p><strong>*Lectura Vertical. <\/strong>Colegio Oficial de Doctores y Licenciados de Catalu\u00f1a.<br \/>\nCursos <a href=\"http:\/\/www.cdl.cat\/cursos-i-activitats?of=136\">Oto\u00f1o &#8211; Invierno<\/a> 2015-2016<\/p>\n<p><strong>*Coaching de Escritura:<\/strong> \u00abFabricando mi libro\u00bb <strong><br \/>\n<\/strong><a href=\"http:\/\/www.naikare.es\/taller\/fabricant-el-meu-llibre\/\">Naikare<\/a> \u00ad C\/Roger de Flor 142, Barcelona<strong><br \/>\n<\/strong><\/p>\n<p><strong>*Comunicaci\u00f3n Escrita.<\/strong> Tecnocampus Matar\u00f3.<br \/>\nHospital de Matar\u00f3: octubre 2015.<\/p>\n<p><strong>*Lectura Vertical. <\/strong>Colegio Oficial de Doctores y Licenciados de Catalu\u00f1a<br \/>\n<a href=\"http:\/\/www.cdl.cat\/cursos-i-activitats?of=14\">Cursos de Verano<\/a> &#8211; Del 6 al 10 de Julio de 12h a 15h.<\/p>\n<p><strong>*Inteligencia Emocional. <\/strong>Curso en el <strong>CAP Raval Sur.<br \/>\n<\/strong>Abril &#8211; Los mi\u00e9coles de 13h30 a 15h30<strong><br \/>\n<\/strong><\/p>\n<p><strong>*<strong>Lectura Vertical\u00a0<\/strong><\/strong> a la <a href=\"http:\/\/www.jaimes.cat\/event\/185\/6-seances-6-auteurs-re-lisez-nos-grands-auteurs-avec-la-technique-de-la-lecture-verticale-emile-zola-loeuvre\">Librer\u00eda Jaimes. <\/a><br \/>\nCurso en franc\u00e9s.<br \/>\nLos <strong>MARTES<\/strong> (2n y 4t de cada mes) <strong>a las 19h<\/strong><br \/>\n<strong><br \/>\n*<strong>Coaching de Escritura<\/strong><\/strong> <strong>personalizado<\/strong><br \/>\n<strong>\u00a0-Presencial <\/strong>en <a href=\"http:\/\/www.triviumgc.com\/es\/content\/coaching-de-escritura\">TRIVIUM gesti\u00f3 cultural<\/a> <strong><br \/>\n<\/strong>\u00a0&#8211;<strong>On-line<\/strong> por mail y por Skype<br \/>\n<strong><br \/>\n*<strong>Lectura Vertical\u00a0 <\/strong><\/strong>en el Centro Penitenciario Brians 1.<br \/>\nMi\u00e9rcoles 3 de diciembre y Mi\u00e9rcoles 10 de diciembre.<br \/>\nDe 10h a 13h.<\/p>\n<p><strong>*La Pell Negra: <\/strong>Coloquio con los lectores del Club de Lectura de la<br \/>\nBiblioteca Montserrat Roig. Viernes 28 de noviembre a las 19h.<\/p>\n<p><strong>*Cristalls de Boh\u00e8mia: <\/strong>Presentaci\u00f3n de \u00abCristalls de Boh\u00e8mia\u00bb en<br \/>\nMora d&#8217;Ebre. Jueves\u00a0 13 de noviembre a las 20h.<br \/>\nActo de entrega al Ayuntamiento de Mora del documento: Pasaporte a Roma de Josep<br \/>\nMontagut i Pedret, de casa Saloni del Riu, con sellos dels 2ndo Imperio Franc\u00e9s, del<br \/>\nReino de Savoia y de los Estados Pontificios, por su rebisnieto Vicen\u00e7 Grenzner-Fonoll,<br \/>\nMontagut-Oliver.<\/p>\n<p><strong>*Setmana del llibre en catal\u00e0 <\/strong>(setiembre 2014)<strong>.<\/strong> Lectura y\u00a0 coloquio<br \/>\nsobre LA PELL NEGRA.<br \/>\nS\u00e1bado 13 a las 18h. Lugar: Pla\u00e7a del Llibre. (Av. de la Catedral)<\/p>\n<p><strong>*Lectura Vertical: <\/strong>Col.legi de Doctors i Llicenciats en Filosofia i Lletres<br \/>\ni en Ci\u00e8ncies de Catalunya.<br \/>\nEscuela de Verano. Del 1 al 4 de julio. De martes a viernes. De 12h a 15h<br \/>\nInscripci\u00f3n: \u00a0<a href=\"  http:\/\/www.cdl.cat\/escola-destiu\">http:\/\/www.cdl.cat\/escola-destiu<\/a><br \/>\nEste curso est\u00e1 reconocido dentro del Pla de Formaci\u00f3 Permanent del<br \/>\nDepartament d\u2019Ensenyament de la Generalitat.<\/p>\n<p><strong>*Lectura Vertical:<\/strong> Atelier litt\u00e9raire \u00e0 la Librairie Jaimes.<br \/>\nTaller literario, en franc\u00e9s, para franc\u00f3filos y franc\u00f3fonos.<br \/>\n<a href=\"http:\/\/www.jaimes.cat\/agenda-activitats\">http:\/\/www.jaimes.cat\/agenda-activitats<\/a><br \/>\nLes jeudis de 19h \u00e0 20h30. (mai-juin)<br \/>\n<strong>S\u00e9ance gratuite<\/strong> <strong>d&#8217;information<\/strong>: jeudi 8 mai \u00e0 19h.<\/p>\n<p><strong>*Sant Jordi. Mi\u00e9rcoles 23 de abril.\u00a0<\/strong><br \/>\nZeneida Sard\u00e0 firmar\u00e1 su \u00faltimo libro, <strong>\u00abCristalls de Boh\u00e8mia\u00bb<\/strong> ,<br \/>\nen las siguientes librerias:<br \/>\n&#8211;<strong>11h a 12h-<\/strong> <strong>Llibrer\u00eda <\/strong><strong>La Mem\u00f2ria.<\/strong> Pla\u00e7a de la Vila de Gr\u00e0cia, 19.<br \/>\n&#8211;<strong>12h30 a 13h30- Llibrer\u00eda Pr\u00f2leg. <\/strong>Pla\u00e7a Sant Jaume<br \/>\n<strong>-16h a 16h30-Fundaci\u00f3 Comtal.<\/strong> Forn de la Fonda, 5.<br \/>\n<strong>-17h a <\/strong><strong>18h-Llibrer\u00eda Jaimes. <\/strong>Val\u00e8ncia, 318.<br \/>\n<strong>-19h a 20h-Bestiari<\/strong><strong>.Llibrer\u00eda del Born.<\/strong> Passeig del Born, 26.<\/p>\n<p><strong>*Presentaci\u00f3n del libro \u00abCristalls de Boh\u00e8mia\u00bb.<\/strong> El acto tendr\u00e1 lugar el jueves 10 de abril a<br \/>\nlas 7h de la tarde, en el Museu d&#8217;Art de Sabadell. Ajuntament de Sabadell.<\/p>\n<p><strong>*Presentaci\u00f3n del libro \u00abCristalls de Boh\u00e8mia\u00bb. <\/strong>A cargo de Alex Susanna, director del \u00abInstitut Ramon Llull\u00bb.<br \/>\nCon la participaci\u00f3n de Xavier Tarraubella, director del Arxivo Hist\u00f3rico de la Ciudad de Barcelona.<br \/>\nPresidir\u00e1 el acto el Excm. Sr. Xavier Trias, alcalde de Barcelona.<br \/>\nJueves 13 de marzo, a las 7h de la tarde. Hotel Meli\u00e1 &#8211; Sala Barcelona.\u00a0 Av. Sarri\u00e0, 50. Barcelona.<\/p>\n<p><strong>*Lectura Vertical:<\/strong> CAP Casc Antic- Marzo\/Abril 2014<\/p>\n<p><strong>*Comunicaci\u00f3n Escrita:<\/strong> JM BRUNEAU-\u00a0 2014<\/p>\n<p><span style=\"color: #808080;\">*<strong>Lectura Vertical<\/strong>: Symposium: \u201cExploring Today\u2019s Mythology\u201d\u2028\u201cLa Metamorfosis de Franz Kafka: Entre el somni i l\u2019absurd\u201d.\u2028Universit\u00e4tsstr 37, Tagungssaal (University of Cologne) \u2028<strong>Universit\u00e4t zu K\u00f6ln,<\/strong> Seminargeb\u00e4ude. 18-19 Oct. 2013.<\/span><\/p>\n<p><span style=\"color: #808080;\"><strong>*Lectura Vertical:<\/strong> FPCEE Blanquerna \u2013 Universitat Ramon LLull.\u00a0\u00a0 Cursos d\u2019Extensi\u00f3 Universit\u00e0ria i Cursos d\u2019Actualitzaci\u00f3 Professional. Del 7 d\u2019octubre al 6 de novembre. Dilluns i dimecres de 19h a 21h.<\/span><\/p>\n<p><span style=\"color: #808080;\"><strong>*La Pell Negra. Tertulia literaria:<\/strong> Biblioteca \u00c0ngel Guimer\u00e0. Matadepera. Dijous 12 de setembre a les 19h.<\/span><\/p>\n<p><span style=\"color: #808080;\"><strong>*Lectura Vertical<\/strong>: Col.legi de Doctors i Llicenciats en Filosofia i Lletres i en Ci\u00e8ncies de Catalunya.<br \/>\nEscola d\u2019Estiu. De l\u20191 al 4 de juliol. De dilluns a dijous. De 12h a 15h<\/span><\/p>\n<p><span style=\"color: #808080;\"><strong>*Inteligencia Emocional:<\/strong> CAP Rio de Janeiro (SAP Muntanya)-Maig \/ Juny 2013<\/span><\/p>\n<p><span style=\"color: #808080;\"><strong>*Comunicaci\u00f3n Escrita:<\/strong> Hospital de Granollers-Abril \/ Maig 2013<\/span><\/p>\n<p><span style=\"color: #808080;\"><strong>*Conferencia: Escritura Terap\u00e9utica.<\/strong> Del creixement personal a la motivaci\u00f3 d\u2019equips.<\/span><\/p>\n<p><span style=\"color: #808080;\">*<strong>Universitat de Barcelona. M\u00e0ster en Educaci\u00f3 Emocional i M\u00e0ster en Intel.lig\u00e8ncia Emocional.<\/strong> Dimarts 5 de mar\u00e7 2013 a les 19h30. Facultat de Pedagogia. Campus Mundet de la Universitat de Barcelona.<\/span><\/p>\n<p><span style=\"color: #808080;\"><strong>*Comunicaci\u00f3n Escrita:<\/strong> COFIDIS \u2013 gener \/juliol \u00a0 2013<\/span><\/p>\n<p><span style=\"color: #808080;\"><strong>*Comunicaci\u00f3n Escrita:<\/strong> JM BRUNEAU-gener \/juny \u00a0 2013<\/span><\/p>\n<p><span style=\"color: #808080;\"><strong>* Conferencia: Escritura Terap\u00e9utica.<\/strong> Del creixement personal a l\u2019augment de la capacitat de relaci\u00f3.<\/span><br \/>\n<span style=\"color: #808080;\"> <strong>EADA: Ciclo de Conferencies \u00c0rea Desarrollo Directivo.<\/strong> \u2028dimarts 2 d\u2019octubre 2012, a les 19h\u2028Per a m\u00e9s informaci\u00f3: Carlos Torrero\u2028934 520 844 (ext.130)\u2028c\/Arag\u00f3 204\u202808011-Barcelona<\/span><\/p>\n<p><span style=\"color: #808080;\"><strong>*Lectura Vertical y Comunicaci\u00f3n Escrita:<\/strong> JM BRUNEAU\u00a0 setembre \/ desembre 2012<\/span><\/p>\n<p><span style=\"color: #808080;\"><strong>*Comunicaci\u00f3n Escrita:<\/strong> CAP Casc Antic\u00a0 (SAP Litoral)\u00a0 setembre \/ desembre 2012<\/span><\/p>\n<p><span style=\"color: #808080;\"><strong>*Lectura Vertical:<\/strong> CAP Ram\u00f3n Turr\u00f3 \u00a0 (SAP Litoral)\u00a0 setembre \/ octubre 2012<\/span><\/p>\n<p><span style=\"color: #808080;\"><strong> *Setmana del Llibre en Catal\u00e0.\u2028-LA PELL NEGRA, de l\u2019autobiografia a l\u2019autoficci\u00f3<\/strong> \u2028dissabte 15 de setembre 2012 a les 11h30\u00a0 \u2028Organitza Nus de llibres \/ Pag\u00e8s Editors<\/span><\/p>\n<p><span style=\"color: #808080;\"><strong> *Setmana del Llibre en Catal\u00e0.\u2028-Taller de Lectura Vertical\u2028<\/strong> diumenge 9 de setembre 2012:\u2028-a les 12h\u2028-a les 19h30\u2028 Organitza la Llibreria Jaimes<\/span><\/p>\n<p><span style=\"color: #808080;\"><strong>*Nueva publicaci\u00f3n: FRANCESC MACI\u00c0 EN LA INTIMITAT\u2028<\/strong> juliol 2012 , Pag\u00e8s Editors.\u2028La primera edici\u00f3 d\u2019aquest llibre va ser publicada per Edicions Destino el 1984.<\/span><\/p>\n<p><span style=\"color: #808080;\"><strong>*Lectura Vertical y Comunicaci\u00f3n Escrita:<\/strong> JM BRUNEAU- maig \/ juliol 2012<\/span><\/p>\n<p><span style=\"color: #808080;\"><strong> *Lectura Vertical y Comunicaci\u00f3n Escrita:<\/strong> Grup SIFU- maig 2012<\/span><\/p>\n<p><span style=\"color: #808080;\"><strong> *V\u00eddeo-entrevista sobre LA PELL NEGRA:<\/strong> grabaci\u00f3 d\u2019un cap\u00edtol de L\u2019ultima troballa, el programa de llibres per a la Xarxa de Televisions locals\u2028 Divendres 27 d\u2019abril de 2012 \u2028Direcci\u00f3: Jordi Llavina, escriptor i cr\u00edtic literari.<\/span><\/p>\n<p><span style=\"color: #808080;\"><strong> *Sant Jordi: LA PELL NEGRA a la Llan\u00e7a,<\/strong> aparador virtual d\u2019Omnium Cultural\u202823 d\u2019abril 2012 \u2028Signatura de La Pell Negra a la parada de la Llibreria Pr\u00f2leg (Pla\u00e7a Sant Jaume)<\/span><\/p>\n<p><span style=\"color: #808080;\"><strong>*Entrevista sobre LA PELL NEGRA:<\/strong> R\u00e0dio Nacional de Mallorca\u2028 dijous 12 d\u2019abril 2012\u2028 A c\u00e0rrec de Miquel Cardell.<\/span><\/p>\n<p><span style=\"color: #808080;\"><strong>*Presentaci\u00f3n de LA PELL NEGRA:<\/strong> Llibreria Embat de Palma de Mallorca\u2028dimecres 11 d\u2019abril 2012 a les 19h30.\u2028A c\u00e0rrec de l\u2019escriptor i cr\u00edtic literari Sebasti\u00e0 Alzamora.<\/span><\/p>\n<p><span style=\"color: #808080;\"><strong>*Lectura Vertical:<\/strong> COFIDIS HISPANIA\u2028abril 2012 \/ juliol 2012<\/span><br \/>\n<span style=\"color: #808080;\"> <strong>*Coloquio literario entorno a LA PELL NEGRA:<\/strong> Llibreria Pr\u00f2leg\u2028 dijous 15 de mar\u00e7 2012 a les 19h30 \u2028Introdueix l\u2019acte Maria Ripoll Cera, comunicadora digital<\/span><\/p>\n<p><span style=\"color: #808080;\"><strong>*Comunicaci\u00f3n Escrita:<\/strong> COFIDIS HISPANIA\u2028gener 2012 \/ mar\u00e7 2012<\/span><\/p>\n<p><span style=\"color: #808080;\"><strong>*Lectura Vertical:<\/strong> COFIDIS HISPANIA\u2028setembre 2011 \/ desembre 2011<\/span><\/p>\n<p><span style=\"color: #808080;\"><strong>*Escritura Terap\u00e9utica:<\/strong> Institut Gestalt\u202818 d\u2019octubre 2011 a les 20h: Confer\u00e8ncia informativa\u2028 M\u00e9s informaci\u00f3: Institut Gestalt\u2028Verdi 94, Baixos \u2013 08012 \u2013 Barcelona\u2028Tel. 93 237 28 15<\/span><\/p>\n<p><span style=\"color: #808080;\"><strong>*Comunicaci\u00f3n Escrita:<\/strong> COFIDIS HISPANIA\u2028octubre 2011 \/ novembre 2011<\/span><\/p>\n<p><span style=\"color: #808080;\"><strong>*Intelig\u00e8ncia Emocional :<\/strong> CAP Casc Antic (SAP Litoral)\u20286 d\u2019octubre 2011 a 27 d\u2019octubre 2011\u20283 de novembre 2011 a 24 de novembre 2011<\/span><\/p>\n<p><span style=\"color: #808080;\"><strong> *Setmana del Llibre en Catal\u00e0: Lectura d\u2019un passatge de LA PELL NEGRA\u2028<\/strong> Setembre 2011.\u2028Organitza la Llibreria Jaimes.<\/span><\/p>\n<p><span style=\"color: #808080;\"> <strong>*Presentaci\u00f3n de LA PELL NEGRA:<\/strong> Llibreria La Central\u2028 28 de juny 2011 a les 19h.\u2028Presentaci\u00f3 a c\u00e0rrec de l\u2019escriptor Agust\u00ed Pons.<\/span><br \/>\n<a style=\"float: right; margin-right: 135px; margin-top: 25px;\" href=\"#inici\">Vuelve<\/a><\/p>\n","protected":false},"excerpt":{"rendered":"<p>NUESTRAS ACTIVIDADES *Autoconeixement i Empatia: compet\u00e8ncies pel benestar emocional. Universitat de Barcelona&#8211;Institut de Formaci\u00f3 Cont\u00ednua-IL3 (1er Trimestre Any acad\u00e8mic 2025-2026) *Autoconeixement i Empatia: compet\u00e8ncies pel benestar emocional. Casa Elizalde &#8211; Tallers culturals (1er Trimestre Any acad\u00e8mic 2025-2026) *La Felicitat: una garantia de salut ps\u00edquica i creixement personal. Universitat de Barcelona&#8211;Institut de Formaci\u00f3 Cont\u00ednua-IL3 (3n Trimestre [&hellip;]<\/p>\n","protected":false},"author":2,"featured_media":0,"parent":0,"menu_order":0,"comment_status":"closed","ping_status":"closed","template":"","meta":[],"_links":{"self":[{"href":"https:\/\/www.lecturavertical.com\/es\/wp-json\/wp\/v2\/pages\/887"}],"collection":[{"href":"https:\/\/www.lecturavertical.com\/es\/wp-json\/wp\/v2\/pages"}],"about":[{"href":"https:\/\/www.lecturavertical.com\/es\/wp-json\/wp\/v2\/types\/page"}],"author":[{"embeddable":true,"href":"https:\/\/www.lecturavertical.com\/es\/wp-json\/wp\/v2\/users\/2"}],"replies":[{"embeddable":true,"href":"https:\/\/www.lecturavertical.com\/es\/wp-json\/wp\/v2\/comments?post=887"}],"version-history":[{"count":137,"href":"https:\/\/www.lecturavertical.com\/es\/wp-json\/wp\/v2\/pages\/887\/revisions"}],"predecessor-version":[{"id":6495,"href":"https:\/\/www.lecturavertical.com\/es\/wp-json\/wp\/v2\/pages\/887\/revisions\/6495"}],"wp:attachment":[{"href":"https:\/\/www.lecturavertical.com\/es\/wp-json\/wp\/v2\/media?parent=887"}],"curies":[{"name":"wp","href":"https:\/\/api.w.org\/{rel}","templated":true}]}}