{"id":893,"date":"2013-11-05T23:33:06","date_gmt":"2013-11-05T23:33:06","guid":{"rendered":"http:\/\/www.lecturavertical.com\/?page_id=893"},"modified":"2021-04-30T17:09:57","modified_gmt":"2021-04-30T17:09:57","slug":"contacto","status":"publish","type":"page","link":"https:\/\/www.lecturavertical.com\/es\/contacto\/","title":{"rendered":"Contacto"},"content":{"rendered":"<div style=\"float: left; width: 185px;\"><a href=\"http:\/\/www.lecturavertical.com\/wp-content\/uploads\/2013\/10\/foto-W-150x150-e1384365171407.jpg\"><img decoding=\"async\" loading=\"lazy\" class=\"alignnone size-full wp-image-817\" alt=\"foto-W-150x150\" src=\"http:\/\/www.lecturavertical.com\/wp-content\/uploads\/2013\/10\/foto-W-150x150-e1384365171407.jpg\" width=\"150\" height=\"138\"><\/a><\/div>\n<div style=\"float: left; width: 300px;\"><span style=\"color: #808080;\"><strong><br \/>\n<\/strong>Para m\u00e1s informaci\u00f3n o para organizar un curso <\/span><span style=\"color: #808080;\">o un taller, contactar con<br \/>\n<\/span><a href=\"https:\/\/www.lecturavertical.com\/es\/zeneida-sard\u00e0\">Zeneida Sard\u00e0<\/a>&nbsp;+34 699 455 946 (Barcelona)<br \/>\no escribir a<br \/>\n<a href=\"mailto:zeneida.sarda@gmail.com\">zeneida.sarda@gmail.com<\/a><\/div>\n<div class=\"alignright\" style=\"width: 160px; margin-top: 20px; clear: both;\">\n<div style=\"font-size: 10px;\">Nuestros compromisos<\/div>\n<p><a href=\"http:\/\/www.casaemanuel.com\/\"><img decoding=\"async\" class=\"size-full wp-image-3466\" style=\"margin-left: 15px; float: left;\" alt=\"Casa Emanuel\" src=\"http:\/\/www.lecturavertical.com\/wp-content\/uploads\/2015\/03\/Casa-Emanuel.png\" width=\"30\"><\/a><a href=\"http:\/\/www.ongamic.org\/\"><img decoding=\"async\" loading=\"lazy\" class=\"size-full wp-image-3466\" style=\"margin-left: 10px; margin-top: 5px; float: left;\" alt=\"Amic\" src=\"http:\/\/www.lecturavertical.com\/wp-content\/uploads\/2015\/03\/Amic.png\" width=\"37\" height=\"81\"><\/a><\/p>\n<\/div>\n<div id=\"gtx-trans\" style=\"position: absolute; left: 183px; top: 104px;\">&nbsp;<\/div>\n","protected":false},"excerpt":{"rendered":"<p>Para m\u00e1s informaci\u00f3n o para organizar un curso o un taller, contactar con Zeneida Sard\u00e0&nbsp;+34 699 455 946 (Barcelona) o escribir a zeneida.sarda@gmail.com Nuestros compromisos &nbsp;<\/p>\n","protected":false},"author":2,"featured_media":0,"parent":0,"menu_order":0,"comment_status":"closed","ping_status":"closed","template":"","meta":[],"_links":{"self":[{"href":"https:\/\/www.lecturavertical.com\/es\/wp-json\/wp\/v2\/pages\/893"}],"collection":[{"href":"https:\/\/www.lecturavertical.com\/es\/wp-json\/wp\/v2\/pages"}],"about":[{"href":"https:\/\/www.lecturavertical.com\/es\/wp-json\/wp\/v2\/types\/page"}],"author":[{"embeddable":true,"href":"https:\/\/www.lecturavertical.com\/es\/wp-json\/wp\/v2\/users\/2"}],"replies":[{"embeddable":true,"href":"https:\/\/www.lecturavertical.com\/es\/wp-json\/wp\/v2\/comments?post=893"}],"version-history":[{"count":11,"href":"https:\/\/www.lecturavertical.com\/es\/wp-json\/wp\/v2\/pages\/893\/revisions"}],"predecessor-version":[{"id":5947,"href":"https:\/\/www.lecturavertical.com\/es\/wp-json\/wp\/v2\/pages\/893\/revisions\/5947"}],"wp:attachment":[{"href":"https:\/\/www.lecturavertical.com\/es\/wp-json\/wp\/v2\/media?parent=893"}],"curies":[{"name":"wp","href":"https:\/\/api.w.org\/{rel}","templated":true}]}}