{"id":913,"date":"2013-11-06T12:59:06","date_gmt":"2013-11-06T12:59:06","guid":{"rendered":"http:\/\/www.lecturavertical.com\/?page_id=913"},"modified":"2017-05-04T11:10:41","modified_gmt":"2017-05-04T11:10:41","slug":"las-colaboraciones","status":"publish","type":"page","link":"https:\/\/www.lecturavertical.com\/es\/zeneida-sard%c3%a0\/las-colaboraciones\/","title":{"rendered":"Las colaboraciones"},"content":{"rendered":"<style type=\"text\/css\"><!--\nP { margin-bottom: 0.21cm; }\n--><\/style>\n<p><span style=\"color: #808080;\"><strong><span style=\"font-family: Times New Roman,serif;\"><span style=\"font-size: medium;\"><b>LAS COLABORACIONES<\/b><\/span><\/span><\/strong><strong><\/strong><\/span><strong><\/strong><\/p>\n<ul>\n<li>Universidad de Barcelona.<\/li>\n<\/ul>\n<ul>\n<li>Eurecat &#8211; Centro Tecnol\u00f3gico de Catalu\u00f1a.<\/li>\n<\/ul>\n<ul>\n<li>Colegio Oficial de Doctores y Licenciados de Catalu\u00f1a.<\/li>\n<\/ul>\n<ul>\n<li>TRIVIUM Gesti\u00f3n Cultural.<\/li>\n<\/ul>\n<ul>\n<li>Centro Penitenciario Brians 1.<\/li>\n<\/ul>\n<ul>\n<li><span style=\"color: #808080;\">M\u00e0ster en Educaci\u00f3 Emocional i Benestar. Facultat de Pedagogia. Universitat de Barcelona.<\/span><\/li>\n<\/ul>\n<ul>\n<li><span style=\"color: #808080;\">M\u00e0ster en \u201cIntel.lig\u00e8ncia Emocional a les Organitzacions\u201d. Universitat de Barcelona.<\/span><\/li>\n<\/ul>\n<ul>\n<li><span style=\"color: #808080;\"><span style=\"color: #808080;\"><span style=\"color: #808080;\"><span style=\"color: #808080;\">M\u00e0ster en \u00abPsicoter\u00e0pia de Grup\u00bb. Universitat Aut\u00f2noma de Barcelona.<\/span><\/span><\/span><\/span>\n<p>&nbsp;<\/p>\n<\/li>\n<li>Institut Gestalt de Barcelona. \u201cTerapia grupal y desarrollo persona\u201d.<\/li>\n<\/ul>\n<ul>\n<li><span style=\"color: #808080;\">Tallers de la Fundaci\u00f3 per a l\u2019Educaci\u00f3 Emocional.<\/span><\/li>\n<\/ul>\n<ul>\n<li><span style=\"color: #808080;\">Diari AVUI.<\/span><\/li>\n<\/ul>\n<ul>\n<li><span style=\"color: #808080;\">Membre del jurat de <em>Serra<\/em><em> <\/em><em>d\u00b4Or<\/em><em> <\/em>que atorga els premis \u201cCrida als escriptors joves\u201d.<\/span><\/li>\n<\/ul>\n<ul>\n<li><span style=\"color: #808080;\">Setmanari <em>El<\/em><em> <\/em><em>Temps.<\/em><\/span><\/li>\n<\/ul>\n<ul>\n<li><span style=\"color: #808080;\"><em><\/em>Revista <em>Cultura<\/em><em> <\/em>del Departament de Cultura de la Generalitat<em>.<\/em><\/span><\/li>\n<\/ul>\n<ul>\n<li><span style=\"color: #808080;\"><em><\/em>Revista <em>Butllet\u00ed<\/em><em> <\/em><em>dels<\/em><em> <\/em><em>Mestres<\/em><em> <\/em>del Departament d\u00b4Ensenyament de la Generalitat.<\/span><\/li>\n<\/ul>\n<ul>\n<li><span style=\"color: #808080;\"><em><\/em>Col\u00b7laboradora de la revista cultural <em>Serra<\/em><em> <\/em><em>d<\/em><em>\u2019<\/em><em>Or.<\/em><\/span><\/li>\n<\/ul>\n","protected":false},"excerpt":{"rendered":"<p>LAS COLABORACIONES Universidad de Barcelona. Eurecat &#8211; Centro Tecnol\u00f3gico de Catalu\u00f1a. Colegio Oficial de Doctores y Licenciados de Catalu\u00f1a. TRIVIUM Gesti\u00f3n Cultural. Centro Penitenciario Brians 1. M\u00e0ster en Educaci\u00f3 Emocional i Benestar. Facultat de Pedagogia. Universitat de Barcelona. M\u00e0ster en \u201cIntel.lig\u00e8ncia Emocional a les Organitzacions\u201d. Universitat de Barcelona. M\u00e0ster en \u00abPsicoter\u00e0pia de Grup\u00bb. Universitat Aut\u00f2noma [&hellip;]<\/p>\n","protected":false},"author":2,"featured_media":0,"parent":899,"menu_order":0,"comment_status":"closed","ping_status":"closed","template":"","meta":[],"_links":{"self":[{"href":"https:\/\/www.lecturavertical.com\/es\/wp-json\/wp\/v2\/pages\/913"}],"collection":[{"href":"https:\/\/www.lecturavertical.com\/es\/wp-json\/wp\/v2\/pages"}],"about":[{"href":"https:\/\/www.lecturavertical.com\/es\/wp-json\/wp\/v2\/types\/page"}],"author":[{"embeddable":true,"href":"https:\/\/www.lecturavertical.com\/es\/wp-json\/wp\/v2\/users\/2"}],"replies":[{"embeddable":true,"href":"https:\/\/www.lecturavertical.com\/es\/wp-json\/wp\/v2\/comments?post=913"}],"version-history":[{"count":13,"href":"https:\/\/www.lecturavertical.com\/es\/wp-json\/wp\/v2\/pages\/913\/revisions"}],"predecessor-version":[{"id":4233,"href":"https:\/\/www.lecturavertical.com\/es\/wp-json\/wp\/v2\/pages\/913\/revisions\/4233"}],"up":[{"embeddable":true,"href":"https:\/\/www.lecturavertical.com\/es\/wp-json\/wp\/v2\/pages\/899"}],"wp:attachment":[{"href":"https:\/\/www.lecturavertical.com\/es\/wp-json\/wp\/v2\/media?parent=913"}],"curies":[{"name":"wp","href":"https:\/\/api.w.org\/{rel}","templated":true}]}}