{"id":1874,"date":"2014-09-08T12:26:57","date_gmt":"2014-09-08T12:26:57","guid":{"rendered":"http:\/\/www.lecturavertical.com\/?page_id=1874"},"modified":"2025-08-11T16:46:26","modified_gmt":"2025-08-11T16:46:26","slug":"_agenda","status":"publish","type":"page","link":"https:\/\/www.lecturavertical.com\/fr\/_agenda\/","title":{"rendered":"Agenda"},"content":{"rendered":"<p><a name=\"inici\"><\/a><img decoding=\"async\" loading=\"lazy\" class=\"alignnone size-full wp-image-383\" src=\"http:\/\/www.lecturavertical.com\/wp-content\/uploads\/2013\/10\/10-coquelicot-copia-e1383669443546.png\" alt=\"10-coquelicot copia\" width=\"451\" height=\"158\" srcset=\"https:\/\/www.lecturavertical.com\/wp-content\/uploads\/2013\/10\/10-coquelicot-copia-e1383669443546.png 451w, https:\/\/www.lecturavertical.com\/wp-content\/uploads\/2013\/10\/10-coquelicot-copia-e1383669443546-300x105.png 300w\" sizes=\"(max-width: 451px) 100vw, 451px\" \/><\/p>\n<p><strong>NOS ACTIVIT\u00c9S<\/strong><\/p>\n<p><strong><span style=\"color: #808080;\">*Autoconeixement i Empatia: compet\u00e8ncies pel benestar emocional.<br \/>\n<\/span><\/strong><span style=\"color: #808080;\">Universitat de Barcelona<\/span><span style=\"color: #808080;\">&#8211;<a href=\"https:\/\/www.il3.ub.edu\/ca\/gaudir\/autoconeixement-empatia-dues-competencies-indispensables-benestar-emocional\"><span style=\"color: #ff9900;\">Institut de Formaci\u00f3 Cont\u00ednua-IL3<\/span><\/a><br \/>\n<\/span><span style=\"color: #808080;\">(1er Trimestre Any acad\u00e8mic 2025-2026)<\/span><\/p>\n<p><strong><span style=\"color: #808080;\">*Autoconeixement i Empatia: compet\u00e8ncies pel benestar emocional.<br \/>\n<\/span><\/strong><span style=\"color: #808080;\">Casa Elizalde &#8211; <\/span><span style=\"color: #808080;\"><span style=\"background-color: #ffffff; color: #ff9900;\"><a style=\"background-color: #ffffff; color: #ff9900;\" href=\"https:\/\/www.casaelizalde.com\/cursos-i-tallers\/autoconeixement-i-empatia-competencies-pel-benestar-emocional\/\">Tallers culturals<\/a><\/span><br \/>\n<\/span><span style=\"color: #808080;\">(1er Trimestre Any acad\u00e8mic 2025-2026)<\/span><\/p>\n<p><strong><span style=\"color: #808080;\">*La Felicitat: una garantia de salut ps\u00edquica i creixement personal.<br \/>\n<\/span><\/strong><span style=\"color: #808080;\">Universitat de Barcelona<\/span><strong><span style=\"color: #808080;\">&#8211;<\/span><\/strong><a href=\"https:\/\/www.il3.ub.edu\/ca\/gaudir\/la-felicitat-garantia-salut-psiquica-creixement-personal\"><span style=\"color: #808080;\"><span style=\"color: #ff9900;\">Institut de Formaci\u00f3 Cont\u00ednua-IL3<\/span><\/span><\/a><strong><span style=\"color: #808080;\"><br \/>\n<\/span><\/strong><span style=\"color: #808080;\">(3n Trimestre Any acad\u00e8mic 2024-2025)<\/span><\/p>\n<p><strong><span style=\"color: #808080;\">*La Felicitat: una garantia de salut ps\u00edquica i creixement personal.<br \/>\n<\/span><\/strong><span style=\"color: #808080;\">Casa Elizalde &#8211; <span style=\"background-color: #ffffff; color: #ff9900;\"><a style=\"background-color: #ffffff; color: #ff9900;\" href=\"https:\/\/www.casaelizalde.com\/cursos-i-tallers\/la-felicitat-garantia-de-salut-i-creixement-personal\/\">Tallers culturals<\/a><\/span><\/span><span style=\"color: #808080;\"><br \/>\n<\/span><span style=\"color: #808080;\">(3er Trimestre Any acad\u00e8mic 2024-2025)<\/span><\/p>\n<p><strong><span style=\"color: #808080;\">*L&rsquo;Escriptura terap\u00e8utica: una eina per a la salut<br \/>\nemocional<br \/>\n<\/span><\/strong><span style=\"color: #808080;\">Universitat de Barcelona-<\/span><span style=\"color: #ff9900;\"><a style=\"color: #ff9900;\" href=\"https:\/\/www.il3.ub.edu\/ca\/gaudir\/escriptura-terapeutica-eina-per-salut-emocional\">Institut de Formaci\u00f3 Cont\u00ednua-IL3<\/a><\/span><strong><span style=\"color: #808080;\"><br \/>\n<\/span><\/strong><span style=\"color: #808080;\">(2n Trimestre Any acad\u00e8mic 2024-2025)<\/span><\/p>\n<p><strong><span style=\"color: #808080;\">*L&rsquo;Escriptura terap\u00e8utica: una eina per a la salut<br \/>\nemocional<br \/>\n<\/span><\/strong><span style=\"color: #808080;\">Centre Cultural Casa Elizalde. <a href=\"https:\/\/www.casaelizalde.com\/cursos-i-tallers\/lescriptura-terapeutica-una-eina-per-a-la-salut-emocional\/\">Tallers culturals.<\/a><br \/>\n(2n Trimestre Any acad\u00e8mic 2024-2025).<\/span><\/p>\n<p><strong><span style=\"color: #808080;\">*La Intel.lig\u00e8ncia emocional: la seva import\u00e0ncia per a<\/span><br \/>\n<span style=\"color: #808080;\">la vida di\u00e0ria.<\/span><br \/>\n<\/strong><span style=\"color: #808080;\">Centre Cultural Casa Elizalde.<\/span><strong><a href=\"https:\/\/www.casaelizalde.com\/cursos-i-tallers\/la-intel-ligencia-emocional-la-seva-importancia-per-a-la-vida-diaria\/\">Tallers culturals.<\/a><br \/>\n<\/strong><span style=\"color: #808080;\">(1er Trimestre Any acad\u00e8mic 2024-2025).<\/span><strong><br \/>\n<\/strong><\/p>\n<p><strong><span style=\"color: #808080;\">*L&rsquo;Escriptura terap\u00e8utica: una eina per a la salut emocional.<\/span><br \/>\n<\/strong><span style=\"color: #808080;\">Universitat de Barcelona- <a href=\"https:\/\/www.il3.ub.edu\/ca\/gaudir\/escriptura-terapeutica-eina-per-salut-emocional\"><em>Institut de<\/em> <em>Formaci\u00f3 Cont\u00ednua-IL3<\/em><\/a><\/span><br \/>\n<span style=\"color: #808080;\">(2n Trimestre Any acad\u00e8mic 2023-2024)<\/span><\/p>\n<p><strong><span style=\"color: #808080;\">*L&rsquo;art de l&rsquo;escriptura i la creaci\u00f3 liter\u00e0ria:<br \/>\nDe Simone de Beauvoir a Thomas Bernhard.<br \/>\n<\/span><\/strong><span style=\"color: #808080;\">Universitat de Barcelona- <a href=\"https:\/\/www.il3.ub.edu\/ca\/gaudir\/l-art-escriptura-i-creacio-literaria-de-simone-de-beauvoir-a-thomas-bernhard\"><em>Institut de<\/em> <em>Formaci\u00f3 Cont\u00ednua-IL3<\/em><\/a><br \/>\n(2n Trimestre Any acad\u00e8mic 2023-2024)<\/span><\/p>\n<p><strong><span style=\"color: #808080;\">*L&rsquo;Escriptura terap\u00e8utica: una eina per a la salut emocional.<br \/>\n<\/span><\/strong><span style=\"color: #808080;\">Casa Elizalde &#8211; <a href=\"https:\/\/www.casaelizalde.com\/cursos-i-tallers\/escriptura-terapeutica-una-eina-per-a-la-salut-emocional\/\">Tallers culturals<\/a><\/span><span style=\"color: #808080;\"><br \/>\n<\/span><span style=\"color: #808080;\">(2n Trimestre Any acad\u00e8mic 2023-2024)<\/span><\/p>\n<p><strong><span style=\"color: #808080;\">*L&rsquo;art de l&rsquo;escriptura i la creaci\u00f3 liter\u00e0ria:<br \/>\nDe Gustave Flaubert a E\u00e7a de Queir\u00f3s.<br \/>\n<\/span><\/strong><span style=\"color: #808080;\">Universitat de Barcelona- <a href=\"https:\/\/www.il3.ub.edu\/ca\/gaudir\/art-escriptura-creacio-lliteraria-de-flaubert-a-esa-de-queiros\"><em>Institut de<\/em> Formaci\u00f3 Cont\u00ednua-IL3<\/a><br \/>\n(1er Trimestre Any acad\u00e8mic 2023-2024)<\/span><\/p>\n<p><strong><span style=\"color: #808080;\">*Autoconeixementi i Empatia.<br \/>\n<\/span><\/strong><span style=\"color: #808080;\">Casa Elizalde &#8211; <a href=\"https:\/\/www.casaelizalde.com\/cursos-i-tallers\/autoconeixement-i-empatia-competencies-indispensables-pel-benestar-emocional\/\">Tallers culturals<\/a><\/span><span style=\"color: #808080;\"><br \/>\n<\/span><span style=\"color: #808080;\">(1er Trimestre Any acad\u00e8mic 2023-2024)<\/span><\/p>\n<p><strong><span style=\"color: #808080;\">*Autoconeixement i Empatia.<\/span><br \/>\n<\/strong><span style=\"color: #808080;\">Universitat de Barcelona- <a href=\"https:\/\/www.il3.ub.edu\/ca\/gaudir\/autoconeixement-empatia-dues-competencies-indispensables-benestar-emocional\"><em>Institut de<\/em> Formaci\u00f3 Cont\u00ednua-IL3<\/a><\/span><br \/>\n<span style=\"color: #808080;\">(1er Trimestre Any acad\u00e8mic 2023-2024<\/span><\/p>\n<p><strong><span style=\"color: #808080;\">*La Felicitat: una garantia de salut ps\u00edquica i creixement personal.<br \/>\n<\/span><\/strong><span style=\"color: #808080;\">Casa Elizalde &#8211; Tallers culturals<\/span><span style=\"color: #808080;\"><br \/>\n<\/span><span style=\"color: #808080;\">(3er Trimestre Any acad\u00e8mic 2022-2023)<\/span><strong><span style=\"color: #808080;\"><br \/>\n<\/span><\/strong><\/p>\n<p><strong><span style=\"color: #808080;\">*L&rsquo;art de l&rsquo;escriptura i la creaci\u00f3 liter\u00e0ria:<br \/>\nD&rsquo;Ernest Hemingway a Gabriel Garc\u00eda M\u00e1rquez.<br \/>\n<\/span><\/strong><span style=\"color: #808080;\">Universitat de Barcelona- <em>Institut de<\/em> Formaci\u00f3 Cont\u00ednua-IL3<\/span><br \/>\n<a href=\"https:\/\/www.il3.ub.edu\/ca\/gaudir\/art-escriptura-creacio-literaria-ernest-hemingway-gabriel-garcia-marquez\">Gaudir UB<\/a> <span style=\"color: #808080;\">(3er Trimestre Any acad\u00e8mic 2022-2023)<\/span><\/p>\n<p><strong><span style=\"color: #808080;\">*La Felicitat: una garantia de salut ps\u00edquica i creixement personal.<\/span><br \/>\n<\/strong><span style=\"color: #808080;\">Universitat de Barcelona- <em>Institut de<\/em> Formaci\u00f3 Cont\u00ednua-IL3<\/span><br \/>\n<a href=\"https:\/\/www.il3.ub.edu\/ca\/gaudir\/felicitat-garantia-salut-psiquica-creixement-personal\">Gaudir UB<\/a> <span style=\"color: #808080;\">(3er Trimestre Any acad\u00e8mic 2022-2023)<\/span><\/p>\n<p><strong><span style=\"color: #808080;\">*L&rsquo;Escriptura terap\u00e8utica: una eina per a la salut emocional<\/span><br \/>\n<\/strong><span style=\"color: #808080;\">Universitat de Barcelona- <em>Institut de<\/em> Formaci\u00f3 Cont\u00ednua-IL3<\/span><br \/>\n<a href=\"https:\/\/www.il3.ub.edu\/ca\/gaudir\/escriptura-terapeutica-eina-per-salut-emocional\">Gaudir UB<\/a> <span style=\"color: #808080;\">(2n Trimestre Any acad\u00e8mic 2022-2023)<\/span><\/p>\n<p><strong><span style=\"color: #808080;\">*Intel.lig\u00e8ncia Emocional:<br \/>\ncompet\u00e8ncies fonamentals per a la vida di\u00e0ria.<br \/>\n<\/span><\/strong><span style=\"color: #808080;\">Casa Elizalde &#8211; Tallers culturals<br \/>\n(2n Trimestre Any acad\u00e8mic 2022-2023)<br \/>\n<a href=\"https:\/\/www.casaelizalde.com\/cursos-i-tallers\/intelligencia-emocional-competencies-fonamentals-per-a-la-vida-diaria\/\">Creixement personal.<\/a><\/span><\/p>\n<p><strong><span style=\"color: #808080;\">*L&rsquo;art de l&rsquo;escriptura i la creaci\u00f3 liter\u00e0ria:<br \/>\nDe Lawrence Durrell a Charles Baudelaire.<br \/>\n<\/span><\/strong><span style=\"color: #808080;\">Universitat de Barcelona- <em>Institut de<\/em> Formaci\u00f3 Cont\u00ednua-IL3<\/span><br \/>\n<a href=\"https:\/\/www.il3.ub.edu\/ca\/gaudir\/lart-escriptura-creacio-literaria-de-lawrence-durrell-a-charles-baudelaire\">Gaudir UB<\/a> <span style=\"color: #808080;\">(2n Trimestre Any acad\u00e8mic 2022-2023)<\/span><\/p>\n<p><strong><span style=\"color: #808080;\">*Escriptura terap\u00e8utica: una \u00ab\u00a0eina\u00a0\u00bb per a la salut emocional<br \/>\n<\/span><\/strong><span style=\"color: #808080;\">Casa Elizalde &#8211; Tallers culturals<br \/>\n(1er Trimestre Any acad\u00e8mic 2022-2023)<br \/>\n<a href=\"https:\/\/www.casaelizalde.com\/cursos-i-tallers\/escriptura-terapeutica-una-eina-per-a-la-salut-emocional\/\">Creixement personal.<\/a><br \/>\n<\/span><\/p>\n<p><strong><span style=\"color: #808080;\">*L&rsquo;art de l&rsquo;escriptura i la creaci\u00f3 liter\u00e0ria:<br \/>\nDe Gustave Flaubert a E\u00e7a de Queir\u00f3s<br \/>\n<\/span><\/strong><span style=\"color: #808080;\">Universitat de Barcelona- <em>Institut de<\/em> Formaci\u00f3 Cont\u00ednua-IL3<\/span><br \/>\n<a href=\"https:\/\/www.il3.ub.edu\/ca\/gaudir\/art-escriptura-creacio-lliteraria-de-flaubert-a-esa-de-queiros\">Gaudir UB<\/a> <span style=\"color: #808080;\">(1er Trimestre Any acad\u00e8mic 2022-2023)<\/span><\/p>\n<p><strong><span style=\"color: #808080;\">*Autoconeixement i Empatia\u00a0<\/span><br \/>\n<\/strong><span style=\"color: #808080;\">Universitat de Barcelona- <em>Institut de<\/em> Formaci\u00f3 Cont\u00ednua-IL3<\/span><br \/>\n<a href=\"https:\/\/www.il3.ub.edu\/ca\/gaudir\/autoconeixement-empatia-dues-competencies-indispensables-benestar-emocional\">Gaudir UB<\/a> <span style=\"color: #808080;\">(1er Trimestre Any acad\u00e8mic 2022-2023)<\/span><\/p>\n<p><strong><span style=\"color: #808080;\">*L&rsquo;art de l&rsquo;escriptura i la creaci\u00f3 liter\u00e0ria<\/span><br \/>\n<\/strong><span style=\"color: #808080;\">Universitat de Barcelona- <em>Institut de<\/em> Formaci\u00f3 Cont\u00ednua-IL3<\/span><br \/>\n<a href=\"http:\/\/www.ub.edu\/gaudirub\/programacurs.php?url_retorn=cursos_area&amp;IdArea=49&amp;CodiCurs=1864&amp;AnyAcademic=2021&amp;Quatrimestre=3\">Gaudir UB <\/a><span style=\"color: #808080;\">(3er Trimestre Any acad\u00e8mic 2021-2022)<\/span><\/p>\n<p><strong><span style=\"color: #808080;\">*L&rsquo;escriptura terap\u00e8utica: una \u00ab\u00a0eina\u00a0\u00bb per a la salut emocional.<\/span><br \/>\n<\/strong><span style=\"color: #808080;\">Universitat de Barcelona- <em>Institut de<\/em> Formaci\u00f3 Cont\u00ednua-IL3<\/span><br \/>\n<a href=\"http:\/\/www.ub.edu\/gaudirub\/programacurs.php?url_retorn=cursos_area_es&amp;CodiCurs=1861&amp;AnyAcademic=2021&amp;Quatrimestre=3&amp;IdArea=51\">Gaudir UB<\/a> <span style=\"color: #808080;\">(3er Trimestre Any acad\u00e8mic 2021-2022)<\/span><\/p>\n<p><strong><span style=\"color: #808080;\">*Una nova manera de llegir que estimula l&rsquo;alumne a la lectura<\/span><br \/>\n<\/strong><span style=\"color: #808080;\">Col.legi de Doctors i Llicenciats de Catalunya.<\/span><br \/>\n<a href=\"https:\/\/www.cdl.cat\/cursos-i-activitats?of=1356\">Escola d&rsquo;Estiu<\/a> &#8211;<span style=\"color: #808080;\"> Juliol 2021<\/span><\/p>\n<p><strong>*Del plaer de la lectura a l&rsquo;art de l&rsquo;escriptura.<br \/>\n<\/strong>Universitat de Barcelona- <em>Institut de<\/em> Formaci\u00f3 Cont\u00ednua-IL3<br \/>\n<a href=\"http:\/\/www.ub.edu\/gaudirub\/programacurs.php?url_retorn=cursos_area&amp;IdArea=49&amp;CodiCurs=1628&amp;AnyAcademic=2020&amp;Quatrimestre=3\">Gaudir UB<\/a> (3r Trimestre Any acad\u00e8mic 2020-2021)<\/p>\n<p><strong>*La Felicitat: una garantia de salut ps\u00edquica i creixement personal<br \/>\n<\/strong>Universitat de Barcelona- <em>Institut de<\/em> Formaci\u00f3 Cont\u00ednua-IL3<br \/>\n<a href=\"http:\/\/www.ub.edu\/gaudirub\/programacurs.php?url_retorn=cursos_area&amp;IdArea=51&amp;CodiCurs=1659&amp;AnyAcademic=2020&amp;Quatrimestre=3\">Gaudir UB<\/a> (3r Trimestre Any acad\u00e8mic 2020-2021)<\/p>\n<p><strong>*Del plaer de la lectura a l&rsquo;art de l&rsquo;escriptura.<br \/>\n<\/strong>Universitat de Barcelona- <em>Institut de<\/em> Formaci\u00f3 Cont\u00ednua-IL3<br \/>\n<a href=\"http:\/\/www.ub.edu\/gaudirub\/programacurs.php?url_retorn=cursos_area&amp;IdArea=49&amp;CodiCurs=1562&amp;AnyAcademic=2020&amp;Quatrimestre=2\">Gaudir UB<\/a> (2n Trimestre Any acad\u00e8mic 2020-2021)<\/p>\n<p><strong>*L&rsquo;escriptura terap\u00e8utica: una \u00ab\u00a0eina\u00a0\u00bb per a la salut emocional<br \/>\n<\/strong>Universitat de Barcelona- <em>Institut de<\/em> Formaci\u00f3 Cont\u00ednua-IL3<br \/>\n<a href=\"http:\/\/www.ub.edu\/gaudirub\/programacurs.php?url_retorn=cursos_area&amp;IdArea=51&amp;CodiCurs=1604&amp;AnyAcademic=2020&amp;Quatrimestre=2\">Gaudir UB<\/a> (2n Trimestre Any acad\u00e8mic 2020-2021)<\/p>\n<p><strong>*Del plaer de la lectura a l&rsquo;art de l&rsquo;escriptura.<br \/>\n<\/strong>Universitat de Barcelona- <em>Institut de<\/em> Formaci\u00f3 Cont\u00ednua-IL3<br \/>\n<a href=\"http:\/\/www.ub.edu\/gaudirub\/programacurs.php?url_retorn=cursos_area&amp;IdArea=49&amp;CodiCurs=1484&amp;AnyAcademic=2020&amp;Quatrimestre=1\">Gaudir UB<\/a> (1er Trimestre Any acad\u00e8mic 2020-2021)<\/p>\n<p><strong>*Intel.lig\u00e8ncia Emocional: la seva import\u00e0ncia en la vida di\u00e0ria<br \/>\n<\/strong>Universitat de Barcelona- <em>Institut de<\/em> Formaci\u00f3 Cont\u00ednua-IL3<br \/>\n<a href=\"http:\/\/www.ub.edu\/gaudirub\/programacurs.php?url_retorn=cursos_area&amp;IdArea=51&amp;CodiCurs=1519&amp;AnyAcademic=2020&amp;Quatrimestre=1\">Gaudir UB<\/a> (1er Trimestre Any acad\u00e8mic 2020-2021)<\/p>\n<p><strong>*La Felicitat: una garantia de salut ps\u00edquica i creixement personal<br \/>\n<\/strong>Universitat de Barcelona- <em>Institut de<\/em> Formaci\u00f3 Cont\u00ednua-IL3<br \/>\n<a href=\"http:\/\/www.ub.edu\/gaudirub\/programacurs.php?url_retorn=cursos_area&amp;IdArea=51&amp;CodiCurs=1515&amp;AnyAcademic=2020&amp;Quatrimestre=1\">Gaudir UB <\/a>(1er Trimestre Any acad\u00e8mic 2020-2021)<\/p>\n<p><strong>*Una nova manera de llegir que estimula l&rsquo;alumne a la lectura<br \/>\n<\/strong>Col.legi de Doctors i Llicenciats de Catalunya.<br \/>\n<a href=\"https:\/\/www.cdl.cat\/cursos-i-activitats?of=1100\">Escola d&rsquo;Estiu<\/a> &#8211; Juillet 2020<\/p>\n<p><strong>*La Felicitat: una garantia de salut ps\u00edquica i creixement personal<br \/>\n<\/strong>Universitat de Barcelona- \u00c2rea de Formaci\u00f3 Complement\u00e0ria<br \/>\nGaudir UB (3er Trimestre Any acad\u00e8mic 2019-2020)<br \/>\nRemis au 1er Trimestre\u00a0 2020-2021 \u00e0 cause du coronavirus.<\/p>\n<p><strong>*Escriptura Terap\u00e8utica: una \u00ab\u00a0eina\u00a0\u00bb per a la salut emocional.<\/strong><br \/>\nUniversitat de Barcelona\u00a0&#8211;<a href=\"http:\/\/www.ub.edu\/gaudirub\/programacurs.php?url_retorn=cursos_area&amp;IdArea=51&amp;CodiCurs=1359&amp;AnyAcademic=2019&amp;Quatrimestre=2\">\u00c0rea de Formaci\u00f3 Complement\u00e0ria.<\/a><a href=\"http:\/\/www.ub.edu\/gaudirub\/programacurs_es.php?url_retorn=cursos_area_es&amp;IdArea=26&amp;CodiCurs=937&amp;Quatrimestre=1\"><br \/>\n<\/a>Gaudir UB\u00a0(2n Trimestre-Any acad\u00e8mic \u00a02019-2020).<\/p>\n<p><strong>*La Lectura Vertical. \u00ab\u00a0Pels camins de la creaci\u00f3 liter\u00e0ria\u00a0\u00bb. <\/strong><br \/>\n<strong>De Franz Kafka a Gabriel Garc\u00eda M\u00e1rquez.<\/strong><br \/>\nUniversitat de Barcelona\u00a0&#8211;<a href=\"http:\/\/www.ub.edu\/gaudirub\/programacurs.php?url_retorn=cursos_area&amp;IdArea=49&amp;CodiCurs=1354&amp;AnyAcademic=2019&amp;Quatrimestre=2\">\u00c0rea de Formaci\u00f3 Complement\u00e0ria.<\/a><a href=\"http:\/\/www.ub.edu\/gaudirub\/programacurs_es.php?url_retorn=cursos_area_es&amp;IdArea=26&amp;CodiCurs=937&amp;Quatrimestre=1\"><br \/>\n<\/a>Gaudir UB\u00a0(2n Trimestre-Any acad\u00e8mic \u00a02019-2020).<\/p>\n<p><strong>*La Intel.lig\u00e8ncia Emocional: la seva import\u00e0ncia en la vida di\u00e0ria.<br \/>\n<\/strong>Institut del Teatre de Barcelona (Octubre-Desembre 2019)<\/p>\n<p><strong>*La Intel.lig\u00e8ncia Emocional: la seva import\u00e0ncia en la vida di\u00e0ria.<\/strong><br \/>\nUniversitat de Barcelona\u00a0-\u00c0rea de Formaci\u00f3 Complement\u00e0ria.<a href=\"http:\/\/www.ub.edu\/gaudirub\/programacurs_es.php?url_retorn=cursos_area_es&amp;IdArea=26&amp;CodiCurs=937&amp;Quatrimestre=1\"><br \/>\n<\/a>Gaudir UB\u00a0(1er Trimestre-Any acad\u00e8mic \u00a02019-2020).<\/p>\n<p><strong>*La Lectura Vertical. \u00ab\u00a0Pels camins de la creaci\u00f3 liter\u00e0ria\u00a0\u00bb.\u00a0<\/strong><br \/>\n<strong>De Lawrence Durrell a Charles Baudelaire.<br \/>\n<\/strong>Universitat de Barcelona\u00a0-\u00c0rea de Formaci\u00f3 Complement\u00e0ria.<a href=\"http:\/\/www.ub.edu\/gaudirub\/programacurs_es.php?url_retorn=cursos_area_es&amp;IdArea=26&amp;CodiCurs=937&amp;Quatrimestre=1\"><br \/>\n<\/a>Gaudir UB\u00a0(1er Trimestre-Any acad\u00e8mic \u00a02019-2020).<\/p>\n<p><strong>*\u00c9criture Th\u00e9rapeutique: un \u00ab\u00a0outil\u00a0\u00bb pour la sant\u00e9 \u00e9motionnelle.<\/strong><br \/>\nUniversitat de Barcelona\u00a0&#8211;<a href=\"http:\/\/www.ub.edu\/gaudirub\/programacurs_es.php?url_retorn=cursos_area_es&amp;IdArea=25&amp;CodiCurs=1132&amp;Quatrimestre=3\">\u00c0rea de Formaci\u00f3 Complement\u00e0ria.<\/a><a href=\"http:\/\/www.ub.edu\/gaudirub\/programacurs_es.php?url_retorn=cursos_area_es&amp;IdArea=26&amp;CodiCurs=937&amp;Quatrimestre=1\"><br \/>\n<\/a>Gaudir UB\u00a0(3\u00e8me Trimestre-Ann\u00e9e \u00a02018-2019).<\/p>\n<p><strong>*La Lectura Vertical. \u00ab\u00a0Pels camins de la creaci\u00f3 liter\u00e0ria\u00a0\u00bb.\u00a0<\/strong><br \/>\nUniversitat de Barcelona\u00a0&#8211;<a href=\"http:\/\/www.ub.edu\/gaudirub\/programacurs_es.php?url_retorn=cursos_area_es&amp;IdArea=26&amp;CodiCurs=944&amp;Quatrimestre=3\">\u00c0rea de Formaci\u00f3 Complement\u00e0ria.<\/a><a href=\"http:\/\/www.ub.edu\/gaudirub\/programacurs_es.php?url_retorn=cursos_area_es&amp;IdArea=26&amp;CodiCurs=937&amp;Quatrimestre=1\"><br \/>\n<\/a>Gaudir UB\u00a0(3\u00e8me Trimestre-Ann\u00e9e \u00a02018-2019).<\/p>\n<p><strong>*\u00c9criture Th\u00e9rapeutique: un \u00ab\u00a0outil\u00a0\u00bb pour la sant\u00e9 \u00e9motionnelle.<\/strong><br \/>\nUniversitat de Barcelona (Seu de Badalona) &#8211;<a href=\"http:\/\/www.ub.edu\/gaudirub\/programacurs_es.php?url_retorn=cursos_area_es&amp;IdArea=25&amp;CodiCurs=1133&amp;Quatrimestre=3\">\u00c0rea de Formaci\u00f3 Complement\u00e0ria.<\/a><a href=\"http:\/\/www.ub.edu\/gaudirub\/programacurs_es.php?url_retorn=cursos_area_es&amp;IdArea=26&amp;CodiCurs=937&amp;Quatrimestre=1\"><br \/>\n<\/a>Gaudir UB\u00a0(3\u00e8me Trimestre-Ann\u00e9e \u00a02018-2019).<\/p>\n<p><strong>*Intelligence \u00c9motionnelle et \u00c9criture Th\u00e9rapeutique<\/strong><br \/>\nUniversit\u00e9 de Barcelone &#8211;<a href=\"http:\/\/www.ub.edu\/gaudirub\/programacurs.php?url_retorn=cursos_area&amp;IdArea=25&amp;CodiCurs=940&amp;Quatrimestre=2\">\u00c0rea de Formaci\u00f3 Complement\u00e0ria.<\/a><a href=\"http:\/\/www.ub.edu\/gaudirub\/programacurs_es.php?url_retorn=cursos_area_es&amp;IdArea=26&amp;CodiCurs=937&amp;Quatrimestre=1\"><br \/>\n<\/a>Gaudir UB\u00a0(2n Trimestre-Ann\u00e9e 2018-2019).<\/p>\n<p><strong>*La Lecture Verticale. \u00ab\u00a0Pels camins de la creaci\u00f3 liter\u00e0ria\u00a0\u00bb.\u00a0<\/strong><br \/>\nUniversit\u00e9 de Barcelone &#8211;<a href=\"http:\/\/www.ub.edu\/gaudirub\/programacurs.php?url_retorn=cursos_area&amp;IdArea=26&amp;CodiCurs=943&amp;Quatrimestre=2\">\u00c0rea de Formaci\u00f3 Complement\u00e0ria.<\/a><a href=\"http:\/\/www.ub.edu\/gaudirub\/programacurs_es.php?url_retorn=cursos_area_es&amp;IdArea=26&amp;CodiCurs=937&amp;Quatrimestre=1\"><br \/>\n<\/a>Gaudir UB\u00a0(2n Trimestre-Ann\u00e9e \u00a02018-2019).<\/p>\n<p><strong>*Intelligence \u00c9motionnelle.\u00a0<\/strong><br \/>\nUniversit\u00e9 de Barcelone &#8211;<a href=\"http:\/\/www.ub.edu\/gaudirub\/programacurs_es.php?url_retorn=cursos_area_es&amp;CodiCurs=938&amp;Quatrimestre=1&amp;IdArea=25\">\u00c0rea de Formaci\u00f3 Complement\u00e0ria.<\/a><a href=\"http:\/\/www.ub.edu\/gaudirub\/programacurs_es.php?url_retorn=cursos_area_es&amp;IdArea=26&amp;CodiCurs=937&amp;Quatrimestre=1\"><br \/>\n<\/a>Gaudir UB\u00a0(1er Trimestre-Ann\u00e9e 2018-2019).<\/p>\n<p><strong>*La Lecture Verticale.\u00a0<strong>\u00ab\u00a0Pels camins de la creaci\u00f3 liter\u00e0ria\u00a0\u00bb.\u00a0<\/strong><\/strong><br \/>\nUniversit\u00e9 de Barcelone &#8211;<a href=\"http:\/\/www.ub.edu\/gaudirub\/programacurs_es.php?url_retorn=cursos_area_es&amp;IdArea=26&amp;CodiCurs=937&amp;Quatrimestre=1\">\u00c0rea de Formaci\u00f3 Complement\u00e0ria.<\/a><a href=\"http:\/\/www.ub.edu\/gaudirub\/programacurs_es.php?url_retorn=cursos_area_es&amp;IdArea=26&amp;CodiCurs=937&amp;Quatrimestre=1\"><br \/>\n<\/a>Gaudir UB\u00a0(1er Trimestre-Ann\u00e9e 2018-2019).<\/p>\n<p><strong><strong>*<\/strong>Comunication \u00c9crite.<br \/>\n<\/strong>Entreprise PUMSA (Matar\u00f3)<br \/>\nOctobre-D\u00e9cembre 2018<\/p>\n<p><strong>*La Lecture Verticale.<br \/>\n<\/strong><a href=\"http:\/\/www.cdl.cat\/cursos-i-activitats?of=636\">Un \u00ab\u00a0jeu de pistes\u00a0\u00bb qui stimule l&rsquo;\u00e9l\u00e8ve \u00e0 la lecture.<\/a><br \/>\nCol.legi de Doctors i Llicenciats de Catalunya.<br \/>\nCours d&rsquo;\u00c9t\u00e9 (Intensif: du 2 au 6 juillet)<\/p>\n<p><strong>*La Lecture Verticale.\u00a0<\/strong><br \/>\n<a href=\"https:\/\/www.jaimes.cat\/taller-literari-descobreix-el-secret-de-la-creacio-literaria\">Librairie Jaimes.<\/a><br \/>\nMai et Juin. Les lundi de 11h \u00e0 13h.<\/p>\n<p><strong>*La Lecture Verticale.<\/strong> Le\u00a0\u00ab\u00a0secret\u00a0\u00bb de la cr\u00e9ation litt\u00e9raire.<br \/>\nUniversit\u00e9 de Barcelone &#8211; <a href=\"http:\/\/www.ub.edu\/gaudirub\/programacurs.php?url_retorn=cursos_area&amp;IdArea=26&amp;CodiCurs=800&amp;Quatrimestre=3\">\u00c0rea de Formaci\u00f3 Complement\u00e0ria.<\/a><br \/>\n(Ann\u00e9e \u00a02017-2018).<\/p>\n<p><strong>*Intelligence \u00c9motionnelle:\u00a0<\/strong>COFIDIS &#8211; 2017-2018<\/p>\n<p><strong>*<\/strong><strong>Intelligence \u00c9motionnelle:\u00a0<\/strong>BRUNEAU<br \/>\nJuin-Juillet 2017.<\/p>\n<p><strong><strong>*La Lecture Verticale.<\/strong><\/strong> Le \u00ab\u00a0secret\u00a0\u00bb des grands textes litt\u00e9raires.<br \/>\nUniversit\u00e9 de Barcelone<a href=\"http:\/\/www.ub.edu\/gaudirub\/programacurs_es.php?url_retorn=cursos_area_es&amp;CodiCurs=581&amp;Quatrimestre=3&amp;IdArea=26\">-Aire de Formation Compl\u00e9mentaire.<\/a><a href=\"http:\/\/www.ub.edu\/gaudirub\/programacurs.php?url_retorn=cursos_area_es&amp;CodiCurs=581&amp;Quatrimestre=3&amp;IdArea=2\"><br \/>\n<\/a>(Troisi\u00e8me trimestre 2016-2017)<\/p>\n<p><strong>*La Lecture Verticale. <\/strong><br \/>\n<a href=\"http:\/\/www.jaimes.cat\/event\/563\/atelier-litteraire-decouvrez-le-secret-des-grands-textes-litteraires\">Librairie Jaimes<\/a>. Rue Val\u00e8ncia, 318 (entre Ll\u00faria et Bruc).<br \/>\nLes mardis \u00e0 19h (atelier en fran\u00e7ais)<br \/>\nPremi\u00e8re s\u00e9ance: mardi 7 f\u00e9vrier 2017<\/p>\n<p><strong><strong>*La Lecture Verticale.<\/strong><\/strong> Le \u00ab\u00a0secret\u00a0\u00bb des grands textes litt\u00e9raires.<br \/>\nUniversitat de Barcelona &#8211;<a href=\"http:\/\/www.ub.edu\/gaudirub\/programacurs.php?url_retorn=cursos_area_es&amp;CodiCurs=548&amp;Quatrimestre=2&amp;IdArea=26http:\/\/\">\u00c0rea de Formaci\u00f3 Complement\u00e0ria.<\/a><br \/>\n(Ann\u00e9e 2016 &#8211; 2017).<strong><br \/>\n<\/strong><\/p>\n<p><strong><strong>*Intelligence \u00c9motionnelle:<\/strong> <\/strong>COFIDIS \u2013\u00a0 2016-2017<\/p>\n<p><strong>*Communication \u00c9crite.<br \/>\n<\/strong>Entreprise \u00ab\u00a0Happy Punt\u00a0\u00bb (Matar\u00f3)<br \/>\nNovembre 2016<\/p>\n<p><strong>*Intelligence \u00c9motionnelle:<\/strong> JM BRUNEAU \u2013\u00a0 2016-2017<\/p>\n<p><strong>*Communication \u00c9crite:<\/strong> COFIDIS \u2013\u00a0 2016-2017<\/p>\n<p><strong>*La Lecture Verticale.<br \/>\n<\/strong>Col.legi Oficial de Doctors i Llicenciats de Catalunya.<br \/>\n<a href=\"http:\/\/www.cdl.cat\/cursos-i-activitats?of=209\">Cours d&rsquo;\u00c9t\u00e9.<\/a><br \/>\nJuillet 2016.<\/p>\n<p><strong>*La pratique de l&rsquo;\u00c9criture Th\u00e9rapeutique.<\/strong><br \/>\nUniversit\u00e9 de Barcelone &#8211;<a href=\"http:\/\/www.ub.edu\/gaudirub\/programacurs_complet_es.php?url=llistat&amp;CodiCurs=366&amp;Quatrimestre=3\">\u00c0rea de Formaci\u00f3 Complement\u00e0ria.<\/a><br \/>\nTroisi\u00e8me trimestre ( 2015 &#8211; 2016).<\/p>\n<p><strong>*Lecture Verticale. <\/strong>Le \u00ab\u00a0secret\u00a0\u00bb des grands textes litt\u00e9raires.<br \/>\nUniversit\u00e9 de Barcelone &#8211;<a href=\"http:\/\/www.ub.edu\/gaudirub\/programacurs_complet_es.php?url=llistat&amp;CodiCurs=354&amp;Quatrimestre=3\">\u00c0rea de Formaci\u00f3 Complement\u00e0ria.<\/a><br \/>\nTroisi\u00e8me trimestre (2015 &#8211; 2016).<\/p>\n<p><strong>*Intelligence \u00c9motionelle. <\/strong>Pourquoi elle nous int\u00e9resse et comment la d\u00e9velopper.<br \/>\nUniversit\u00e9 de Barcelone &#8211;<a href=\"http:\/\/www.ub.edu\/gaudirub\/programacurs.php?url=area&amp;IdAreaTematica=7&amp;CodiCurs=298&amp;Quatrimestre=2\">\u00c0rea de Formaci\u00f3 Complement\u00e0ria.<\/a><br \/>\nSegon trimestre ( 2015 &#8211; 2016).<\/p>\n<p><strong>*Lecture Verticale. <\/strong>Le \u00ab\u00a0secret\u00a0\u00bb des grands textes litt\u00e9raires.<br \/>\nUniversit\u00e9 de Barcelone &#8211;<a href=\"http:\/\/www.ub.edu\/gaudirub\/programacurs.php?url=area&amp;IdAreaTematica=8&amp;CodiCurs=288&amp;Quatrimestre=2\">\u00c0rea de Formaci\u00f3 Complement\u00e0ria.<\/a><br \/>\nSegon trimestre (2015 &#8211; 2016).<\/p>\n<p><strong>*Lecture Verticale.<\/strong> Le \u00ab\u00a0secret\u00a0\u00bb des grands textes litt\u00e9raires.<br \/>\nUniversit\u00e9 de Barcelone &#8211;<a href=\"http:\/\/www.ub.edu\/gaudirub\/programacurs_es.php?url=area&amp;IdAreaTematica=8&amp;CodiCurs=221\"> \u00c0rea de Formaci\u00f3 Complement\u00e0ria.<\/a><br \/>\nPremier trimestre 2015 &#8211; 2016.<\/p>\n<p><strong>*Lecture Verticale.<\/strong> J&rsquo;aime les classiques!<br \/>\nCours en fran\u00e7ais \u00e0 la <a href=\"http:\/\/www.jaimes.cat\/ateliers-et-cours\">Librairie Jaimes.<\/a><br \/>\nPremier trimestre 2015-2016.<\/p>\n<p><strong>*Lecture Verticale. <\/strong>Col.legi Oficial de Doctors i Llicenciats de Catalunya.<br \/>\nCours <a href=\"http:\/\/www.cdl.cat\/cursos-i-activitats?of=136\">Automne &#8211; Hiver<\/a> 2015-2016<\/p>\n<p><strong>*Coaching en \u00c9scriture:<\/strong> \u00ab\u00a0Fabriquant mon livre\u00a0\u00bb <strong><br \/>\n<\/strong><a href=\"http:\/\/www.naikare.es\/taller\/fabricant-el-meu-llibre\/\">Naikare<\/a> \u00ad C\/Roger de Flor 142, Barcelone<strong><br \/>\n<\/strong><\/p>\n<p><strong>*Communication \u00c9crite.<\/strong> Tecnocampus Matar\u00f3.<br \/>\nH\u00f4pital de Matar\u00f3: octobre 2015.<\/p>\n<p><strong>*Lecture Verticale. <\/strong>Col.legi Oficial de Doctors i Llicenciats de Catalunya<br \/>\n<a href=\"http:\/\/www.cdl.cat\/cursos-i-activitats?of=14\">Cours d&rsquo;\u00c9t\u00e9<\/a> &#8211; Du 6 au 10 Juillet de 12h \u00e0 15h.<\/p>\n<p><strong>*Intelligence \u00c9motionnelle. <\/strong>Cours au <strong>CAP Raval Sud.<br \/>\n<\/strong>Avril &#8211; Les mercredi de 13h30 \u00e0 15h30<strong><br \/>\n<\/strong><\/p>\n<p><strong>*<strong>Lecture Verticale\u00a0<\/strong><\/strong> \u00e0 la <a href=\"http:\/\/www.jaimes.cat\/event\/185\/6-seances-6-auteurs-re-lisez-nos-grands-auteurs-avec-la-technique-de-la-lecture-verticale-emile-zola-loeuvre\">Librairie Jaimes. <\/a><br \/>\nCours en fran\u00e7ais.<br \/>\nLes<strong> MARDI\u00a0<\/strong> (2\u00e8 et 4\u00e8 mardi de chaque mois),\u00a0 <strong>\u00e0 19h<\/strong><br \/>\n<strong><br \/>\n*<strong>Coaching en \u00c9criture <\/strong>personnalis\u00e9<\/strong><br \/>\n<strong>\u00a0-Live<\/strong> chez <a href=\"http:\/\/www.triviumgc.com\/es\/content\/coaching-de-escritura\">TRIVIUM gesti\u00f3 cultural<\/a>.<br \/>\n<strong>&#8211;<\/strong><strong>On-line<\/strong> par mail et par Skype.<br \/>\n<strong><br \/>\n*<strong>Lecture Verticale\u00a0<\/strong><\/strong> dans le Centre P\u00e9nitentiaire Brians 1.<br \/>\nMercredi 3 d\u00e9cembre et Mercredi 10 d\u00e9cembre.<br \/>\nDe 10h \u00e0 13h.<\/p>\n<p><strong>*La Pell Negra: <\/strong>Colloque avec les lecteurs du Club de Lecture de la<br \/>\nBiblioth\u00e8que Montserrat Roig. Vendredi 28 novembre \u00e0 19h.<\/p>\n<p><strong>*Cristalls de Boh\u00e8mia: <\/strong>Pr\u00e9sentation de \u00ab\u00a0Cristalls de Boh\u00e8mia\u00a0\u00bb \u00e0<br \/>\nMora d&rsquo;Ebre. Jeudi\u00a0 13\u00a0 novembre \u00e0 20h.<br \/>\nRemise solennelle \u00e0 la Mairie de Mora du document: Passeport \u00e0 Rome de Josep<br \/>\nMontagut i Pedret, de casa Saloni del Riu, avec sceaux du 2nd Empire Fran\u00e7ais, du<br \/>\nR\u00e8gne de Savoie\u00a0 et des \u00c9tats Pontifices, par son arrii\u00e8re- arri\u00e8re petit fils,<br \/>\nVicen\u00e7 Grenzner-Fonoll Montagut-Oliver.<\/p>\n<p><strong>*Setmana del llibre en catal\u00e0 <\/strong>(septembre 2014)<strong>.<\/strong> Lecture et colloque<br \/>\nsur LA PELL NEGRA.<br \/>\nSamedi 13 \u00e0 18h. Espace: Pla\u00e7a del Llibre. (Avda. de la Catedral) Barcelone.<\/p>\n<p><strong>*Lecture Verticale: <\/strong>Col.legi de Doctors i Llicenciats en Filosofia i Lletres<br \/>\ni en Ci\u00e8ncies de Catalunya.<br \/>\n\u00c9cole d\u2019\u00c9t\u00e9. Du 1er juillet\u00a0 au 4\u00a0 juillet. De mardi \u00e0 vendredi. De 12h \u00e0 15h<br \/>\nInscription: \u00a0<a href=\"  http:\/\/www.cdl.cat\/escola-destiu\">http:\/\/www.cdl.cat\/escola-destiu<\/a><br \/>\nCe cours a \u00e9t\u00e9 reconnu dans le \u00ab\u00a0Pla de Formaci\u00f3 Permanent del<br \/>\nDepartament d\u2019Ensenyament de la Generalitat\u00a0\u00bb.<\/p>\n<p><strong>*Lecture Verticale:<\/strong> Atelier litt\u00e9raire \u00e0 la Librairie Jaimes.<br \/>\nAtelier litt\u00e9raire, en fran\u00e7ais, pour francophiles et francophones.<br \/>\n<a href=\"http:\/\/www.jaimes.cat\/agenda-activitats\">http:\/\/www.jaimes.cat\/agenda-activitats<\/a><br \/>\nLes jeudis de 19h \u00e0 20h30. (mai-juin)<br \/>\n<strong>S\u00e9ance gratuite<\/strong> <strong>d&rsquo;information<\/strong>: jeudi 8 mai \u00e0 19h.<\/p>\n<p><strong>*Sant Jordi. Mercredi 23 avril.\u00a0<\/strong><br \/>\nZ\u00e9n\u00e9ida Sarda signera son dernier livre, <strong>\u00ab\u00a0Cristalls de Boh\u00e8mia\u00a0\u00bb<\/strong> ,<br \/>\ndans les librairies suivantes:<br \/>\n&#8211;<strong>11h a 12h-<\/strong> <strong>Llibreria <\/strong><strong>La Mem\u00f2ria.<\/strong> Pla\u00e7a de la Vila de Gr\u00e0cia, 19.<br \/>\n&#8211;<strong>12h30 a 13h30- Llibreria Pr\u00f2leg. <\/strong>Pla\u00e7a Sant Jaume<br \/>\n<strong>-16h a 16h30-Fundaci\u00f3 Comtal.<\/strong> Forn de la Fonda, 5.<br \/>\n<strong>-17h a <\/strong><strong>18h-Llibreria Jaimes. <\/strong>Val\u00e8ncia, 318.<br \/>\n<strong>-19h a 20h-Bestiari<\/strong><strong>.Llibreria del Born.<\/strong> Passeig del Born, 26.<\/p>\n<p><strong>*Pr\u00e9sentation du livre \u00ab\u00a0Cristalls de Boh\u00e8mia\u00a0\u00bb.<\/strong> L&rsquo;acte aura lieu le jeudi 10 avril \u00e0<br \/>\n19h, au Mus\u00e9e d&rsquo;Art de Sabadell. Mairie de Sabadell.<\/p>\n<p><strong>*Pr\u00e9sentation du livre \u00ab\u00a0Cristalls de Boh\u00e8mia\u00a0\u00bb. <\/strong>Par Alex Susanna, directeur de l&rsquo;Institut Ramon Llull.<br \/>\nAvec la participation de Xavier Tarraubella, directeur de l&rsquo;Arxiu Hist\u00f2ric de la Ciutat de Barcelona.<br \/>\nSous la Pr\u00e9sidence de l&rsquo;Excm. Sr. Xavier Trias, Maire de Barcelone.<br \/>\nJeudi 13 mars, \u00e0 19h. Hotel Meli\u00e0 &#8211; Sala Barcelona.\u00a0 Av. Sarri\u00e0, 50. Barcelone.<\/p>\n<p><strong>*Lecture Verticale:<\/strong> CAP Casc Antic- Mars\/Avril 2014<\/p>\n<p><strong>*Communication \u00c9crite:<\/strong> JM BRUNEAU-\u00a0 2014<\/p>\n<p><span style=\"color: #808080;\">*<strong>Lecture Verticale<\/strong>: Symposium: \u201cExploring Today\u2019s Mythology\u201d\u2028\u201cLa Metamorfose de Franz Kafka: Entre le r\u00eave et l\u2019absurde\u201d.\u2028Universit\u00e4tsstr 37, Tagungssaal (University of Cologne) \u2028<strong>Universit\u00e4t zu K\u00f6ln,<\/strong> Seminargeb\u00e4ude. 18-19 Oct. 2013.<\/span><\/p>\n<p><span style=\"color: #808080;\"><strong>*Lecture Verticale:<\/strong> FPCEE Blanquerna \u2013 Universit\u00e9 Ramon LLull.\u00a0\u00a0 Cours d\u2019Extension Universitaire et Cours d\u2019Actualisation Professionnelle. Du 7 octobre au 6 novembre. Lundi et mercredi de 19h \u00e0 21h.<\/span><\/p>\n<p><span style=\"color: #808080;\"><strong>*La Pell Negra. Conversations litt\u00e9raires:<\/strong> Biblioth\u00e8que \u00c0ngel Guimer\u00e0. Matadepera. Jeudi 12 septembre \u00e0 19h.<\/span><\/p>\n<p><span style=\"color: #808080;\"><strong>*Lecture Verticale<\/strong>: Col.legi de Doctors i Llicenciats en Filosofia i Lletres i en Ci\u00e8ncies de Catalunya.<br \/>\n\u00c9cole d\u2019\u00c9t\u00e9. Du 1er juillet au 4 juillet. De lundi \u00e0 jeudi. De 12h \u00e0 15h<\/span><\/p>\n<p><span style=\"color: #808080;\"><strong>*Intelligence \u00c9motionnelle:<\/strong> CAP Rio de Janeiro (SAP Muntanya)-Mai \/ Juin 2013<\/span><\/p>\n<p><span style=\"color: #808080;\"><strong>*Communication \u00c9crite:<\/strong> H\u00f4pital de Granollers-Avril \/ Mai 2013<\/span><\/p>\n<p><span style=\"color: #808080;\"><strong>*Conf\u00e9rence: \u00c9criture Th\u00e9rapeutique.<\/strong> De la croissance personnelle \u00e0 la motivation d\u2019\u00e9quipes.<\/span><\/p>\n<p><span style=\"color: #808080;\">*<strong>Universitat de Barcelona. Master en \u00c9ducation \u00c9motionnelle et Master en Intelligence \u00c9motionnelle.<\/strong> Mardi 5 mars 2013 \u00e0 19h30. Facult\u00e9 de P\u00e9dagogie. Campus Mundet de la Universitat de Barcelona.<\/span><\/p>\n<p><span style=\"color: #808080;\"><strong>*Communication \u00c9crite:<\/strong> COFIDIS \u2013 janvier \/juillet \u00a0 2013<\/span><\/p>\n<p><span style=\"color: #808080;\"><strong>*Communication \u00c9crite:<\/strong> JM BRUNEAU-janvier\/juin \u00a0 2013<\/span><\/p>\n<p><span style=\"color: #808080;\"><strong>* Conf\u00e9rence: \u00c9criture Th\u00e9rapeutique.<\/strong> De la croissance personnelle \u00e0 l\u2019augmentation de la capacit\u00e9 de relation.<\/span><br \/>\n<span style=\"color: #808080;\"> <strong>EADA: Cycle de Conf\u00e9rences Aire de D\u00e9veloppement Directif.<\/strong> \u2028mardi 2 octobre 2012, \u00e0 19h. \u2028Plus d&rsquo;information: Carlos Torrero \u2028934 520 844 (ext.130)\u2028c\/Arag\u00f3 204\u202808011-Barcelona<\/span><\/p>\n<p><span style=\"color: #808080;\"><strong>*Lecture Verticale et Communication \u00c9crite:<\/strong> JM BRUNEAU\u00a0 septembre \/ d\u00e9cembre 2012<\/span><\/p>\n<p><span style=\"color: #808080;\"><strong>*Communication \u00c9crite:<\/strong> CAP Casc Antic\u00a0 (SAP Litoral)\u00a0 septembre \/ d\u00e9cembre 2012<\/span><\/p>\n<p><span style=\"color: #808080;\"><strong>*Lecture Verticale:<\/strong> CAP Ram\u00f3n Turr\u00f3 \u00a0 (SAP Litoral)\u00a0 septembre \/ octobre 2012<\/span><\/p>\n<p><span style=\"color: #808080;\"><strong> *Setmana del Llibre en Catal\u00e0.\u2028-LA PELL NEGRA, de l\u2019autobiographie \u00e0 l\u2019autofiction.<\/strong> \u2028Samedi 15 septembre 2012 \u00e0 11h30\u00a0 \u2028Organise Nus de llibres \/ Pag\u00e8s Editors<\/span><\/p>\n<p><span style=\"color: #808080;\"><strong> *Setmana del Llibre en Catal\u00e0.\u2028-Atelier de Lecture Verticale\u2028<\/strong> dimanche 9 septembre 2012 \u00e0 19h30\u2028 Organise la Librairie Jaimes<\/span><\/p>\n<p><span style=\"color: #808080;\"><strong>*Nouvelle publication: FRANCESC MACI\u00c0 EN LA INTIMITAT\u2028<\/strong> juillet 2012 , Pag\u00e8s Editors.\u2028La premi\u00e8re \u00e9dition de ce livre a \u00e9t\u00e9 publi\u00e9e par Edicions Destino en 1984.<\/span><\/p>\n<p><span style=\"color: #808080;\"><strong>*Lecture Verticale et Communication \u00c9crite:<\/strong> JM BRUNEAU- mai \/ juillet 2012<\/span><\/p>\n<p><span style=\"color: #808080;\"><strong> *Lecture Verticale et Communication \u00c9crite:<\/strong> Groupe SIFU- mai 2012<\/span><\/p>\n<p><span style=\"color: #808080;\"><strong> *V\u00eddeo-entrevue sur LA PELL NEGRA:<\/strong> enregistrement d\u2019un chapitre de \u00ab\u00a0L\u2019\u00faltima troballa\u00a0\u00bb, le programme de livres pour le R\u00e9seau de T\u00e9l\u00e9visions locales. \u2028 Vendredi 27 avril 2012.\u00a0 \u2028Direction: Jordi Llavina, \u00e9crivain et critique litt\u00e9raire.<br \/>\n<\/span><\/p>\n<p><span style=\"color: #808080;\"><strong> *Sant Jordi: LA PELL NEGRA \u00e0 la Llan\u00e7a,<\/strong> vitrine virtuelle d\u2019Omnium Cultural. \u202823 avril 2012 \u2028Signature de La Pell Negra \u00e0 la Librairie Pr\u00f2leg (Pla\u00e7a Sant Jaume)<\/span><\/p>\n<p><span style=\"color: #808080;\"><strong>*Entrevue sur LA PELL NEGRA:<\/strong> Radio Nacionale de Majorque. jeudi 12 avril 2012\u2028 &#8211; Par\u00a0 Miquel Cardell.<\/span><\/p>\n<p><span style=\"color: #808080;\"><strong>*Pr\u00e9sentation de LA PELL NEGRA:<\/strong> Librairie Embat de Palma de Mallorca,\u2028 mercredi 11 avril 2012 \u00e0 19h30.\u2028Par l\u2019\u00e9crivain et critique litt\u00e9raire Sebasti\u00e0 Alzamora.<\/span><\/p>\n<p><span style=\"color: #808080;\"><strong>*Lecture Verticale:<\/strong> COFIDIS HISPANIA- \u2028Avril 2012 \/ juillet 2012<br \/>\n<\/span><br \/>\n<span style=\"color: #808080;\"> <strong>*Colloque litt\u00e9raire sur LA PELL NEGRA:<\/strong> Librairie Pr\u00f2leg\u2028- jeudi 15 mars 2012 \u00e0 19h30. Pr\u00e9sent\u00e9 par\u00a0 Maria Ripoll Cera, communicatrice digitale<\/span><\/p>\n<p><span style=\"color: #808080;\"><strong>*Communication \u00c9crite:<\/strong> COFIDIS HISPANIA\u2028 janvier 2012 \/ mars 2012<\/span><\/p>\n<p><span style=\"color: #808080;\"><strong>*Lecture Verticale:<\/strong> COFIDIS HISPANIA \u2028septembre 2011 \/ d\u00e9cembre 2011<\/span><\/p>\n<p><span style=\"color: #808080;\"><strong>*\u00c9criture Th\u00e9rapeutique:<\/strong> Institut Gestalt\u2028 18 octobre 2011 \u00e0 20h: Conf\u00e9rence. Pour plus d&rsquo;information: Institut Gestalt \u2028Verdi 94, Baixos \u2013 08012 \u2013 Barcelona\u2028Tel. 93 237 28 15<\/span><\/p>\n<p><span style=\"color: #808080;\"><strong>*Communication \u00c9crite:<\/strong> COFIDIS HISPANIA\u2028 octobre 2011 \/ novembre 2011<\/span><\/p>\n<p><span style=\"color: #808080;\"><strong>*Intelligence \u00c9motionnelle:<\/strong> CAP Casc Antic (SAP Litoral)\u2028 du 6 octobre 2011 au\u00a0 27 octobre 2011\u2028, de novembre 2011 au 24 novembre 2011<\/span><\/p>\n<p><span style=\"color: #808080;\"><strong> *Setmana del Llibre en Catal\u00e0: Lecture d\u2019un passage de LA PELL NEGRA\u2028<\/strong> Septembre 2011.\u2028Organise la Librairie Jaimes.<\/span><\/p>\n<p><span style=\"color: #808080;\"> <strong>*Pr\u00e9sentation de LA PELL NEGRA:<\/strong> Librairie La Central\u2028 &#8211; 28 juin 2011 \u00e0 19h.\u2028Present\u00e9 par l&rsquo;\u00e9crivain Agust\u00ed Pons.<\/span><br \/>\n<a style=\"float: right; margin-right: 135px; margin-top: 25px;\" href=\"#inici\">Revenir<\/a><\/p>\n","protected":false},"excerpt":{"rendered":"<p>NOS ACTIVIT\u00c9S *Autoconeixement i Empatia: compet\u00e8ncies pel benestar emocional. Universitat de Barcelona&#8211;Institut de Formaci\u00f3 Cont\u00ednua-IL3 (1er Trimestre Any acad\u00e8mic 2025-2026) *Autoconeixement i Empatia: compet\u00e8ncies pel benestar emocional. Casa Elizalde &#8211; Tallers culturals (1er Trimestre Any acad\u00e8mic 2025-2026) *La Felicitat: una garantia de salut ps\u00edquica i creixement personal. Universitat de Barcelona&#8211;Institut de Formaci\u00f3 Cont\u00ednua-IL3 (3n Trimestre [&hellip;]<\/p>\n","protected":false},"author":1,"featured_media":0,"parent":0,"menu_order":0,"comment_status":"closed","ping_status":"closed","template":"","meta":[],"_links":{"self":[{"href":"https:\/\/www.lecturavertical.com\/fr\/wp-json\/wp\/v2\/pages\/1874"}],"collection":[{"href":"https:\/\/www.lecturavertical.com\/fr\/wp-json\/wp\/v2\/pages"}],"about":[{"href":"https:\/\/www.lecturavertical.com\/fr\/wp-json\/wp\/v2\/types\/page"}],"author":[{"embeddable":true,"href":"https:\/\/www.lecturavertical.com\/fr\/wp-json\/wp\/v2\/users\/1"}],"replies":[{"embeddable":true,"href":"https:\/\/www.lecturavertical.com\/fr\/wp-json\/wp\/v2\/comments?post=1874"}],"version-history":[{"count":134,"href":"https:\/\/www.lecturavertical.com\/fr\/wp-json\/wp\/v2\/pages\/1874\/revisions"}],"predecessor-version":[{"id":6497,"href":"https:\/\/www.lecturavertical.com\/fr\/wp-json\/wp\/v2\/pages\/1874\/revisions\/6497"}],"wp:attachment":[{"href":"https:\/\/www.lecturavertical.com\/fr\/wp-json\/wp\/v2\/media?parent=1874"}],"curies":[{"name":"wp","href":"https:\/\/api.w.org\/{rel}","templated":true}]}}