{"id":1895,"date":"2014-09-08T21:16:56","date_gmt":"2014-09-08T21:16:56","guid":{"rendered":"http:\/\/www.lecturavertical.com\/?page_id=1895"},"modified":"2021-04-30T19:06:12","modified_gmt":"2021-04-30T19:06:12","slug":"_in-company","status":"publish","type":"page","link":"https:\/\/www.lecturavertical.com\/fr\/_in-company\/","title":{"rendered":"Cours"},"content":{"rendered":"<p style=\"text-align: left;\"><strong><img decoding=\"async\" loading=\"lazy\" class=\"alignnone size-full wp-image-689\" src=\"http:\/\/www.lecturavertical.com\/wp-content\/uploads\/2013\/10\/grup-de-treball1_wp.jpg\" alt=\"grup-de-treball1_wp\" width=\"450\" height=\"159\" srcset=\"https:\/\/www.lecturavertical.com\/wp-content\/uploads\/2013\/10\/grup-de-treball1_wp.jpg 450w, https:\/\/www.lecturavertical.com\/wp-content\/uploads\/2013\/10\/grup-de-treball1_wp-300x106.jpg 300w\" sizes=\"(max-width: 450px) 100vw, 450px\" \/><br \/>\n<\/strong><\/p>\n<p><b>COURS ET FORMATIONS (On-line ou en pr\u00e9sence)<\/b><\/p>\n<p><b>Tous nos cours visent \u00e0:<\/b><\/p>\n<p><b>\u00a0 \u00a0 \u00a0 \u00a0 \u00a0 \u00a0&#8211; augmenter le bien-\u00eatre \u00e9motionnel<br \/>\n<\/b><b>\u00a0 \u00a0 \u00a0 \u00a0 \u00a0 \u00a0&#8211; stimuler les capacit\u00e9s intellectuelles<br \/>\n<b>\u00a0 \u00a0 \u00a0 \u00a0 \u00a0 \u00a0&#8211; am\u00e9liorer les aptitudes personnelles<\/b><\/b><\/p>\n<p align=\"justify\"><b>Au long de plus de\u00a0<\/b><strong>20<\/strong><strong> ann\u00e9es d\u2019existence,<\/strong><b>\u00a0des centaines de persones nous ont fait confiance.<\/b><\/p>\n<p align=\"justify\"><b>Nous donnons des cours individuels et des cours dans les\u00a0<a href=\"https:\/\/www.lecturavertical.com\/fr\/_in-company\/entreprises\/\">organisations.<\/a><br \/>\n<\/b><b><br \/>\nLes s\u00e9ances sont participatives, agr\u00e9ables et accessibles.<br \/>\n<\/b><b>Elles favorisent les habilet\u00e9s \u00e9motionnelles et intellectuelles.<br \/>\n<\/b><b>Am\u00e9liorent le stress, l&rsquo;angoisse, l&rsquo;irritabilit\u00e9, la tristesse&#8230;<\/b><\/p>\n<p><b>Dans les organisations, aux b\u00e9n\u00e9fices individuels viennent s&rsquo;ajouter les\u00a0 b\u00e9n\u00e9fices de groupe.<br \/>\n<\/b><b>Nos formations g\u00e9n\u00e8rent un climat qui favorise le travail en \u00e9quipe,<br \/>\n<\/b><b>diminue les conflits et augmente la motivation au travail.<\/b><\/p>\n<div style=\"border: 1px solid #FF950E; padding: 10px 20px 10px 20px; width: 300px; float: left;\"><span style=\"color: #808080;\">Pour plus d&rsquo;information ou pour organiser un cours<\/span><span style=\"color: #808080;\">, appelez-moi<\/span><br \/>\n<a href=\"http:\/\/www.lecturavertical.com\/zeneida-sarda\/\">Z\u00e9n\u00e9ida Sarda<\/a> <span style=\"color: #808080;\">+34 699 455 946<\/span><br \/>\n<span style=\"color: #808080;\"> ou bien \u00e9crivez-moi \u00e0<\/span><br \/>\n<a href=\"mailto:zeneida.sarda@gmail.com\">zeneida.sarda@gmail.com<\/a><\/div>\n<div class=\"alignright\" style=\"width: 160px; margin-top: 60px;\">\n<div style=\"font-size: 10px;\">Nos engagements<\/div>\n<p><a href=\"http:\/\/www.casaemanuel.org\/\"><img decoding=\"async\" class=\"size-full wp-image-3466\" style=\"margin-left: 0px; float: left;\" src=\"http:\/\/www.lecturavertical.com\/wp-content\/uploads\/2015\/03\/Casa-Emanuel.png\" alt=\"Casa Emanuel\" width=\"30\" \/><\/a><a href=\"http:\/\/www.ongamic.org\/\"><img decoding=\"async\" loading=\"lazy\" class=\"size-full wp-image-3466\" style=\"margin-left: 10px; margin-top: 5px; float: left;\" src=\"http:\/\/www.lecturavertical.com\/wp-content\/uploads\/2015\/03\/Amic.png\" alt=\"Amic\" width=\"37\" height=\"81\" \/><\/a><\/p>\n<\/div>\n<div id=\"gtx-trans\" style=\"position: absolute; left: 17px; top: 860px;\"><\/div>\n","protected":false},"excerpt":{"rendered":"<p>COURS ET FORMATIONS (On-line ou en pr\u00e9sence) Tous nos cours visent \u00e0: \u00a0 \u00a0 \u00a0 \u00a0 \u00a0 \u00a0&#8211; augmenter le bien-\u00eatre \u00e9motionnel \u00a0 \u00a0 \u00a0 \u00a0 \u00a0 \u00a0&#8211; stimuler les capacit\u00e9s intellectuelles \u00a0 \u00a0 \u00a0 \u00a0 \u00a0 \u00a0&#8211; am\u00e9liorer les aptitudes personnelles Au long de plus de\u00a020 ann\u00e9es d\u2019existence,\u00a0des centaines de persones nous ont fait [&hellip;]<\/p>\n","protected":false},"author":2,"featured_media":0,"parent":0,"menu_order":0,"comment_status":"closed","ping_status":"closed","template":"","meta":[],"_links":{"self":[{"href":"https:\/\/www.lecturavertical.com\/fr\/wp-json\/wp\/v2\/pages\/1895"}],"collection":[{"href":"https:\/\/www.lecturavertical.com\/fr\/wp-json\/wp\/v2\/pages"}],"about":[{"href":"https:\/\/www.lecturavertical.com\/fr\/wp-json\/wp\/v2\/types\/page"}],"author":[{"embeddable":true,"href":"https:\/\/www.lecturavertical.com\/fr\/wp-json\/wp\/v2\/users\/2"}],"replies":[{"embeddable":true,"href":"https:\/\/www.lecturavertical.com\/fr\/wp-json\/wp\/v2\/comments?post=1895"}],"version-history":[{"count":21,"href":"https:\/\/www.lecturavertical.com\/fr\/wp-json\/wp\/v2\/pages\/1895\/revisions"}],"predecessor-version":[{"id":5999,"href":"https:\/\/www.lecturavertical.com\/fr\/wp-json\/wp\/v2\/pages\/1895\/revisions\/5999"}],"wp:attachment":[{"href":"https:\/\/www.lecturavertical.com\/fr\/wp-json\/wp\/v2\/media?parent=1895"}],"curies":[{"name":"wp","href":"https:\/\/api.w.org\/{rel}","templated":true}]}}