{"id":1917,"date":"2014-09-09T16:46:31","date_gmt":"2014-09-09T16:46:31","guid":{"rendered":"http:\/\/www.lecturavertical.com\/?page_id=1917"},"modified":"2014-10-08T19:07:43","modified_gmt":"2014-10-08T19:07:43","slug":"objectifs","status":"publish","type":"page","link":"https:\/\/www.lecturavertical.com\/fr\/_in-company\/lecture-verticale\/objectifs\/","title":{"rendered":"Objectifs"},"content":{"rendered":"<p><img decoding=\"async\" loading=\"lazy\" class=\"alignnone size-full wp-image-197\" alt=\"skyscraper\" src=\"http:\/\/www.lecturavertical.com\/wp-content\/uploads\/2013\/10\/skyscraper-e1383654535426.jpg\" width=\"450\" height=\"168\" srcset=\"https:\/\/www.lecturavertical.com\/wp-content\/uploads\/2013\/10\/skyscraper-e1383654535426.jpg 450w, https:\/\/www.lecturavertical.com\/wp-content\/uploads\/2013\/10\/skyscraper-e1383654535426-300x112.jpg 300w\" sizes=\"(max-width: 450px) 100vw, 450px\" \/><\/p>\n<p>&nbsp;<\/p>\n<div id=\"Layer1\">\n<style type=\"text\/css\"><!--\nP { margin-bottom: 0.21cm; }\n--><\/style>\n<p><strong style=\"color: #808080; line-height: 1.5;\">EXPLICITATION DES OBJECTIFS:<\/strong><\/p>\n<p><span style=\"color: #808080;\">Les objectifs vers lesquels nous visons conf\u00e8rent les habilet\u00e9s intellectuelles <\/span>et<br \/> \u00e9motionnelles n\u00e9cessaires et indispensables \u00e0 tout responsable d&rsquo;\u00e9quipe.<\/p>\n<p><strong><span style=\"color: #ff9900;\">\u00a0OBJECTIFS AU NIVEAU PSYCHOLOGIQUE<\/span><\/strong><span style=\"color: #ff0000;\"><br \/> <\/span><\/p>\n<ul>\n<li><span style=\"color: #808080;\"><strong>Lib\u00e9rer la tension mentale et diminuer le stress au travail. <br \/><\/strong><\/span><\/li>\n<\/ul>\n<p><span style=\"color: #808080;\"> La technique de la Lecture Verticale implique le vidage des pens\u00e9es <\/span><br \/> <span style=\"color: #808080;\"> obsessives ou inqui\u00e9tantes et d\u00e9livre des tensions et du stress.<\/span><\/p>\n<ul>\n<li>\u00a0<span style=\"color: #808080;\"><strong>Diminuer la sensation de routine ou de monotonie au travail.<\/strong><\/span><\/li>\n<\/ul>\n<p><span style=\"color: #808080;\"> La participaton active \u00e9limine la sensation de routine et de<\/span><br \/> <span style=\"color: #808080;\"> monotonie qui r\u00e9sulte in\u00e9vitablement du travail quotidien.\u00a0 <br \/><\/span><\/p>\n<ul>\n<li>\u00a0<span style=\"color: #808080;\"><strong>Augmenter la force psychologique.<\/strong><\/span><\/li>\n<\/ul>\n<p><span style=\"color: #808080;\"> La force psychologique permet de prendre des d\u00e9cisions claires et efficaces. <\/span><br \/> <span style=\"color: #808080;\"> Elle se transmet et g\u00e9n\u00e8re confiance et assurance chez les autres.\u00a0 <br \/><\/span><\/p>\n<ul>\n<li>\u00a0<span style=\"color: #808080;\"><strong>Amener d\u00e9tente et bonne humeur.\u00a0 <br \/><\/strong><\/span><\/li>\n<\/ul>\n<p><span style=\"color: #808080;\"> Nous avons toujours r\u00e9ussi \u00e0 cr\u00e9er dans nos cours un climat favorable \u00e0 la d\u00e9tente, <br \/>et des moments de vraies explosions de rire th\u00e9rapeutique se sont produits. <\/span><\/p>\n<ul>\n<li><span style=\"color: #808080;\"><strong>Favoriser l&rsquo;assertion.<\/strong><\/span><\/li>\n<\/ul>\n<p><span style=\"font-family: Georgia,Times New Roman,Times,serif;\"><strong><span style=\"color: #ff6600;\"><br \/> <\/span><\/strong><\/span><strong><span style=\"color: #ff9900;\">OBJECTIFS DU\u00a0 POINT DE VUE DE LA GESTION \u00c9MOTIONNELLE<br \/> <\/span><\/strong><\/p>\n<p><span style=\"color: #808080;\">Les objectifs obtenus au niveau individuel ont une claire influence au niveau <br \/>de la communication empathique interpersonnelle.\u00a0 <\/span><span style=\"color: #ff0000;\"><br \/> <\/span><\/p>\n<ul>\n<li><span style=\"color: #808080;\"><strong>Augmenter l&rsquo;autocontr\u00f4le.<\/strong><\/span><\/li>\n<\/ul>\n<p><span style=\"color: #808080;\"> Il s&rsquo;agit d&rsquo;une comp\u00e9tence importante car cela permet d&rsquo;avoir des relations <br \/>interpersonnelles stables (il n&rsquo;y a pas de hauts et de bas). <\/span><span style=\"color: #808080;\"><br \/> <\/span><span style=\"color: #808080;\">La stabilit\u00e9 \u00e9motionnelle se transmet et fait ressentir \u00e0 ceux qui nous <br \/>entourent un \u00e9tat d&rsquo;\u00e2me tranquille et un v\u00e9ritable bien-\u00eatre. <\/span><\/p>\n<ul>\n<li>\u00a0<span style=\"color: #808080;\"><strong>Consolider l\u2019autoestime.<\/strong><\/span><\/li>\n<\/ul>\n<p><span style=\"color: #808080;\"> Une bonne partie des probl\u00e8mes \u00e9motionnels est li\u00e9e \u00e0 une diminution <br \/>de l&rsquo;autoestime.\u00a0<\/span><span style=\"color: #808080;\"> Consolider ou r\u00e9cup\u00e9rer cette autoestime est fondamental. <br \/>Le directeur avec une puissante autoestime n&rsquo;a pas peur de stimuler la capacit\u00e9 <br \/>d&rsquo;innovation de ses collaborateurs. Ceci produit des sentiments positifs envers<br \/> ce directeur tandis qu&rsquo;appara\u00eet un m\u00e9lange de respect, d&rsquo;admiration et<br \/> d&rsquo;enthousiame vers sa personalit\u00e9 qui devient tr\u00e8s attrayante pour tous. <\/span><\/p>\n<ul>\n<li>\u00a0<strong>Se d\u00e9livrer du \u201cmasque social\u201d <br \/><\/strong>cela implique la d\u00e9couverte et l&rsquo;acceptation du propre \u00ab\u00a0moi\u00a0\u00bb.<\/li>\n<\/ul>\n<p><span style=\"color: #808080;\">La personne qui r\u00e9ussit \u00e0 se d\u00e9livrer de son \u00ab\u00a0masque social\u00a0\u00bb devient <br \/>plus sensible aux sentiments des autres. Elle est \u00e9motionnellement <br \/>pr\u00e9par\u00e9e pour faire face aux conflits des persones qui l&rsquo;entourent, <br \/>que se soit des compagnons de travail ou des subordonn\u00e9s.\u00a0 <\/span><\/p>\n<ul>\n<li><span style=\"color: #808080;\"><strong>Augmenter le sentiment d&rsquo;appartenance.<\/strong><\/span><\/li>\n<\/ul>\n<p><strong><span style=\"color: #ff9900;\"><br \/> OBJECTIfS AU NIVEAU INTELLECTUEL<\/span><\/strong><span style=\"color: #ff0000; font-family: Georgia,Times New Roman,Times,serif;\"><br \/> <\/span><\/p>\n<ul>\n<li><span style=\"font-family: Georgia,Times New Roman,Times,serif; color: #808080;\"><strong>R\u00e9ussir \u00e0 avoir une communication structur\u00e9e\u00a0<\/strong><\/span><\/li>\n<\/ul>\n<p><span style=\"font-family: Georgia,Times New Roman,Times,serif; color: #808080;\"> Parler sans avoir un sch\u00e9ma mental bien structur\u00e9 et sans une id\u00e9e claire <br \/>de ce que l&rsquo;on veut transmettre comporte un manque de compr\u00e9hension <br \/>chez les interlocuteurs. Ceci r\u00e9percute in\u00e9vitablement aussi bien dans <br \/>le travaille qui ne se r\u00e9alise pas comme pr\u00e9vu, que dans les relations<br \/> interpersonnelles o\u00f9 apparaissent les mauvaises interpr\u00e9tations et <br \/>les susceptibilit\u00e9s. <br \/><\/span><\/p>\n<ul>\n<li>\u00a0<span style=\"color: #808080;\"><strong>Dominer le langage:<\/strong><\/span><\/li>\n<\/ul>\n<p><span style=\"color: #808080;\">\u00a0Le travaille actif et soutenu qui a lieu dans un cours de Lecture Verticale facilite <br \/>la ma\u00eetrise du langage. Ceci augmente la capacit\u00e9 d&rsquo;expression aussi bien <br \/>\u00e0 niveau oral qu&rsquo;\u00e9crit. De plus, la capacit\u00e9 d&rsquo;\u00e9laborer des concepts et la capacit\u00e9 <br \/>de synth\u00e8se augmente, deux qualit\u00e9s indispensables \u00e0 tout directeur qui veuille <br \/>motiver des \u00e9quipes, r\u00e9soudre des conflits, dynamiser une r\u00e9union <br \/>ou d\u00e9l\u00e9guer avec discernement.\u00a0 \u00a0\u00a0\u00a0 <\/span><\/p>\n<ul>\n<li>\u00a0<span style=\"color: #808080;\"><strong>G\u00e9rer le temps:<\/strong><\/span><\/li>\n<\/ul>\n<p><span style=\"color: #808080;\"> <span style=\"font-family: Georgia,Times New Roman,Times,serif;\">L\u2019augmentation de la capacit\u00e9 d&rsquo;expression \u00e0 travers la ma\u00eetrise du langage, <br \/>l&rsquo;habilet\u00e9 que l&rsquo;on acquiert de centrer les id\u00e9es et de synth\u00e9tiser les points <br \/>de vue est la meilleure mani\u00e8re de g\u00e9rer le temps qui habituellement <br \/>se perd dans des divagations aux arguments confus et peu consistants.\u00a0 <\/span><\/span><\/p>\n<\/div>\n","protected":false},"excerpt":{"rendered":"<p>&nbsp; EXPLICITATION DES OBJECTIFS: Les objectifs vers lesquels nous visons conf\u00e8rent les habilet\u00e9s intellectuelles et \u00e9motionnelles n\u00e9cessaires et indispensables \u00e0 tout responsable d&rsquo;\u00e9quipe. \u00a0OBJECTIFS AU NIVEAU PSYCHOLOGIQUE Lib\u00e9rer la tension mentale et diminuer le stress au travail. La technique de la Lecture Verticale implique le vidage des pens\u00e9es obsessives ou inqui\u00e9tantes et d\u00e9livre des tensions [&hellip;]<\/p>\n","protected":false},"author":2,"featured_media":0,"parent":1900,"menu_order":0,"comment_status":"closed","ping_status":"closed","template":"","meta":[],"_links":{"self":[{"href":"https:\/\/www.lecturavertical.com\/fr\/wp-json\/wp\/v2\/pages\/1917"}],"collection":[{"href":"https:\/\/www.lecturavertical.com\/fr\/wp-json\/wp\/v2\/pages"}],"about":[{"href":"https:\/\/www.lecturavertical.com\/fr\/wp-json\/wp\/v2\/types\/page"}],"author":[{"embeddable":true,"href":"https:\/\/www.lecturavertical.com\/fr\/wp-json\/wp\/v2\/users\/2"}],"replies":[{"embeddable":true,"href":"https:\/\/www.lecturavertical.com\/fr\/wp-json\/wp\/v2\/comments?post=1917"}],"version-history":[{"count":8,"href":"https:\/\/www.lecturavertical.com\/fr\/wp-json\/wp\/v2\/pages\/1917\/revisions"}],"predecessor-version":[{"id":2263,"href":"https:\/\/www.lecturavertical.com\/fr\/wp-json\/wp\/v2\/pages\/1917\/revisions\/2263"}],"up":[{"embeddable":true,"href":"https:\/\/www.lecturavertical.com\/fr\/wp-json\/wp\/v2\/pages\/1900"}],"wp:attachment":[{"href":"https:\/\/www.lecturavertical.com\/fr\/wp-json\/wp\/v2\/media?parent=1917"}],"curies":[{"name":"wp","href":"https:\/\/api.w.org\/{rel}","templated":true}]}}