{"id":1941,"date":"2014-09-10T15:35:42","date_gmt":"2014-09-10T15:35:42","guid":{"rendered":"http:\/\/www.lecturavertical.com\/?page_id=1941"},"modified":"2023-07-08T14:44:53","modified_gmt":"2023-07-08T14:44:53","slug":"z%c3%a9n%c3%a9ida-sarda","status":"publish","type":"page","link":"https:\/\/www.lecturavertical.com\/fr\/z%c3%a9n%c3%a9ida-sarda\/","title":{"rendered":"Z\u00e9n\u00e9ida Sarda"},"content":{"rendered":"<p><img decoding=\"async\" loading=\"lazy\" class=\"alignnone size-full wp-image-134\" src=\"http:\/\/www.lecturavertical.com\/wp-content\/uploads\/2013\/10\/Foto-web-e1383569532793.jpg\" alt=\"Foto web\" width=\"450\" height=\"159\" \/><br \/>\n<img decoding=\"async\" loading=\"lazy\" class=\"alignnone size-full wp-image-366\" style=\"margin-left: 306px; width: 165px;\" src=\"http:\/\/www.lecturavertical.com\/wp-content\/uploads\/2013\/10\/12-firma-bona.jpg\" alt=\"12-firma bona\" width=\"283\" height=\"81\" \/><\/p>\n<div style=\"width: 535px;\"><span style=\"color: #ff9900;\"><strong>LA VOCATION<\/strong><\/span><\/div>\n<div style=\"width: 535px;\"><span style=\"color: #808080;\"><br \/>\nZ\u00e9n\u00e9ida Sarda est \u00e9crivain. Le pari, pour elle, c&rsquo;est de savoir jouer avec la trame et la cha\u00eene du tissu litt\u00e9raire pour r\u00e9ussir \u00e0 d\u00e9clancher chez le lecteur une exp\u00e9rience \u00e9motionnelle. Elle croit que l&rsquo;essentiel dans la cr\u00e9ation litt\u00e9raire c&rsquo;est la mani\u00e8re dont on tresse les fils de ce tissu, plus que le th\u00e8me en soi. Elle s&rsquo;est appropi\u00e9 la fameuse phrase de Flaubert:\u00a0<\/span><\/div>\n<div style=\"width: 535px;\"><span style=\"color: #808080;\"><span style=\"color: #808080;\"><strong>\u00ab\u00a0Je veux \u00e9crire un livre sur rien\u00a0\u00bb.<\/strong><br \/>\n<\/span><\/span><\/p>\n<p><strong>Membre de la \u00ab\u00a0Societat Catalana d&rsquo;Amics de Marcel Proust\u00a0\u00bb.<\/strong><\/p>\n<\/div>\n<div style=\"width: 535px;\">\n<p><span style=\"color: #ff9900;\"><strong>LA FORMATION<\/strong><\/span><\/p>\n<p><span style=\"color: #808080;\">La <strong>Licence en M\u00e9decine<\/strong>, avec des \u00e9tudes de neurophysiologie, psychologie et psychoneurologie, permettent \u00e0\u00a0 Z\u00e9n\u00e9ida Sarda d&rsquo;approfondir dans la connaissance de la conduite humaine. Elle s&rsquo;int\u00e9resse surtout aux troubles \u00e9motionnels comme le stress, l&rsquo;anxi\u00e9t\u00e9, les tensions professionnelles, familiales, les relations interpersonnelles.<br \/>\n<\/span><\/p>\n<p><span style=\"color: #808080;\">La <strong>Licence <\/strong>et la<strong>\u00a0<\/strong><strong>Ma\u00eetrise \u00e8s Lettres Modernes<\/strong> obtenues en France, encadrent et donnent de la solidit\u00e9 \u00e0 sa vocation d&rsquo;\u00e9crivain qui se mat\u00e9rialise dans plus d&rsquo;une quinzaine de livres publi\u00e9s, parmi lesquels il faut remarquer les vies racont\u00e9es sous forme de roman, une autre forme d&rsquo;approche \u00e0 la personne, ainsi que les plus de 200 entretiens r\u00e9alis\u00e9s \u00e0 des personnalit\u00e9s du monde de la culture catalane.\u00a0\u00a0<\/span><\/p>\n<p align=\"left\">Le <b>Master <\/b><span style=\"color: #000000;\"><span style=\"font-family: 'Liberation Serif', 'Times New Roman', serif;\"><b>\u00ab\u00a0<\/b><\/span><\/span><b>Humanit\u00e9s\u00a0\u00bb <\/b>amplifie et arrondit sa formation<br \/>\nen approfondissant l<span style=\"color: #000000;\"><span style=\"font-family: 'Liberation Serif', 'Times New Roman', serif;\">es connaissances sur<\/span><\/span> l&rsquo;Oeuvre d&rsquo;Art,<br \/>\nles Mythes classiques, l&rsquo;\u00c9tique et la Philosophie.<\/p>\n<p><span style=\"color: #ff9900;\"><strong>LA PROFESSION<\/strong><\/span><\/p>\n<p><span style=\"color: #808080;\">Z\u00e9n\u00e9ida Sarda est une enthousiaste du travail qu&rsquo;elle r\u00e9alise avec vocation et professionnalit\u00e9.<br \/>\n<\/span><\/p>\n<p><span style=\"color: #808080;\">\u00c0 partir de sa <strong>double formation scient\u00edfique et litt\u00e9raire<\/strong>, en tant que m\u00e9decin int\u00e9ress\u00e9e par la psychoneurologie et par la neurophysiologie, et en tant que philologue et \u00e9crivain motiv\u00e9e par le pouvoir de la parole \u00e9crite, l&rsquo;ann\u00e9e 1998 Z\u00e9n\u00e9ida Sarda commence \u00e0 exp\u00e9rimenter avec un type de travail mental, agr\u00e9able et accessible \u00e0 tout le monde, qui consiste \u00e0 perforer ce qu&rsquo;elle appelle \u00ab\u00a0l&rsquo;\u00e9paisseur du tissu litt\u00e9raire\u00a0\u00bb.\u00a0 C&rsquo;est la raison pour laquelle elle met le nom de\u00a0\u00a0<strong>Lecture Verticale<\/strong><\/span> \u00e0 cette m\u00e9thode de lecture \u00e9labor\u00e9e personnellement.\u00a0<span style=\"color: #808080;\"><br \/>\n<\/span><\/p>\n<p><span style=\"color: #808080;\">\u00c0 partir de la Lecture Verticale naissent les<a href=\"https:\/\/www.lecturavertical.com\/fr\/_in-company\/\"> Cours\u00a0<\/a><\/span>,\u00a0<span style=\"color: #808080;\">les <a href=\"http:\/\/www.lecturavertical.com\/tallers\/\">Ateliers litt\u00e9raires <\/a><\/span><span style=\"color: #808080;\">et le<a href=\" https:\/\/www.lecturavertical.com\/fr\/coaching-descriptura-2\/\"> Coaching en \u00c9criture.<\/a><\/span><\/p>\n<p><span style=\"color: #808080;\">Z\u00e9n\u00e9ida Sarda donne des:<\/span><\/p>\n<p><span style=\"color: #ff6600;\"><span style=\"color: #808080;\"><a href=\"https:\/\/www.lecturavertical.com\/fr\/_in-company\/\">-Cours en pr\u00e9sence et on-line<\/a><a style=\"color: #808080;\" href=\"http:\/\/www.lecturavertical.com\/in-company\/\">\u00a0<\/a><\/span><\/span><span style=\"color: #808080;\">de Lecture Verticale, Intelligence \u00c9motionnelle, \u00c9criture Th\u00e9rapeutique. Bonheur et Communication \u00c9crite \u00e0 l&rsquo;Universit\u00e9 de Barcelone et dans les entreprises: cadres, enseignants, m\u00e9decins et infirmi\u00e8res d&rsquo;h\u00f4pital et de Centres d&rsquo;Assistance Primaire.<br \/>\n<\/span><\/p>\n<p><span style=\"color: #808080;\">Ces cours apportent des <strong>b\u00e9n\u00e9fices de caract\u00e8re psychologique, \u00e9motionnel et de communication<\/strong> <strong>interpersonnelle<\/strong> entre les participants tandis qu&rsquo;ils aident \u00e0 am\u00e9liorer leur capacit\u00e9 d&rsquo;expression.<br \/>\n<\/span><\/p>\n<p><a href=\"http:\/\/www.lecturavertical.com\/tallers\/\"><span style=\"color: #ff6600;\"><span style=\"color: #808080;\">&#8211;<\/span><\/span><\/a><a href=\"http:\/\/www.lecturavertical.com\/tallers\/\">Ateliers litt\u00e9raires\u00a0 <\/a>en pr\u00e9sence et on-line \u00e0 l&rsquo;Universit\u00e9 de Barcelone et\u00a0<span style=\"color: #808080;\">dans les \u00c9coles Professionnelles, Cours de Formation Continue, Clubs de Lecture, Librairies, Biblioth\u00e8ques, Centres Culturels\u2026 <\/span><\/p>\n<p>&#8211;<a href=\" https:\/\/www.lecturavertical.com\/fr\/coaching-descriptura-2\/\">Coaching en \u00c9criture<\/a> <span style=\"color: #808080;\">personnalis\u00e9, online.<\/span><\/p>\n<\/div>\n<div class=\"alignright\" style=\"width: 160px; margin-top: -42px;\">\n<div style=\"font-size: 10px;\">\u00a0\u00a0\u00a0\u00a0\u00a0\u00a0\u00a0\u00a0\u00a0\u00a0\u00a0\u00a0\u00a0\u00a0\u00a0\u00a0\u00a0\u00a0\u00a0\u00a0\u00a0\u00a0\u00a0 Nos engagements<\/div>\n<p><a href=\"http:\/\/www.casaemanuel.org\/\"><img decoding=\"async\" class=\"size-full wp-image-3466\" style=\"margin-left: 70px; float: left;\" src=\"http:\/\/www.lecturavertical.com\/wp-content\/uploads\/2015\/03\/Casa-Emanuel.png\" alt=\"Casa Emanuel\" width=\"30\" \/><\/a><a href=\"http:\/\/www.ongamic.org\/\"><img decoding=\"async\" loading=\"lazy\" class=\"size-full wp-image-3466\" style=\"margin-left: 10px; margin-top: 5px; float: left;\" src=\"http:\/\/www.lecturavertical.com\/wp-content\/uploads\/2015\/03\/Amic.png\" alt=\"Amic\" width=\"37\" height=\"81\" \/><\/a><\/p>\n<\/div>\n","protected":false},"excerpt":{"rendered":"<p>LA VOCATION Z\u00e9n\u00e9ida Sarda est \u00e9crivain. Le pari, pour elle, c&rsquo;est de savoir jouer avec la trame et la cha\u00eene du tissu litt\u00e9raire pour r\u00e9ussir \u00e0 d\u00e9clancher chez le lecteur une exp\u00e9rience \u00e9motionnelle. Elle croit que l&rsquo;essentiel dans la cr\u00e9ation litt\u00e9raire c&rsquo;est la mani\u00e8re dont on tresse les fils de ce tissu, plus que le [&hellip;]<\/p>\n","protected":false},"author":2,"featured_media":0,"parent":0,"menu_order":0,"comment_status":"closed","ping_status":"closed","template":"","meta":[],"_links":{"self":[{"href":"https:\/\/www.lecturavertical.com\/fr\/wp-json\/wp\/v2\/pages\/1941"}],"collection":[{"href":"https:\/\/www.lecturavertical.com\/fr\/wp-json\/wp\/v2\/pages"}],"about":[{"href":"https:\/\/www.lecturavertical.com\/fr\/wp-json\/wp\/v2\/types\/page"}],"author":[{"embeddable":true,"href":"https:\/\/www.lecturavertical.com\/fr\/wp-json\/wp\/v2\/users\/2"}],"replies":[{"embeddable":true,"href":"https:\/\/www.lecturavertical.com\/fr\/wp-json\/wp\/v2\/comments?post=1941"}],"version-history":[{"count":48,"href":"https:\/\/www.lecturavertical.com\/fr\/wp-json\/wp\/v2\/pages\/1941\/revisions"}],"predecessor-version":[{"id":6343,"href":"https:\/\/www.lecturavertical.com\/fr\/wp-json\/wp\/v2\/pages\/1941\/revisions\/6343"}],"wp:attachment":[{"href":"https:\/\/www.lecturavertical.com\/fr\/wp-json\/wp\/v2\/media?parent=1941"}],"curies":[{"name":"wp","href":"https:\/\/api.w.org\/{rel}","templated":true}]}}