{"id":1951,"date":"2014-09-10T15:40:25","date_gmt":"2014-09-10T15:40:25","guid":{"rendered":"http:\/\/www.lecturavertical.com\/?page_id=1951"},"modified":"2025-06-11T11:25:41","modified_gmt":"2025-06-11T11:25:41","slug":"la-bibliographie","status":"publish","type":"page","link":"https:\/\/www.lecturavertical.com\/fr\/z%c3%a9n%c3%a9ida-sarda\/les-publications\/la-bibliographie\/","title":{"rendered":"La bibliographie"},"content":{"rendered":"<p><img decoding=\"async\" loading=\"lazy\" class=\"alignnone size-full wp-image-322\" src=\"http:\/\/www.lecturavertical.com\/wp-content\/uploads\/2013\/10\/2013-08-27-20.17.09-e1383674117366.jpg\" alt=\"2013-08-27 20.17.09\" width=\"448\" height=\"164\" \/><\/p>\n<p><span style=\"color: #808080;\"><strong>BIBLIOGRAPHIE<\/strong><\/span><\/p>\n<p><strong><a href=\"https:\/\/www.casadellibro.com\/libro-escribir-para-vivir-mejor\/9788410313866\/16933726\">Escribir para vivir mejor<\/a><br \/>\n<\/strong><span style=\"color: #808080;\">Editorial ARPA\u00a0<\/span><br \/>\n<span style=\"color: #808080;\">Mai 2025<\/span><\/p>\n<p><span style=\"font-size: x-large;\"><em><a href=\"https:\/\/www.laie.es\/es\/libro\/rev-recerques-vol-3\/2001882\/100000006627\"><strong><span style=\"font-size: large;\">recerques 3<\/span><\/strong><\/a><\/em><br \/>\n<\/span><a href=\"https:\/\/www.stonbergeditorial.com\/product-page\/tertulia-s\"><span style=\"color: #333333;\">Butllet\u00ed de la Societat Catalana dels Amics de Marcel Proust<br \/>\nOctubre 2021<\/span><\/a><\/p>\n<p><a href=\"https:\/\/www.laie.es\/es\/libro\/rev-recerques-vol-2\/9789213528600\/935861\"><em><span style=\"font-size: large;\">recerques 2<\/span><\/em><\/a><a href=\"https:\/\/www.stonbergeditorial.com\/product-page\/tertulia-s\"><em><br \/>\n<\/em><\/a><span style=\"color: #333333;\"><a href=\"https:\/\/www.stonbergeditorial.com\/product-page\/tertulia-s\"><span style=\"color: #333333;\">Butllet\u00ed de la Societat Catalana dels Amics de Marcel Proust<br \/>\nOctubre 2020<\/span><\/a><\/span><\/p>\n<p><strong><strong><a href=\"https:\/\/www.stonbergeditorial.com\/product-page\/tertulia-s\">TERTULIA (S) <\/a><\/strong><br \/>\n<\/strong>33 visiones sobre el desarrollo personal, la empresa y las relaciones humanas,<br \/>\nStonberg Editorial, 2019.<\/p>\n<p><strong>La Peau Noire<\/strong>,\u00a0Edilivre, 2015.<br \/>\n(Traduit de l&rsquo;original catalan par l&rsquo;auteure)<\/p>\n<p><span style=\"color: #ff9900;\"><a href=\"https:\/\/www.lacentral.com\/book\/?id=9788499754574\">Cristalls de Boh\u00e8mia, <\/a><span style=\"color: #808080;\">Pag\u00e8s editors, 2014.<\/span><\/span><\/p>\n<p><a href=\"http:\/\/www.lacentral.com\/web\/book\/?id=9788499752594\">Francesc Maci\u00e0 en la intimitat<\/a>, <span style=\"color: #808080;\">Pag\u00e8s editors, 2012.<\/span><\/p>\n<p><a href=\"https:\/\/www.laie.es\/es\/libro\/la-pell-negra\/9788499751337\/637219\">La Pell Negra<\/a><a href=\"http:\/\/www.laie.es\/libro\/la-pell-negra\/704063\/978-84-9975-133-7\">,\u00a0<\/a>Pag\u00e8s editors, 2011.<\/p>\n<p><strong><span style=\"color: #808080;\">Manuel Capdevila. El goig de realitzar el propi dest\u00ed<\/span><\/strong>, <span style=\"color: #808080;\">Pag\u00e8s editors, 2008\u2028\u2028.<\/span><\/p>\n<p><span style=\"color: #808080;\"><em><strong>Retrats<\/strong>.<\/em> Publicacions de l\u2019Abadia de Montserrat, 2007.<\/span><\/p>\n<p><span style=\"color: #808080;\"><em><strong>Francesc Espriu o la m\u00e0gia dels colors<\/strong>.<\/em><\/span> <span style=\"color: #808080;\">Pag\u00e8s editors, 2005.<\/span><\/p>\n<p><span style=\"color: #808080;\"><a href=\"https:\/\/www.lacentral.com\/book\/?id=9788473069076\">La Lectura Vertical<\/a><a href=\"https:\/\/www.lacentral.com\/search\/?g=la%20lectura%20vertical\">,<\/a> Editorial P\u00f2rtic, 2004.<\/span><\/p>\n<p><em><span style=\"color: #808080;\"><strong>L\u2019aventura dels\u00a0 inicis<\/strong>. <\/span><span style=\"color: #808080;\">Pag\u00e8s<\/span><\/em><span style=\"color: #808080;\"> editors, 2002.<\/span><\/p>\n<p><span style=\"color: #808080;\"><em><strong>Perfils<\/strong>.<\/em> Publicacions de l\u2019Abadia de Montserrat, 1999.<\/span><\/p>\n<p><span style=\"color: #808080;\"><em><strong>Miquel Cabanes. 10 Anys de pintura<\/strong>.<\/em> Sala Rusi\u00f1ol, 1996.<\/span><\/p>\n<p><span style=\"color: #808080;\"><strong><em>Figures<\/em><\/strong>. Edicions Destino, 1994.<\/span><\/p>\n<p><span style=\"color: #808080;\"><em><strong>L&rsquo;Esth\u00e9tique de l&rsquo;Exc\u00e8s<\/strong>. <\/em>Universit\u00e9 de Toulouse-Le Mirail, 1994.<\/span><\/p>\n<p><span style=\"color: #808080;\"><em><strong>Una nissaga de joiers a Barcelona<\/strong>.<\/em> Edicions Destino, 1992.<\/span><br \/>\n<strong><span style=\"color: #808080;\"> Prix National du Livre.<\/span><\/strong><\/p>\n<p><span style=\"color: #808080;\"><em><strong>Francesc Maci\u00e0 vist per la seva filla Maria<\/strong>.<\/em> Edicions Destino, 1989.<\/span><\/p>\n<p><span style=\"color: #808080;\"><em><strong>Dafnis i Maia<\/strong>.<\/em> Editorial\u00a0 Laia, 1983.<\/span><br \/>\n<strong><span style=\"color: #808080;\"> Finaliste Prix Joaquim Ruyra.<\/span><\/strong><\/p>\n<p><span style=\"color: #808080;\"><em><strong>Ad\u00e9u, \u00ab\u00a0Nereo\u00a0\u00bb<\/strong>.<\/em> Publicacions de l\u2019Abadia de Montserrat, 1982.<\/span><br \/>\n<strong><span style=\"color: #808080;\"> Prix \u00ab\u00a0La Xarxa\u00a0\u00bb.<\/span><\/strong><\/p>\n<p><span style=\"color: #808080;\"><em><strong>D\u00e9u vos guard, Bamil\u00e9k\u00e9<\/strong>.<\/em> Serra d\u2019Or, 1975.<\/span><br \/>\n<strong><span style=\"color: #808080;\"> Prix \u00ab\u00a0Crida als escriptors joves\u00a0\u00bb.<\/span><\/strong><\/p>\n","protected":false},"excerpt":{"rendered":"<p>BIBLIOGRAPHIE Escribir para vivir mejor Editorial ARPA\u00a0 Mai 2025 recerques 3 Butllet\u00ed de la Societat Catalana dels Amics de Marcel Proust Octubre 2021 recerques 2 Butllet\u00ed de la Societat Catalana dels Amics de Marcel Proust Octubre 2020 TERTULIA (S) 33 visiones sobre el desarrollo personal, la empresa y las relaciones humanas, Stonberg Editorial, 2019. La [&hellip;]<\/p>\n","protected":false},"author":2,"featured_media":0,"parent":1947,"menu_order":0,"comment_status":"closed","ping_status":"closed","template":"","meta":[],"_links":{"self":[{"href":"https:\/\/www.lecturavertical.com\/fr\/wp-json\/wp\/v2\/pages\/1951"}],"collection":[{"href":"https:\/\/www.lecturavertical.com\/fr\/wp-json\/wp\/v2\/pages"}],"about":[{"href":"https:\/\/www.lecturavertical.com\/fr\/wp-json\/wp\/v2\/types\/page"}],"author":[{"embeddable":true,"href":"https:\/\/www.lecturavertical.com\/fr\/wp-json\/wp\/v2\/users\/2"}],"replies":[{"embeddable":true,"href":"https:\/\/www.lecturavertical.com\/fr\/wp-json\/wp\/v2\/comments?post=1951"}],"version-history":[{"count":25,"href":"https:\/\/www.lecturavertical.com\/fr\/wp-json\/wp\/v2\/pages\/1951\/revisions"}],"predecessor-version":[{"id":6485,"href":"https:\/\/www.lecturavertical.com\/fr\/wp-json\/wp\/v2\/pages\/1951\/revisions\/6485"}],"up":[{"embeddable":true,"href":"https:\/\/www.lecturavertical.com\/fr\/wp-json\/wp\/v2\/pages\/1947"}],"wp:attachment":[{"href":"https:\/\/www.lecturavertical.com\/fr\/wp-json\/wp\/v2\/media?parent=1951"}],"curies":[{"name":"wp","href":"https:\/\/api.w.org\/{rel}","templated":true}]}}