{"id":1953,"date":"2014-09-10T15:41:28","date_gmt":"2014-09-10T15:41:28","guid":{"rendered":"http:\/\/www.lecturavertical.com\/?page_id=1953"},"modified":"2023-07-14T15:50:34","modified_gmt":"2023-07-14T15:50:34","slug":"les-interviews","status":"publish","type":"page","link":"https:\/\/www.lecturavertical.com\/fr\/z%c3%a9n%c3%a9ida-sarda\/les-interviews\/","title":{"rendered":"Les interviews"},"content":{"rendered":"<div style=\"float: left; width: 560px;\"><strong>\u00a0 <span style=\"color: #808080;\">Interviews r\u00e9alis\u00e9es \u00e0 des personnalit\u00e9s de la culture catalane<\/span><\/strong><br \/>\n<span style=\"color: #808080;\"><span style=\"color: #808080;\">\u00a0 <strong>pour la revue SERRA d\u00b4OR<\/strong><\/span><\/span><\/p>\n<p><span style=\"color: #808080;\">&#8211; Ramon Calsina, f\u00e9vrier 1984, <em>El goig de crear amb honradesa.<\/em><\/span><br \/>\n<span style=\"color: #808080;\"> &#8211; Oriol Martorell, avril 1984, <em>La reivindicaci\u00f3 del silenci.<\/em><\/span><br \/>\n<span style=\"color: #808080;\"> &#8211; Mart\u00ed de Riquer, juin 1984, <em>Un senyor de muntanya a l\u00b4Acad\u00e8mia.<\/em><\/span><br \/>\n<span style=\"color: #808080;\"> &#8211; Ramon Margalef, novembre 1984,<em> Les raons d\u00b4un ec\u00f2leg.<\/em><\/span><br \/>\n<span style=\"color: #808080;\"> &#8211; Joan Granados, d\u00e9cembre 1984, <em>Un \u00ab\u00a0tot terreny\u00a0\u00bb per a fer pa\u00eds.<\/em><\/span><br \/>\n<span style=\"color: #808080;\"> &#8211; Pierre Vilar, f\u00e9vrier 1985, <em>Una vida vinculada a la hist\u00f2ria de Catalunya.<\/em><\/span><br \/>\n<span style=\"color: #808080;\"> &#8211; Llu\u00eds Llach, juin 1985, <em>Una vida plena de m\u00fasica.<\/em><\/span><br \/>\n<span style=\"color: #808080;\"> &#8211; Josep Maria Llompart, juillet 1985, <em>Una efica\u00e7 p\u00e8rdua de temps.<\/em><\/span><br \/>\n<span style=\"color: #808080;\"> &#8211; Salvador Mas, novembre 1985,<em> Un catal\u00e0 al capdavant d\u00b4una orquestra <\/em><\/span><br \/>\n<span style=\"color: #808080;\"> <em>\u00a0\u00a0 alemanya.<\/em><\/span><br \/>\n<span style=\"color: #808080;\"> &#8211; Antoni M. Badia i Margarit, f\u00e9vrier 1986, <em>En un tombant. Entre la Universitat i <\/em><\/span><br \/>\n<span style=\"color: #808080;\"> <em>\u00a0\u00a0 el Congr\u00e9s de la Llengua.<\/em><\/span><br \/>\n<span style=\"color: #808080;\"> &#8211; Maria Maci\u00e0, juin 1986, <em>El mite humanitzat.<\/em><\/span><br \/>\n<span style=\"color: #808080;\"> &#8211; Josep Maria Subirachs, janvier 1987, <em>L\u00b4obra com a cam\u00ed.<\/em><\/span><br \/>\n<span style=\"color: #808080;\"> &#8211; Raimon Noguera, mai 1987, <em>Un homenot notari d\u00b4homenots.<\/em><\/span><br \/>\n<span style=\"color: #808080;\"> &#8211; Maria del Mar Bonet, novembre 1987, <em>La m\u00e0gia de la veu.<\/em><\/span><br \/>\n<span style=\"color: #808080;\"> &#8211; Joaquim Ventall\u00f3, f\u00e9vrier 1988,<em> Parlant clar.<\/em><\/span><br \/>\n<span style=\"color: #808080;\"> &#8211; Miquel Coll i Alentorn, avril 1988, <em>Balan\u00e7 d\u00b4un president.<\/em><\/span><br \/>\n<span style=\"color: #808080;\"> &#8211; Joan Margarit, juin 1988,<em> Estructura i po\u00e8tica.<\/em><\/span><br \/>\n<span style=\"color: #808080;\"> &#8211; Raimon Panikkar, mars 1989, <em>S\u00edntesi o eclecticisme.<\/em><\/span><br \/>\n<span style=\"color: #808080;\"> &#8211; Sor Genoveve, mai 1989, <em>Tornar a viure.<\/em><\/span><br \/>\n<span style=\"color: #808080;\"> &#8211; Joan Junyer, juillet-ao\u00fbt 1989, <em>El plaer de viure.<\/em><\/span><br \/>\n<span style=\"color: #808080;\"> &#8211; Baltasar Porcel, f\u00e9vrier 1990,<em> La voluntat de triomf.<\/em><\/span><br \/>\n<span style=\"color: #808080;\"> &#8211; Jaume Vidal i Alcover, juin 1990, <em>El plaer d\u00b4escriure.<\/em><\/span><br \/>\n<span style=\"color: #808080;\"> &#8211; Moss\u00e8n Ballar\u00edn, juillet-ao\u00fbt 1990,<em> L\u00b4Esperit bufa on vol.<\/em><\/span><br \/>\n<span style=\"color: #808080;\"> &#8211; Anna Muri\u00e0, septembre 1990, <em>Una vida arrodonida.<\/em><\/span><br \/>\n<span style=\"color: #808080;\"> &#8211; Olga Xirinachs, octobre 1990, <em>El goig d\u00b4escriure.<\/em><\/span><br \/>\n<span style=\"color: #808080;\"> &#8211; Josep Maria Flotats, novembre 1990, <em>La fascinaci\u00f3 de la paraula.<\/em><\/span><br \/>\n<span style=\"color: #808080;\"> &#8211; Frederic Mayor Zaragoza, janvier 1991, <em>Palad\u00ed del mestissatge.<\/em><\/span><br \/>\n<span style=\"color: #808080;\"> &#8211; President i directors art\u00edstics de l\u00b4Orfe\u00f3 Catal\u00e0, mars 1991, <em>Orfe\u00f3 Catal\u00e0,\u00a0\u00a0\u00a0\u00a0\u00a0\u00a0 \u00a0<\/em><\/span><br \/>\n<span style=\"color: #808080;\"> <em>\u00a0\u00a0 Primer\u00a0 centenari.<\/em><\/span><br \/>\n<span style=\"color: #808080;\"> &#8211; Frederic Rahola, juillet-ao\u00fbt 1991. <em>S\u00edndic de greuges per vocaci\u00f3.<\/em><\/span><br \/>\n<span style=\"color: #808080;\"> &#8211; Miquel Mart\u00ed i Pol, f\u00e9vrier 1992, <em>La for\u00e7a dels mots.<\/em><\/span><br \/>\n<span style=\"color: #808080;\"> &#8211; Joan Ainaud de Lasarte, juin 1992,<em> L\u00b4art de llegir pedres i pintures.<\/em><\/span><br \/>\n<span style=\"color: #808080;\"> &#8211; President Delegat de l\u00b4ICEM (Institut Catal\u00e0 d\u00b4Estudis Mediterranis), d\u00e9cembre 1992,<\/span><br \/>\n<span style=\"color: #808080;\"> <em>La recuperaci\u00f3 del Mare Nostrum.<\/em><\/span><br \/>\n<span style=\"color: #808080;\"> &#8211; Joan Guitart, avril 1993, <em>La cultura en tants per cent.<\/em><\/span><br \/>\n<span style=\"color: #808080;\"> &#8211; Manuel Capdevila, juin 1993, <em>Or, argent, oli damunt tela.<\/em><\/span><br \/>\n<span style=\"color: #808080;\"> &#8211; Ireneu Segarra, juillet-ao\u00fbt 1993, <em>Viure la m\u00fasica.<\/em><\/span><br \/>\n<span style=\"color: #808080;\"> &#8211; Vicen\u00e7 Villatoro, Director del diari Avui,\u00a0 f\u00e9vrier 1994, <em>L\u00b4Avui, un salt endavant.<\/em><\/span><br \/>\n<span style=\"color: #808080;\"> &#8211; Ricard Giralt-Miracle, octobre 1994, <em>L\u00b4art dels signes.<\/em><\/span><br \/>\n<span style=\"color: #808080;\"> &#8211; Ricard Salvat, janvier 1995, <em>En escena.<\/em><\/span><br \/>\n<span style=\"color: #808080;\"> &#8211; El pare Maur Boix, f\u00e9vrier 1995, <em>Trenta dos anys al capdevant de Serra d\u00b4Or.<\/em><\/span><br \/>\n<span style=\"color: #808080;\"> &#8211; Pasqual Maragall, mars 1995,\u00a0<em> Gestionar la \u00ab\u00a0Polis\u00a0\u00bb.<\/em><\/span><br \/>\n<span style=\"color: #808080;\"> &#8211; Miquel Roca, mai 1995, <em>Voluntat de relleu.<\/em><\/span><br \/>\n&#8211; <span style=\"color: #808080;\">Antoni Badia i Margarit,\u00a0 septembre 1995, <em>La fidelitat d\u00b4una vocaci\u00f3.<\/em><\/span><br \/>\n<span style=\"color: #808080;\"> &#8211; Jordi Pinell, octobre 1995, <em>La vida d\u00b4un monjo escriptor.<\/em><\/span><br \/>\n<span style=\"color: #808080;\"> &#8211; Eduard Carbonell, novembre 1995, <em>L\u00b4obertura imminent del MNAC.<\/em><\/span><br \/>\n<span style=\"color: #808080;\"> &#8211; Miquel Molins, director del MACBA, d\u00e9cembre 1995.<\/span><br \/>\n<span style=\"color: #808080;\"> &#8211; Marc Forn\u00e9, President d\u00b4Andorra, f\u00e9vrier 1996, <em>En catal\u00e0 a l\u00b4ONU.<\/em><\/span><br \/>\n<span style=\"color: #808080;\"> &#8211; Miquel Calzada, avril 1996, <em>Un humor ben assajat .<\/em><\/span><br \/>\n<span style=\"color: #808080;\"> &#8211; Oriol Bohigas, mai 1996, <em>Una interpretaci\u00f3 del paisatge urb\u00e0.<\/em><\/span><br \/>\n<span style=\"color: #808080;\"> &#8211; Eliseu Climent, septembre 1996, <em>Un lluitador incombustible.<\/em><\/span><br \/>\n<span style=\"color: #808080;\"> &#8211; Albert R\u00e0fols Casamada, octobre 1996,<em> Ut\u00a0 pictura poesis.<\/em><\/span><br \/>\n<span style=\"color: #808080;\"> &#8211; Joan Revent\u00f3s, d\u00e9cembre 1996, <em>President del Parlament de Catalunya.<\/em><\/span><br \/>\n<span style=\"color: #808080;\"> &#8211; Vinyet Panyella, janvier 1997, <em>La feina com a realitzaci\u00f3 personal.<\/em><\/span><br \/>\n<span style=\"color: #808080;\"> &#8211; Antoni Dalmau i Vilalta, mars 1997, <em>President de la Comissi\u00f3 de Pol\u00edtica Cultural<br \/>\ndel Parlament .<br \/>\n<\/em> &#8211; Josep Fontana, avril 1997, <em>Director de l\u00b4Institut\u00a0 Universitari\u00a0 d\u00b4Hist\u00f2ria<br \/>\nJaume Vicens Vives\u00a0 de la UPF .<\/em><\/span><br \/>\n<span style=\"color: #808080;\"> &#8211; Ram\u00f3n Folch i Guill\u00e9n, mai 1997, <em>Per un m\u00f3n sostenible.<\/em><\/span><br \/>\n<span style=\"color: #808080;\"> &#8211; Manuel Castellet, juin 1997, <em>President de l\u00b4IEC.<\/em><\/span><br \/>\n<span style=\"color: #808080;\"> &#8211; Llu\u00eds Jou, juillet-ao\u00fbt 1997, <em>director general de Pol\u00edtica Ling\u00fc\u00edstica.<\/em><\/span><br \/>\n<span style=\"color: #808080;\"> &#8211; Joaquim Nadal, septembre 1997,<em> alcalde de Girona i parlamentari.<\/em><\/span><br \/>\n<span style=\"color: #808080;\"> &#8211; Pere de Palol, novembre 1997, <em>Sotjant les empremtes del passat.<\/em><\/span><br \/>\n<span style=\"color: #808080;\"> &#8211; Maria Girona, d\u00e9cembre 1997, <em>La l\u00edrica de la quotidianitat.<\/em><\/span><br \/>\n<span style=\"color: #808080;\"> &#8211; Ramon Margalef, janvier 1998, <em>M\u00e9s enll\u00e0 del naturalista.<\/em><\/span><br \/>\n<span style=\"color: #808080;\"> &#8211; Jordi Savall, mars 1998,<em> La m\u00fasica com a llenguatge de l\u00b4esperit.<\/em><\/span><br \/>\n<span style=\"color: #808080;\"> &#8211; Francesc Candel, avril 1998, <em>Una\u00a0 exist\u00e8ncia conseq\u00fcent.<\/em><\/span><br \/>\n&#8211; <span style=\"color: #808080;\">Marc-Aureli Vila, mai 1998, <em>Una vida compromesa amb Catalunya.<\/em><\/span><br \/>\n<span style=\"color: #808080;\"> &#8211; Catherine Allard, juin 1998, <em>directora de la companyia IT Dansa.<\/em><\/span><br \/>\n<span style=\"color: #808080;\"> &#8211; Jordi Vilajoana, juillet-ao\u00fbt 1998, <em>director general de la CCRTV.<\/em><\/span><br \/>\n<span style=\"color: #808080;\"> &#8211; Felix Millet, septembre 1998, <em>Noranta anys del\u00a0 Palau de la M\u00fasia Catalana.<\/em><\/span><br \/>\n<span style=\"color: #808080;\"> &#8211; Albert Attenelle, novembre 1998, <em>Concertista i director de l\u2019Escola de M\u00fasica de Barcelona<\/em><\/span><br \/>\n&#8211; <span style=\"color: #808080;\">Pilar Rahola, d\u00e9cembre 1998, <em>Capacitat dial\u00e8ctica i passi\u00f3<\/em><\/span><br \/>\n<span style=\"color: #808080;\"> &#8211; Antoni T\u00e0pies, janvier 1999, <em>Reflexi\u00f3 i misticisme<\/em><\/span><br \/>\n<span style=\"color: #808080;\"> &#8211; Jordi Bonet i Armengol, f\u00e9vrier 1999, <em>Paci\u00e8ncia activa<\/em><\/span><br \/>\n<span style=\"color: #808080;\"> &#8211; Feliu Formosa, mars 1999, <em>L\u2019art de la interpretaci\u00f3<\/em><\/span><br \/>\n<span style=\"color: #808080;\"> &#8211; N\u00faria Espert, avril 1999, <em>Entre vestidors .<\/em><\/span><br \/>\n<span style=\"color: #808080;\"> -Josep Cun\u00ed, mai 1999, <em>La veu dels matins<\/em><\/span><br \/>\n<span style=\"color: #808080;\"> &#8211; Xavier Montsalvatge, juin 1999, <em>Un eclecticisme coherent<\/em><\/span><br \/>\n<span style=\"color: #808080;\"> &#8211; CESC, septembre 1999,\u00a0 <em>El dibuix com a llenguatge<\/em><\/span><br \/>\n<span style=\"color: #808080;\"> &#8211; Perejaume, octobre 1999, <em>Entintar els pics, escriure amb el Pirineu<\/em><\/span><br \/>\n<span style=\"color: #808080;\"> &#8211; Daniel Giralt-Miracle, d\u00e9cembre 1999, <em>L\u00b4art com a pensament visual<\/em><\/span><br \/>\n&#8211; <span style=\"color: #808080;\">Miquel Porter, janvier 2000, <em>El cinema, una forma de pedagogia<\/em><\/span><br \/>\n<span style=\"color: #808080;\"> &#8211; Jaume Vallcorba, f\u00e9vrier 2000, <em>L\u00b4\u00ebxit de l\u00b4editorial d\u00b4editor<\/em><\/span><br \/>\n<span style=\"color: #808080;\"> &#8211; Manuel Huerga, mars 2000, <em>Per una televisi\u00f3 p\u00fablica, democr\u00e0tica i\u00a0 participativa<\/em><\/span><br \/>\n<span style=\"color: #808080;\"> &#8211; Oriol Casassas, avril 2000, <em>Amb\u00a0 voluntat\u00a0 de\u00a0 servei \u00a0<\/em><\/span><br \/>\n<span style=\"color: #808080;\"> &#8211; Ramon Guardans, juin 2000, <em>La cust\u00f2dia fidel d\u00b4un mecenatge<\/em><\/span><br \/>\n<span style=\"color: #808080;\"> &#8211; Jordi Nadal, juillet-ao\u00fbt 2000, <em>La doble her\u00e8ncia de Vicens i Vives: hist\u00f2ria\u00a0 econ\u00f2mica<br \/>\ni doc\u00e8ncia universit\u00e0ria<\/em><\/span><br \/>\n<span style=\"color: #808080;\"> &#8211; Francesc Fontbona, septembre 2000, <em>Director de la Unitat Gr\u00e0fica<br \/>\n<em>de la Biblioteca<\/em> de Catalunya<\/em><\/span><br \/>\n<span style=\"color: #808080;\"> &#8211; Rafael Aracil, d\u00e9cembre 2000,\u00a0 <em>Del Pavell\u00f3 de la Rep\u00fablica al Bulli<\/em><\/span><br \/>\n<span style=\"color: #808080;\"> &#8211; Ramon Oller, janvier 2001, <em>Quan la forma esdev\u00e9 moviment \u00a0<\/em><\/span><br \/>\n<span style=\"color: #808080;\"> &#8211; Segimon Serrallonga, f\u00e9vrier 2001, <em>Poesia\u00a0 secreta \u00a0<\/em><\/span><br \/>\n&#8211; <span style=\"color: #808080;\">Francesc Cabana, avril 2001, <em>La Banca com a especialitat<\/em><\/span><br \/>\n<span style=\"color: #808080;\"> &#8211; Xavier Barral, mai 2001, <em>De Bo\u00ed a la Sagrada Fam\u00edlia.<\/em><\/span><br \/>\n<span style=\"color: #808080;\"> &#8211; Ventura Pons, juin 2001,\u00a0 <em>Amb el celuloide a la sang.<\/em><\/span><br \/>\n<span style=\"color: #808080;\"> &#8211; Magda Oranich, octobre 2001. <em>Pels drets de la persona.<\/em><\/span><br \/>\n<span style=\"color: #808080;\"> &#8211; Josep Ramoneda, d\u00e9cembre 2001, <em>Director General del CCCB.<\/em><\/span><br \/>\n<span style=\"color: #808080;\"> &#8211; Gabriel Ferrat\u00e9, janvier 2002, <em>Un rector on line.<\/em><\/span><br \/>\n<span style=\"color: #808080;\"> &#8211; Andreu Alfaro, f\u00e9vrier 2002, <em>Per la saviesa de sec\u00e0.<\/em><\/span><br \/>\n<span style=\"color: #808080;\"> &#8211; Ferran Mascarell, mars 2002, <em>Regidor de Cultura de l\u00b4Ajuntament de Barcelona<\/em><\/span><br \/>\n<span style=\"color: #808080;\"> &#8211; Joan Veny, mai 2002, <em>La dialectologia: una passi\u00f3 domada.<\/em><\/span><br \/>\n<span style=\"color: #808080;\"> &#8211; Jordi Llovet, juin 2002, <em>Amb vocaci\u00f3 d\u00b4humanista<\/em><\/span><br \/>\n<span style=\"color: #808080;\"> &#8211; Marta Almirall, septembre 2002, <em>En el vint\u00e8 aniversari de Roseland Musical<\/em><\/span><br \/>\n<span style=\"color: #808080;\"> &#8211; Modest Prats, octobre 2002, <em>Ministeri pastoral i doc\u00e8ncia universit\u00e0ria<\/em><\/span><br \/>\n<span style=\"color: #808080;\"> &#8211; Alfred Rodriguez Pic\u00f3, janvier\u00a0 2003 , <em>Tant si plou com si fa sol.<\/em><\/span><br \/>\n<span style=\"color: #808080;\"> &#8211; Josep Maria Castellet, f\u00e9vrier 2003, <em>En el 40\u00e8 aniversari\u00a0\u00a0 d\u00b4Edicions 62.<\/em><\/span><br \/>\n<span style=\"color: #808080;\"> &#8211; Marie Claire Zimmermann,\u00a0\u00a0 mai\u00a0 2003, <em>Una francesa estudiosa del\u00a0 fet po\u00e8tic catal\u00e0.<\/em><\/span><br \/>\n<span style=\"color: #808080;\"> &#8211; Toni Catany, juin \u00a0 2003, <em>La Bellesa amb \u201cb\u201d alta.<\/em><\/span><br \/>\n<span style=\"color: #808080;\"> &#8211; Salvador Alibau, juillet-ao\u00fbt\u00a0 2003, <em>Una pintura intangible.<\/em><\/span><br \/>\n<span style=\"color: #808080;\"> &#8211; Margarida\u00a0 Aritzeta, d\u00e9cembre 2003, <em>En el joc fronterer.<\/em><\/span><br \/>\n<span style=\"color: #808080;\"> &#8211; Jordi Porta, mars 2004,<em> President d\u2019Omnium cultural.<\/em><\/span><br \/>\n<span style=\"color: #808080;\"> &#8211; Miquel de Palol, avril 2004, <em>La melancolia d\u2019un \u201cenfant terrible\u201d.<\/em><\/span><br \/>\n<span style=\"color: #808080;\"> &#8211; JF Yvars, mai 2004, <em>L\u2019art, una necessitat humana.<\/em><\/span><br \/>\n<span style=\"color: #808080;\"> &#8211; Joan Colomines, octobre 2004, <em>Entre l\u2019activisme i l\u2019arxiv\u00edstica<\/em><\/span><br \/>\n<span style=\"color: #808080;\"> &#8211; Marcel Mart\u00ed, janvier 2005, <em>La forma per la forma<\/em><\/span><br \/>\n<span style=\"color: #808080;\"> &#8211; Joan Mart\u00ed i Castell, f\u00e9vrier 2005, <em>President de la Secci\u00f3 Filol\u00f2gica de l\u2019IEC<\/em><\/span><br \/>\n<span style=\"color: #808080;\"> &#8211; Ernest Benach, juin 2005, <em>President del Parlament de Catalunya.<\/em><\/span><br \/>\n<span style=\"color: #808080;\"> &#8211; Carles Duarte, septembre 2005,<em> El batec de les paraules<\/em><\/span><br \/>\n<span style=\"color: #808080;\"> &#8211; Salvador Giner, novembre 2005, <em>President de l\u2019Institut d\u2019Estudis Catalans<\/em><\/span><br \/>\n<span style=\"color: #808080;\"> &#8211; JM Benet i Jornet, f\u00e9vrier 2006, <em>El teatre, una pulsi\u00f3 incontrolable.<\/em><\/span><br \/>\n<span style=\"color: #808080;\"> &#8211; Maria Barbal, mai 2006, <em>Vint anys despr\u00e9s.<\/em><\/span><br \/>\n<span style=\"color: #808080;\"> &#8211; Oriol Bohigas, septembre 2006, <em>President de l\u2019Ateneu Barcelon\u00e8s.<\/em><\/span><br \/>\n&#8211; <span style=\"color: #808080;\">JM Subirachs, d\u00e9cembre 2006, <em>\u201cL\u2019escultura, aquesta brossa divina\u201d.<\/em><\/span><br \/>\n<span style=\"color: #808080;\"> &#8211; Sergi Belbel, juin 2007, <em>Dramaturg i director del TNC<\/em><\/span><br \/>\n<span style=\"color: #808080;\"> &#8211; Baltasar Porcel, novembre 2007, <em>Forjar-se l\u2019excel.l\u00e8ncia<\/em><\/span><br \/>\n<span style=\"color: #808080;\"> &#8211; JM Espin\u00e0s, f\u00e9vrier 2008, <em>L\u2019art de la ponderaci\u00f3<\/em><\/span><br \/>\n<span style=\"color: #808080;\"> &#8211; Joaquim Molas, juillet-ao\u00fbt 2008, <em>Del teixit textual al mestratge literari.<\/em><\/span><br \/>\n<span style=\"color: #808080;\"> &#8211; Josep Termes, d\u00e9cembre 2008, <em>Historiador de la Catalunya popular.<\/em><\/span><br \/>\n<span style=\"color: #808080;\"> &#8211; Llu\u00eds Barraquer, juillet-ao\u00fbt 2009, <em>Neurologia i Humanisme.<\/em><\/span><br \/>\n&#8211; <span style=\"color: #808080;\">Carles Santos, novembre 2009, <em>El pianista i l\u2019espectacle.<\/em><\/span><br \/>\n&#8211; <span style=\"color: #808080;\">Pere Portabella, mars 2010, <em>Amb la incorrecci\u00f3 per lema.<\/em><\/span><br \/>\n<span style=\"color: #808080;\"> &#8211; David Jou, mai 2010, <em>Ciencia, m\u00edstica i poesia.<\/em><\/span><br \/>\n<span style=\"color: #808080;\"> &#8211; Anna Omedes, octobre 2010, <em>Una vocaci\u00f3 reeixida.<br \/>\n&#8211; <\/em><\/span><span style=\"color: #808080;\">Muriel Casals, janvier 2011, <em>Presidenta d\u2019Omnium Cultural.<br \/>\n&#8211; <\/em><\/span><span style=\"color: #808080;\">Joan Francesc Marco, juillet-ao\u00fbt 2011, <em>Director General del Gran Teatre del Liceu.<\/em><\/span><br \/>\n&#8211; <span style=\"color: #808080;\">Jordi Castellanos, octobre 2011, <em>La literatura catalana: docencia i recerca.<br \/>\n&#8211; <\/em><\/span><span style=\"color: #808080;\">Josep Soler, juin 2012, <em>Viure per composar.<\/em><\/span><br \/>\n&#8211; <span style=\"color: #808080;\">Llu\u00eds Duch, juillet-ao\u00fbt 2013,<em> Per la recuperaci\u00f3 de \u00ab\u00a0l&rsquo;homo loquens\u00a0\u00bb.<\/em><\/span><br \/>\n&#8211; <span style=\"color: #808080;\">Bonaventura Clotet, octobre 2013, <em>Una vocaci\u00f3 amb repercuci\u00f3 d&rsquo;abast mundial.<br \/>\n<\/em><\/span>&#8211; Llu\u00eds Permanyer, mai 2014, <em>Amb la curiositat a la mirada.<br \/>\n&#8211; <\/em>Joandomenech Ros, d\u00e9cembre 2014,\u00a0 <em>Dels opistobranquis a la presid\u00e8ncia de l&rsquo;IEC.<br \/>\n&#8211;<\/em> Llu\u00eds Pasqual, mai 2015,<em> Gaudir l&rsquo;ofici.<\/em><em><br \/>\n&#8211; <\/em>Mariona Carulla, juillet-ao\u00fbt 2015,<em>\u00a0<em>Mariona Carulla <\/em><em> i l&rsquo;Orfe\u00f3 Catal\u00e0.<br \/>\n<em>&#8211;<\/em><\/em><\/em>Pepe Serra, octobre 2015,<em><em><em> Del Museu d&rsquo;Art Rom\u00e0nic al Museu d&rsquo;Art de Catalunya.<br \/>\n<\/em><\/em><\/em>-Teresa Cabr\u00e9, novembre 2015,<em><em><em><em> Presidenta de la Secci\u00f3 Filol\u00f2gica de l&rsquo;IEC.<br \/>\n<\/em><\/em><\/em><\/em>-Josep Albanell, f\u00e9vrier 2016,<em><em><em><em><em><em> De Pep Albanell a Joles Sennell.<br \/>\n<\/em><\/em><\/em><\/em><\/em><\/em>-Jordi Porta, avril 2016,<em><em><em><em><em><em><em> En la celebraci\u00f3 dels cinquanta anys d&rsquo;Enciclop\u00e8dia Catalana<\/em><\/em><\/em><em><br \/>\n<\/em><\/em><\/em> <\/em><\/em>-Joan-Carles M\u00e8lich, octobre 2016,<em><em> De la filosofia metaf\u00edsica a la filosofia liter\u00e0ria.<\/em><\/em><em><br \/>\n<em>&#8211;<\/em><\/em>Montserrat Carulla,\u00a0 d\u00e9cembre 2016,\u00a0<em><em> El teatre i la reivindicaci\u00f3 independentista.<\/em><br \/>\n<\/em>-Ricard Torrents,\u00a0 janvier 2017<em>, Del seminari a la universitat de Vic.<\/em><em><br \/>\n&#8211;<\/em>Andreu Vilas\u00eds, avril 2017,<em> El mestre de \u00ab\u00a0l&rsquo;art del foc\u00a0\u00bb.<br \/>\n&#8211;<\/em>Borja de Riquer, juin 2017,<em> Historiador de la catalanitat.<br \/>\n&#8211;<\/em>Pilar Aymerich, mars 2018,<em>\u00a0<em>Narrar amb la imatge.<\/em><br \/>\n&#8211;<\/em>Joan Margarit, mai 2018,<em>\u00a0<em>Esdevenir poeta.<br \/>\n<\/em><em>&#8211;<\/em><\/em>Manuel Forcano, mai 2019, <em><em>Entre versos hebraics i versos catalans.<br \/>\n<\/em>&#8211;<\/em>Gabriel Pin\u00f3s, octobre 2019,<em> <em>Tradici\u00f3 modernista i afany innovador.<br \/>\n<\/em><\/em>-Oriol Punsat\u00ed-Muri\u00e0,\u00a0 avril 2020,<em> Un humanista del segle XXI.<br \/>\n&#8211;<\/em>\u00c0lvar Valls, novembre 2020, <em>El \u00ab\u00a0virus\u00a0\u00bb Verdaguer.<br \/>\n<span style=\"color: #808080;\">&#8211;<\/span><\/em><span style=\"color: #808080;\">Oriol Magriny\u00e0,<\/span><em><span style=\"color: #808080;\"> novembre 2021, El m\u00f3n editorial com a vocaci\u00f3.<br \/>\n<\/span><\/em><span style=\"color: #808080;\">-Teresa Cabr\u00e9,<\/span> <em><span style=\"color: #808080;\">desembre 2021,\u00a0 Presidenta de l&rsquo;IEC.<br \/>\n<\/span><\/em><span style=\"color: #808080;\">-Narc\u00eds Comadira,<\/span><em><span style=\"color: #808080;\"> setembre 2022, El plaer de crear.<br \/>\n<\/span><\/em><span style=\"color: #808080;\">-Juli\u00e0 de Joder,<\/span><em><span style=\"color: #808080;\"> gener 2023, Un escritor de pedra picada.<br \/>\n&#8211;<\/span><\/em><span style=\"color: #808080;\">Maria Rovira<\/span><em><span style=\"color: #808080;\">, <\/span><span style=\"color: #808080;\">2023,\u00a0Inventar balls.<\/span><br \/>\n<\/em><\/p>\n<style type=\"text\/css\"><!--\nP { margin-bottom: 0.21cm; }\n--><\/style>\n<p><b><\/b><br \/>\n<b> <\/b><\/p>\n<p><em>\u00a0<\/em><\/p>\n<\/div>\n<div style=\"float: right; width: 160px;\"><img decoding=\"async\" class=\"alignnone size-medium wp-image-329\" style=\"margin-top: 30px;\" src=\"http:\/\/www.lecturavertical.com\/wp-content\/uploads\/2013\/10\/IMGP0002-225x300.jpg\" alt=\"IMGP0002\" width=\"140px\" srcset=\"https:\/\/www.lecturavertical.com\/wp-content\/uploads\/2013\/10\/IMGP0002-225x300.jpg 225w, https:\/\/www.lecturavertical.com\/wp-content\/uploads\/2013\/10\/IMGP0002-768x1024.jpg 768w\" sizes=\"(max-width: 225px) 100vw, 225px\" \/><img decoding=\"async\" class=\"alignnone size-medium wp-image-330\" style=\"margin-top: 20px;\" src=\"http:\/\/www.lecturavertical.com\/wp-content\/uploads\/2013\/10\/IMGP0004-225x300.jpg\" alt=\"IMGP0004\" width=\"140px\" srcset=\"https:\/\/www.lecturavertical.com\/wp-content\/uploads\/2013\/10\/IMGP0004-225x300.jpg 225w, https:\/\/www.lecturavertical.com\/wp-content\/uploads\/2013\/10\/IMGP0004-768x1024.jpg 768w\" sizes=\"(max-width: 225px) 100vw, 225px\" \/><\/div>\n<p><a style=\"float: right; margin-right: 135px; margin-top: 25px; clear: both;\" href=\"#inici\">Revenir<\/a><\/p>\n","protected":false},"excerpt":{"rendered":"<p>\u00a0 Interviews r\u00e9alis\u00e9es \u00e0 des personnalit\u00e9s de la culture catalane \u00a0 pour la revue SERRA d\u00b4OR &#8211; Ramon Calsina, f\u00e9vrier 1984, El goig de crear amb honradesa. &#8211; Oriol Martorell, avril 1984, La reivindicaci\u00f3 del silenci. &#8211; Mart\u00ed de Riquer, juin 1984, Un senyor de muntanya a l\u00b4Acad\u00e8mia. &#8211; Ramon Margalef, novembre 1984, Les raons [&hellip;]<\/p>\n","protected":false},"author":2,"featured_media":0,"parent":1941,"menu_order":0,"comment_status":"closed","ping_status":"closed","template":"","meta":[],"_links":{"self":[{"href":"https:\/\/www.lecturavertical.com\/fr\/wp-json\/wp\/v2\/pages\/1953"}],"collection":[{"href":"https:\/\/www.lecturavertical.com\/fr\/wp-json\/wp\/v2\/pages"}],"about":[{"href":"https:\/\/www.lecturavertical.com\/fr\/wp-json\/wp\/v2\/types\/page"}],"author":[{"embeddable":true,"href":"https:\/\/www.lecturavertical.com\/fr\/wp-json\/wp\/v2\/users\/2"}],"replies":[{"embeddable":true,"href":"https:\/\/www.lecturavertical.com\/fr\/wp-json\/wp\/v2\/comments?post=1953"}],"version-history":[{"count":31,"href":"https:\/\/www.lecturavertical.com\/fr\/wp-json\/wp\/v2\/pages\/1953\/revisions"}],"predecessor-version":[{"id":6347,"href":"https:\/\/www.lecturavertical.com\/fr\/wp-json\/wp\/v2\/pages\/1953\/revisions\/6347"}],"up":[{"embeddable":true,"href":"https:\/\/www.lecturavertical.com\/fr\/wp-json\/wp\/v2\/pages\/1941"}],"wp:attachment":[{"href":"https:\/\/www.lecturavertical.com\/fr\/wp-json\/wp\/v2\/media?parent=1953"}],"curies":[{"name":"wp","href":"https:\/\/api.w.org\/{rel}","templated":true}]}}